{"id":8,"date":"2024-11-17T02:04:25","date_gmt":"2024-11-17T01:04:25","guid":{"rendered":"https:\/\/wordpress.mu-niederbayern.de\/?page_id=8"},"modified":"2025-02-18T15:29:38","modified_gmt":"2025-02-18T14:29:38","slug":"startseite","status":"publish","type":"page","link":"https:\/\/mu-niederbayern.de\/","title":{"rendered":"Startseite"},"content":{"rendered":"\t\t<div data-elementor-type=\"wp-page\" data-elementor-id=\"8\" class=\"elementor elementor-8\" data-elementor-post-type=\"page\">\n\t\t\t\t<div class=\"elementor-element elementor-element-432e17e e-flex e-con-boxed e-con e-parent\" data-id=\"432e17e\" data-element_type=\"container\">\n\t\t\t\t\t<div class=\"e-con-inner\">\n\t\t\t\t<div class=\"elementor-element elementor-element-ef85449 elementor-widget elementor-widget-spacer\" data-id=\"ef85449\" data-element_type=\"widget\" data-widget_type=\"spacer.default\">\n\t\t\t\t<div class=\"elementor-widget-container\">\n\t\t\t\t\t\t\t<div class=\"elementor-spacer\">\n\t\t\t<div class=\"elementor-spacer-inner\"><\/div>\n\t\t<\/div>\n\t\t\t\t\t\t<\/div>\n\t\t\t\t<\/div>\n\t\t\t\t\t<\/div>\n\t\t\t\t<\/div>\n\t\t<div class=\"elementor-element elementor-element-423acdc e-flex e-con-boxed e-con e-parent\" data-id=\"423acdc\" data-element_type=\"container\" data-settings=\"{&quot;background_background&quot;:&quot;classic&quot;}\">\n\t\t\t\t\t<div class=\"e-con-inner\">\n\t\t\t\t<div class=\"elementor-element elementor-element-72d81c1 elementor-widget elementor-widget-heading\" data-id=\"72d81c1\" data-element_type=\"widget\" data-widget_type=\"heading.default\">\n\t\t\t\t<div class=\"elementor-widget-container\">\n\t\t\t\t\t<h2 class=\"elementor-heading-title elementor-size-default\">Leistung wird sich wieder lohnen!<\/h2>\t\t\t\t<\/div>\n\t\t\t\t<\/div>\n\t\t\t\t\t<\/div>\n\t\t\t\t<\/div>\n\t\t<div class=\"elementor-element elementor-element-096c09f e-flex e-con-boxed e-con e-parent\" data-id=\"096c09f\" data-element_type=\"container\" data-settings=\"{&quot;background_background&quot;:&quot;classic&quot;}\">\n\t\t\t\t\t<div class=\"e-con-inner\">\n\t\t<div class=\"elementor-element elementor-element-054309c e-con-full e-flex e-con e-child\" data-id=\"054309c\" data-element_type=\"container\">\n\t\t\t\t<div class=\"elementor-element elementor-element-abe350d elementor-widget elementor-widget-image\" data-id=\"abe350d\" data-element_type=\"widget\" data-widget_type=\"image.default\">\n\t\t\t\t<div class=\"elementor-widget-container\">\n\t\t\t\t\t\t\t\t\t\t\t\t\t\t\t<img fetchpriority=\"high\" decoding=\"async\" width=\"300\" height=\"300\" src=\"https:\/\/mu-niederbayern.de\/wp-content\/uploads\/2024\/12\/Erl_Peter_4327-300x300.jpg\" class=\"attachment-medium size-medium wp-image-268\" alt=\"\" srcset=\"https:\/\/mu-niederbayern.de\/wp-content\/uploads\/2024\/12\/Erl_Peter_4327-300x300.jpg 300w, https:\/\/mu-niederbayern.de\/wp-content\/uploads\/2024\/12\/Erl_Peter_4327-1024x1024.jpg 1024w, https:\/\/mu-niederbayern.de\/wp-content\/uploads\/2024\/12\/Erl_Peter_4327-150x150.jpg 150w, https:\/\/mu-niederbayern.de\/wp-content\/uploads\/2024\/12\/Erl_Peter_4327-768x768.jpg 768w, https:\/\/mu-niederbayern.de\/wp-content\/uploads\/2024\/12\/Erl_Peter_4327.jpg 1080w\" sizes=\"(max-width: 300px) 100vw, 300px\" \/>\t\t\t\t\t\t\t\t\t\t\t\t\t\t\t<\/div>\n\t\t\t\t<\/div>\n\t\t\t\t<div class=\"elementor-element elementor-element-d0561da elementor-widget elementor-widget-heading\" data-id=\"d0561da\" data-element_type=\"widget\" data-widget_type=\"heading.default\">\n\t\t\t\t<div class=\"elementor-widget-container\">\n\t\t\t\t\t<h4 class=\"elementor-heading-title elementor-size-default\">Ihr Bezirksvorsitzender <\/h4>\t\t\t\t<\/div>\n\t\t\t\t<\/div>\n\t\t\t\t<div class=\"elementor-element elementor-element-52eee95 elementor-widget elementor-widget-heading\" data-id=\"52eee95\" data-element_type=\"widget\" data-widget_type=\"heading.default\">\n\t\t\t\t<div class=\"elementor-widget-container\">\n\t\t\t\t\t<h2 class=\"elementor-heading-title elementor-size-default\">Dipl.-Ing. (FH) Peter Erl<\/h2>\t\t\t\t<\/div>\n\t\t\t\t<\/div>\n\t\t\t\t<\/div>\n\t\t<div class=\"elementor-element elementor-element-adbf6f4 e-con-full e-flex e-con e-child\" data-id=\"adbf6f4\" data-element_type=\"container\">\n\t\t\t\t<div class=\"elementor-element elementor-element-40c91ec elementor-widget elementor-widget-heading\" data-id=\"40c91ec\" data-element_type=\"widget\" data-widget_type=\"heading.default\">\n\t\t\t\t<div class=\"elementor-widget-container\">\n\t\t\t\t\t<h2 class=\"elementor-heading-title elementor-size-default\">Gr\u00fc\u00df Gott<\/h2>\t\t\t\t<\/div>\n\t\t\t\t<\/div>\n\t\t\t\t<div class=\"elementor-element elementor-element-711658f elementor-widget elementor-widget-heading\" data-id=\"711658f\" data-element_type=\"widget\" data-widget_type=\"heading.default\">\n\t\t\t\t<div class=\"elementor-widget-container\">\n\t\t\t\t\t<h4 class=\"elementor-heading-title elementor-size-default\">bei der Mittelstands-Union Niederbayern,<\/h4>\t\t\t\t<\/div>\n\t\t\t\t<\/div>\n\t\t\t\t<div class=\"elementor-element elementor-element-5128db0 elementor-widget elementor-widget-text-editor\" data-id=\"5128db0\" data-element_type=\"widget\" data-widget_type=\"text-editor.default\">\n\t\t\t\t<div class=\"elementor-widget-container\">\n\t\t\t\t\t\t\t\t\t<p>Die Mittelstands-Union Bayern ist mit rund 4.000 Unternehmern, Mittelst\u00e4ndlern, Freiberuflern und leitenden Pers\u00f6nlichkeiten in Wirtschaft und Verwaltung der gr\u00f6\u00dfte parteipolitische Wirtschaftsverband.\u00a0<br \/>Die Mittelstands-Union setzt sich f\u00fcr die Prinzipien der sozialen Marktwirtschaft ein. Dar\u00fcber hinaus sind wir durch unsere Abgeordneten und Regierungsmitglieder auf allen politischen Ebenen vertreten beginnend bei der Kommune, ganz Bayern, Deutschland sowie Europa.\u00a0<br \/>Wir wollen, dass der Wirtschaftsstandort Deutschland wieder zukunftsf\u00e4hig und innovativ wird.\u00a0<br \/>Um bei uns mitzumachen m\u00fcssen Sie kein Parteimitglied sein, wobei ein Gro\u00dfteil der Mitglieder auch CSU Mitglied ist.\u00a0<\/p>\t\t\t\t\t\t\t\t<\/div>\n\t\t\t\t<\/div>\n\t\t\t\t<\/div>\n\t\t\t\t\t<\/div>\n\t\t\t\t<\/div>\n\t\t<div class=\"elementor-element elementor-element-31bc780 e-flex e-con-boxed e-con e-parent\" data-id=\"31bc780\" data-element_type=\"container\">\n\t\t\t\t\t<div class=\"e-con-inner\">\n\t\t<div class=\"elementor-element elementor-element-06d4be1 e-con-full e-flex e-con e-child\" data-id=\"06d4be1\" data-element_type=\"container\">\n\t\t<div class=\"elementor-element elementor-element-8aa7d03 e-con-full e-flex e-con e-child\" data-id=\"8aa7d03\" data-element_type=\"container\">\n\t\t<div class=\"elementor-element elementor-element-1e94472 e-con-full e-flex e-con e-child\" data-id=\"1e94472\" data-element_type=\"container\">\n\t\t\t\t<div class=\"elementor-element elementor-element-ca94fe3 elementor-widget elementor-widget-spacer\" data-id=\"ca94fe3\" data-element_type=\"widget\" data-widget_type=\"spacer.default\">\n\t\t\t\t<div class=\"elementor-widget-container\">\n\t\t\t\t\t\t\t<div class=\"elementor-spacer\">\n\t\t\t<div class=\"elementor-spacer-inner\"><\/div>\n\t\t<\/div>\n\t\t\t\t\t\t<\/div>\n\t\t\t\t<\/div>\n\t\t\t\t<div class=\"elementor-element elementor-element-197864d elementor-widget elementor-widget-heading\" data-id=\"197864d\" data-element_type=\"widget\" data-widget_type=\"heading.default\">\n\t\t\t\t<div class=\"elementor-widget-container\">\n\t\t\t\t\t<h2 class=\"elementor-heading-title elementor-size-default\">Mitglied werden<\/h2>\t\t\t\t<\/div>\n\t\t\t\t<\/div>\n\t\t\t\t<div class=\"elementor-element elementor-element-6afdaf4 elementor-view-default elementor-widget elementor-widget-icon\" data-id=\"6afdaf4\" data-element_type=\"widget\" data-widget_type=\"icon.default\">\n\t\t\t\t<div class=\"elementor-widget-container\">\n\t\t\t\t\t\t\t<div class=\"elementor-icon-wrapper\">\n\t\t\t<div class=\"elementor-icon\">\n\t\t\t<svg aria-hidden=\"true\" class=\"e-font-icon-svg e-fas-arrow-down\" viewBox=\"0 0 448 512\" xmlns=\"http:\/\/www.w3.org\/2000\/svg\"><path d=\"M413.1 222.5l22.2 22.2c9.4 9.4 9.4 24.6 0 33.9L241 473c-9.4 9.4-24.6 9.4-33.9 0L12.7 278.6c-9.4-9.4-9.4-24.6 0-33.9l22.2-22.2c9.5-9.5 25-9.3 34.3.4L184 343.4V56c0-13.3 10.7-24 24-24h32c13.3 0 24 10.7 24 24v287.4l114.8-120.5c9.3-9.8 24.8-10 34.3-.4z\"><\/path><\/svg>\t\t\t<\/div>\n\t\t<\/div>\n\t\t\t\t\t\t<\/div>\n\t\t\t\t<\/div>\n\t\t\t\t<div class=\"elementor-element elementor-element-7a744be elementor-align-center elementor-widget elementor-widget-button\" data-id=\"7a744be\" data-element_type=\"widget\" data-widget_type=\"button.default\">\n\t\t\t\t<div class=\"elementor-widget-container\">\n\t\t\t\t\t\t\t\t\t<div class=\"elementor-button-wrapper\">\n\t\t\t\t\t<a class=\"elementor-button elementor-button-link elementor-size-sm\" href=\"https:\/\/www.mu-bayern.de\/mitglied-werden\/\">\n\t\t\t\t\t\t<span class=\"elementor-button-content-wrapper\">\n\t\t\t\t\t\t\t\t\t<span class=\"elementor-button-text\">Jetzt Mitglied werden.<\/span>\n\t\t\t\t\t<\/span>\n\t\t\t\t\t<\/a>\n\t\t\t\t<\/div>\n\t\t\t\t\t\t\t\t<\/div>\n\t\t\t\t<\/div>\n\t\t\t\t<div class=\"elementor-element elementor-element-70b9944 elementor-widget elementor-widget-spacer\" data-id=\"70b9944\" data-element_type=\"widget\" data-widget_type=\"spacer.default\">\n\t\t\t\t<div class=\"elementor-widget-container\">\n\t\t\t\t\t\t\t<div class=\"elementor-spacer\">\n\t\t\t<div class=\"elementor-spacer-inner\"><\/div>\n\t\t<\/div>\n\t\t\t\t\t\t<\/div>\n\t\t\t\t<\/div>\n\t\t\t\t<\/div>\n\t\t\t\t<\/div>\n\t\t\t\t<\/div>\n\t\t<div class=\"elementor-element elementor-element-e1a41ba e-con-full e-flex e-con e-child\" data-id=\"e1a41ba\" data-element_type=\"container\">\n\t\t\t\t<div class=\"elementor-element elementor-element-640df92 elementor-widget elementor-widget-heading\" data-id=\"640df92\" data-element_type=\"widget\" data-widget_type=\"heading.default\">\n\t\t\t\t<div class=\"elementor-widget-container\">\n\t\t\t\t\t<h2 class=\"elementor-heading-title elementor-size-default\">Sie m\u00fcssen kein Unternehmer sein!<\/h2>\t\t\t\t<\/div>\n\t\t\t\t<\/div>\n\t\t\t\t<div class=\"elementor-element elementor-element-f29970b elementor-widget elementor-widget-text-editor\" data-id=\"f29970b\" data-element_type=\"widget\" data-widget_type=\"text-editor.default\">\n\t\t\t\t<div class=\"elementor-widget-container\">\n\t\t\t\t\t\t\t\t\t<p>Bei uns engagieren sich genauso Angestellte, Freiberufler, Selbstst\u00e4ndige, Studenten, Azubis, Rentner und Beamte. Was z\u00e4hlt, ist der gemeinsame Einsatz f\u00fcr die Soziale Marktwirtschaft.<\/p>\t\t\t\t\t\t\t\t<\/div>\n\t\t\t\t<\/div>\n\t\t\t\t<div class=\"elementor-element elementor-element-d37fbff elementor-widget elementor-widget-heading\" data-id=\"d37fbff\" data-element_type=\"widget\" data-widget_type=\"heading.default\">\n\t\t\t\t<div class=\"elementor-widget-container\">\n\t\t\t\t\t<h5 class=\"elementor-heading-title elementor-size-default\">Bringen Sie Ihre eigene Lebenserfahrung und Kompetenzen in politische Debatten ein!<\/h5>\t\t\t\t<\/div>\n\t\t\t\t<\/div>\n\t\t\t\t<div class=\"elementor-element elementor-element-e236f99 elementor-widget elementor-widget-text-editor\" data-id=\"e236f99\" data-element_type=\"widget\" data-widget_type=\"text-editor.default\">\n\t\t\t\t<div class=\"elementor-widget-container\">\n\t\t\t\t\t\t\t\t\t<p>Gestalten Sie gemeinsam mit uns die Rahmenbedingungen f\u00fcr Unternehmen und B\u00fcrger im Sinne der Sozialen Marktwirtschaft! Bringen Sie Ihre Anliegen von der lokalen Ebene \u00fcber Kreis und Land bis hinauf in den Bundestag und das Europ\u00e4ische Parlament. Nutzen Sie die St\u00e4rke unserer Vereinigung, unsere vielf\u00e4ltigen Veranstaltungen und das umfangreiche unternehmerische Netzwerk der MU.<\/p>\t\t\t\t\t\t\t\t<\/div>\n\t\t\t\t<\/div>\n\t\t\t\t<\/div>\n\t\t\t\t\t<\/div>\n\t\t\t\t<\/div>\n\t\t<div class=\"elementor-element elementor-element-fb806d2 e-flex e-con-boxed e-con e-parent\" data-id=\"fb806d2\" data-element_type=\"container\">\n\t\t\t\t\t<div class=\"e-con-inner\">\n\t\t\t\t<div class=\"elementor-element elementor-element-b6a6d8b elementor-widget elementor-widget-spacer\" data-id=\"b6a6d8b\" data-element_type=\"widget\" data-widget_type=\"spacer.default\">\n\t\t\t\t<div class=\"elementor-widget-container\">\n\t\t\t\t\t\t\t<div class=\"elementor-spacer\">\n\t\t\t<div class=\"elementor-spacer-inner\"><\/div>\n\t\t<\/div>\n\t\t\t\t\t\t<\/div>\n\t\t\t\t<\/div>\n\t\t\t\t\t<\/div>\n\t\t\t\t<\/div>\n\t\t<div class=\"elementor-element elementor-element-0c7418c e-flex e-con-boxed e-con e-parent\" data-id=\"0c7418c\" data-element_type=\"container\" data-settings=\"{&quot;background_background&quot;:&quot;classic&quot;}\">\n\t\t\t\t\t<div class=\"e-con-inner\">\n\t\t\t\t<div class=\"elementor-element elementor-element-a603a4b elementor-widget elementor-widget-spacer\" data-id=\"a603a4b\" data-element_type=\"widget\" data-widget_type=\"spacer.default\">\n\t\t\t\t<div class=\"elementor-widget-container\">\n\t\t\t\t\t\t\t<div class=\"elementor-spacer\">\n\t\t\t<div class=\"elementor-spacer-inner\"><\/div>\n\t\t<\/div>\n\t\t\t\t\t\t<\/div>\n\t\t\t\t<\/div>\n\t\t\t\t<div class=\"elementor-element elementor-element-f9ca93a elementor-widget elementor-widget-heading\" data-id=\"f9ca93a\" data-element_type=\"widget\" data-widget_type=\"heading.default\">\n\t\t\t\t<div class=\"elementor-widget-container\">\n\t\t\t\t\t<h2 class=\"elementor-heading-title elementor-size-default\">Informationen zu unseren aktuellen Veranstaltungen<\/h2>\t\t\t\t<\/div>\n\t\t\t\t<\/div>\n\t\t\t\t<div class=\"elementor-element elementor-element-c5178c8 elementor-grid-2 elementor-grid-tablet-2 elementor-grid-mobile-1 elementor-posts--thumbnail-top elementor-card-shadow-yes elementor-posts__hover-gradient elementor-widget elementor-widget-posts\" data-id=\"c5178c8\" data-element_type=\"widget\" data-settings=\"{&quot;cards_columns&quot;:&quot;2&quot;,&quot;cards_columns_tablet&quot;:&quot;2&quot;,&quot;cards_columns_mobile&quot;:&quot;1&quot;,&quot;cards_row_gap&quot;:{&quot;unit&quot;:&quot;px&quot;,&quot;size&quot;:35,&quot;sizes&quot;:[]},&quot;cards_row_gap_tablet&quot;:{&quot;unit&quot;:&quot;px&quot;,&quot;size&quot;:&quot;&quot;,&quot;sizes&quot;:[]},&quot;cards_row_gap_mobile&quot;:{&quot;unit&quot;:&quot;px&quot;,&quot;size&quot;:&quot;&quot;,&quot;sizes&quot;:[]}}\" data-widget_type=\"posts.cards\">\n\t\t\t\t<div class=\"elementor-widget-container\">\n\t\t\t\t\t\t\t<div class=\"elementor-posts-container elementor-posts elementor-posts--skin-cards elementor-grid\">\n\t\t\t\t<article class=\"elementor-post elementor-grid-item post-98 post type-post status-publish format-standard has-post-thumbnail hentry category-kv_dingolfing_landau tag-unternehmerfruehstueck\">\n\t\t\t<div class=\"elementor-post__card\">\n\t\t\t\t<a class=\"elementor-post__thumbnail__link\" href=\"https:\/\/mu-niederbayern.de\/?p=98\" tabindex=\"-1\" ><div class=\"elementor-post__thumbnail\"><img decoding=\"async\" width=\"1938\" height=\"1292\" src=\"https:\/\/mu-niederbayern.de\/wp-content\/uploads\/2024\/11\/Vorschaubild_Unternehmerfruehstueck.jpg\" class=\"attachment-full size-full wp-image-228\" alt=\"\" srcset=\"https:\/\/mu-niederbayern.de\/wp-content\/uploads\/2024\/11\/Vorschaubild_Unternehmerfruehstueck.jpg 1938w, https:\/\/mu-niederbayern.de\/wp-content\/uploads\/2024\/11\/Vorschaubild_Unternehmerfruehstueck-300x200.jpg 300w, https:\/\/mu-niederbayern.de\/wp-content\/uploads\/2024\/11\/Vorschaubild_Unternehmerfruehstueck-1024x683.jpg 1024w, https:\/\/mu-niederbayern.de\/wp-content\/uploads\/2024\/11\/Vorschaubild_Unternehmerfruehstueck-768x512.jpg 768w, https:\/\/mu-niederbayern.de\/wp-content\/uploads\/2024\/11\/Vorschaubild_Unternehmerfruehstueck-1536x1024.jpg 1536w\" sizes=\"(max-width: 1938px) 100vw, 1938px\" \/><\/div><\/a>\n\t\t\t\t<div class=\"elementor-post__badge\">KV Dingolfing-Landau<\/div>\n\t\t\t\t<div class=\"elementor-post__text\">\n\t\t\t\t<h3 class=\"elementor-post__title\">\n\t\t\t<a href=\"https:\/\/mu-niederbayern.de\/?p=98\" >\n\t\t\t\tUnternehmerfr\u00fchst\u00fcck &#8222;Starke Unternehmerinnen&#8220;\t\t\t<\/a>\n\t\t<\/h3>\n\t\t\t\t<div class=\"elementor-post__excerpt\">\n\t\t\t\t\t<\/div>\n\t\t\n\t\t<a class=\"elementor-post__read-more\" href=\"https:\/\/mu-niederbayern.de\/?p=98\" aria-label=\"Read more about Unternehmerfr\u00fchst\u00fcck &#8222;Starke Unternehmerinnen&#8220;\" tabindex=\"-1\" >\n\t\t\tWeiterlesen \u00bb\t\t<\/a>\n\n\t\t\t\t<\/div>\n\t\t\t\t<div class=\"elementor-post__meta-data\">\n\t\t\t\t\t<span class=\"elementor-post-author\">\n\t\t\tMaria_Maier\t\t<\/span>\n\t\t\t\t<span class=\"elementor-post-date\">\n\t\t\t16. November 2024\t\t<\/span>\n\t\t\t\t<\/div>\n\t\t\t\t\t<\/div>\n\t\t<\/article>\n\t\t\t\t<\/div>\n\t\t\n\t\t\t\t\t\t<\/div>\n\t\t\t\t<\/div>\n\t\t\t\t<div class=\"elementor-element elementor-element-cdaeefc elementor-align-center elementor-widget elementor-widget-button\" data-id=\"cdaeefc\" data-element_type=\"widget\" data-widget_type=\"button.default\">\n\t\t\t\t<div class=\"elementor-widget-container\">\n\t\t\t\t\t\t\t\t\t<div class=\"elementor-button-wrapper\">\n\t\t\t\t\t<a class=\"elementor-button elementor-button-link elementor-size-sm\" href=\"https:\/\/wordpress.mu-niederbayern.de\/?page_id=35\">\n\t\t\t\t\t\t<span class=\"elementor-button-content-wrapper\">\n\t\t\t\t\t\t\t\t\t<span class=\"elementor-button-text\">Alle Beitr\u00e4ge<\/span>\n\t\t\t\t\t<\/span>\n\t\t\t\t\t<\/a>\n\t\t\t\t<\/div>\n\t\t\t\t\t\t\t\t<\/div>\n\t\t\t\t<\/div>\n\t\t\t\t<div class=\"elementor-element elementor-element-ba0eef2 elementor-widget elementor-widget-spacer\" data-id=\"ba0eef2\" data-element_type=\"widget\" data-widget_type=\"spacer.default\">\n\t\t\t\t<div class=\"elementor-widget-container\">\n\t\t\t\t\t\t\t<div class=\"elementor-spacer\">\n\t\t\t<div class=\"elementor-spacer-inner\"><\/div>\n\t\t<\/div>\n\t\t\t\t\t\t<\/div>\n\t\t\t\t<\/div>\n\t\t\t\t\t<\/div>\n\t\t\t\t<\/div>\n\t\t<div class=\"elementor-element elementor-element-10d56ad e-flex e-con-boxed e-con e-parent\" data-id=\"10d56ad\" data-element_type=\"container\">\n\t\t\t\t\t<div class=\"e-con-inner\">\n\t\t\t\t<div class=\"elementor-element elementor-element-16cd855 elementor-widget elementor-widget-spacer\" data-id=\"16cd855\" data-element_type=\"widget\" data-widget_type=\"spacer.default\">\n\t\t\t\t<div class=\"elementor-widget-container\">\n\t\t\t\t\t\t\t<div class=\"elementor-spacer\">\n\t\t\t<div class=\"elementor-spacer-inner\"><\/div>\n\t\t<\/div>\n\t\t\t\t\t\t<\/div>\n\t\t\t\t<\/div>\n\t\t\t\t\t<\/div>\n\t\t\t\t<\/div>\n\t\t<div class=\"elementor-element elementor-element-9456679 e-flex e-con-boxed e-con e-parent\" data-id=\"9456679\" data-element_type=\"container\">\n\t\t\t\t\t<div class=\"e-con-inner\">\n\t\t\t\t<div class=\"elementor-element elementor-element-d412a48 elementor-widget elementor-widget-heading\" data-id=\"d412a48\" data-element_type=\"widget\" data-widget_type=\"heading.default\">\n\t\t\t\t<div class=\"elementor-widget-container\">\n\t\t\t\t\t<h2 class=\"elementor-heading-title elementor-size-default\">Die MU Niederbayern bei Instagram<\/h2>\t\t\t\t<\/div>\n\t\t\t\t<\/div>\n\t\t\t\t<div class=\"elementor-element elementor-element-779268a elementor-widget elementor-widget-sbi-widget\" data-id=\"779268a\" data-element_type=\"widget\" data-widget_type=\"sbi-widget.default\">\n\t\t\t\t<div class=\"elementor-widget-container\">\n\t\t\t\t\t\n<div id=\"sb_instagram\"  class=\"sbi sbi_mob_col_1 sbi_tab_col_4 sbi_col_4 sbi_width_resp\" style=\"padding-bottom: 10px;\" data-feedid=\"*1\"  data-res=\"auto\" data-cols=\"4\" data-colsmobile=\"1\" data-colstablet=\"4\" data-num=\"8\" data-nummobile=\"3\" data-item-padding=\"5\" data-shortcode-atts=\"{&quot;feed&quot;:&quot;1&quot;}\"  data-postid=\"98\" data-locatornonce=\"25021c6205\" data-sbi-flags=\"favorLocal\">\n\t<div class=\"sb_instagram_header  sbi_medium\"   >\n\t<a class=\"sbi_header_link\" target=\"_blank\" rel=\"nofollow noopener\" href=\"https:\/\/www.instagram.com\/mu_niederbayern\/\" title=\"@mu_niederbayern\">\n\t\t<div class=\"sbi_header_text\">\n\t\t\t<div class=\"sbi_header_img\"  data-avatar-url=\"https:\/\/scontent-fra3-2.cdninstagram.com\/v\/t51.2885-19\/458286037_850397233856080_7068308769862016812_n.jpg?stp=dst-jpg_s206x206_tt6&amp;_nc_cat=104&amp;ccb=7-5&amp;_nc_sid=bf7eb4&amp;efg=eyJ2ZW5jb2RlX3RhZyI6InByb2ZpbGVfcGljLnd3dy4xMDgwLkMzIn0%3D&amp;_nc_ohc=NhPmXV-ox7kQ7kNvwGAdhkN&amp;_nc_oc=AdpNEOiRh5aKUCVPe5vaOqghiTJjbwax8PH6YY63zHDISeeNmMkl_LfA_w3A31-L-9Y&amp;_nc_zt=24&amp;_nc_ht=scontent-fra3-2.cdninstagram.com&amp;edm=AP4hL3IEAAAA&amp;_nc_tpa=Q5bMBQHeWWx_V3VlipzdjWpOF94UWmPUOjqoYdbMZdZjbw4ZS3Juj0ubxi5sFOsO1-1DF8x6fplQPYZxaA&amp;oh=00_Af7vE2mLkyr2rRYVhBFhhcP9VjKInMIyLF0_nrqSJrUYaw&amp;oe=69FCB198\">\n\t\t\t\t\t\t\t\t\t<div class=\"sbi_header_img_hover\"  ><svg class=\"sbi_new_logo fa-instagram fa-w-14\" aria-hidden=\"true\" data-fa-processed=\"\" aria-label=\"Instagram\" data-prefix=\"fab\" data-icon=\"instagram\" role=\"img\" viewBox=\"0 0 448 512\">\n\t                <path fill=\"currentColor\" d=\"M224.1 141c-63.6 0-114.9 51.3-114.9 114.9s51.3 114.9 114.9 114.9S339 319.5 339 255.9 287.7 141 224.1 141zm0 189.6c-41.1 0-74.7-33.5-74.7-74.7s33.5-74.7 74.7-74.7 74.7 33.5 74.7 74.7-33.6 74.7-74.7 74.7zm146.4-194.3c0 14.9-12 26.8-26.8 26.8-14.9 0-26.8-12-26.8-26.8s12-26.8 26.8-26.8 26.8 12 26.8 26.8zm76.1 27.2c-1.7-35.9-9.9-67.7-36.2-93.9-26.2-26.2-58-34.4-93.9-36.2-37-2.1-147.9-2.1-184.9 0-35.8 1.7-67.6 9.9-93.9 36.1s-34.4 58-36.2 93.9c-2.1 37-2.1 147.9 0 184.9 1.7 35.9 9.9 67.7 36.2 93.9s58 34.4 93.9 36.2c37 2.1 147.9 2.1 184.9 0 35.9-1.7 67.7-9.9 93.9-36.2 26.2-26.2 34.4-58 36.2-93.9 2.1-37 2.1-147.8 0-184.8zM398.8 388c-7.8 19.6-22.9 34.7-42.6 42.6-29.5 11.7-99.5 9-132.1 9s-102.7 2.6-132.1-9c-19.6-7.8-34.7-22.9-42.6-42.6-11.7-29.5-9-99.5-9-132.1s-2.6-102.7 9-132.1c7.8-19.6 22.9-34.7 42.6-42.6 29.5-11.7 99.5-9 132.1-9s102.7-2.6 132.1 9c19.6 7.8 34.7 22.9 42.6 42.6 11.7 29.5 9 99.5 9 132.1s2.7 102.7-9 132.1z\"><\/path>\n\t            <\/svg><\/div>\n\t\t\t\t\t<img decoding=\"async\"  src=\"https:\/\/mu-niederbayern.de\/wp-content\/uploads\/sb-instagram-feed-images\/mu_niederbayern.webp\" alt=\"Mittelstands-Union Bezirksverband Niederbayern\" width=\"50\" height=\"50\">\n\t\t\t\t\t\t\t\t\t\t\t<\/div>\n\n\t\t\t<div class=\"sbi_feedtheme_header_text\">\n\t\t\t\t<h3>mu_niederbayern<\/h3>\n\t\t\t\t\t\t\t\t\t<p class=\"sbi_bio\">Vorsitzender @peter.erl <br>\n@mu_deggendorf | @mu_frg | @mittelstandsunion_dgf_lan | @mu.rottal.inn | @mittelstands_union<\/p>\n\t\t\t\t\t\t\t<\/div>\n\t\t<\/div>\n\t<\/a>\n<\/div>\n\n    <div id=\"sbi_images\"  style=\"gap: 10px;\">\n\t\t<div class=\"sbi_item sbi_type_video sbi_new sbi_transition\" id=\"sbi_18104259544767610\" data-date=\"1777541633\">\n    <div class=\"sbi_photo_wrap\">\n        <a class=\"sbi_photo\" href=\"https:\/\/www.instagram.com\/reel\/DXwDZINI8YC\/\" target=\"_blank\" rel=\"noopener nofollow\" data-full-res=\"https:\/\/scontent-fra3-1.cdninstagram.com\/v\/t51.82787-15\/683642591_17925596568297391_8706627123554588644_n.jpg?stp=dst-jpg_e35_tt6&#038;_nc_cat=103&#038;ccb=7-5&#038;_nc_sid=18de74&#038;efg=eyJlZmdfdGFnIjoiQ0xJUFMuYmVzdF9pbWFnZV91cmxnZW4uQzMifQ%3D%3D&#038;_nc_ohc=5yAmM7E4g7cQ7kNvwFlTBX2&#038;_nc_oc=AdqmtGDvzeKhtxndg4FHiS5l-KwCCEmZgZcYFc0bDJl-WYwoPgtCMOCP5SEOc6UNK_g&#038;_nc_zt=23&#038;_nc_ht=scontent-fra3-1.cdninstagram.com&#038;edm=ANo9K5cEAAAA&#038;_nc_gid=8Zu05cIDHTcVxSWpRlFs_A&#038;_nc_tpa=Q5bMBQEXJEgkP1WCLsI_hbe9p2orJNa5pRGFoBLGf1qAKym1dip_ewpqOGb8qskasWBonmybRQVS1rBtmw&#038;oh=00_Af6nK8Vh7c-cZNR-e5S46gBFksLAbxS3NzMpnoPrOCH4Qw&#038;oe=69FC9F5A\" data-img-src-set=\"{&quot;d&quot;:&quot;https:\\\/\\\/scontent-fra3-1.cdninstagram.com\\\/v\\\/t51.82787-15\\\/683642591_17925596568297391_8706627123554588644_n.jpg?stp=dst-jpg_e35_tt6&amp;_nc_cat=103&amp;ccb=7-5&amp;_nc_sid=18de74&amp;efg=eyJlZmdfdGFnIjoiQ0xJUFMuYmVzdF9pbWFnZV91cmxnZW4uQzMifQ%3D%3D&amp;_nc_ohc=5yAmM7E4g7cQ7kNvwFlTBX2&amp;_nc_oc=AdqmtGDvzeKhtxndg4FHiS5l-KwCCEmZgZcYFc0bDJl-WYwoPgtCMOCP5SEOc6UNK_g&amp;_nc_zt=23&amp;_nc_ht=scontent-fra3-1.cdninstagram.com&amp;edm=ANo9K5cEAAAA&amp;_nc_gid=8Zu05cIDHTcVxSWpRlFs_A&amp;_nc_tpa=Q5bMBQEXJEgkP1WCLsI_hbe9p2orJNa5pRGFoBLGf1qAKym1dip_ewpqOGb8qskasWBonmybRQVS1rBtmw&amp;oh=00_Af6nK8Vh7c-cZNR-e5S46gBFksLAbxS3NzMpnoPrOCH4Qw&amp;oe=69FC9F5A&quot;,&quot;150&quot;:&quot;https:\\\/\\\/scontent-fra3-1.cdninstagram.com\\\/v\\\/t51.82787-15\\\/683642591_17925596568297391_8706627123554588644_n.jpg?stp=dst-jpg_e35_tt6&amp;_nc_cat=103&amp;ccb=7-5&amp;_nc_sid=18de74&amp;efg=eyJlZmdfdGFnIjoiQ0xJUFMuYmVzdF9pbWFnZV91cmxnZW4uQzMifQ%3D%3D&amp;_nc_ohc=5yAmM7E4g7cQ7kNvwFlTBX2&amp;_nc_oc=AdqmtGDvzeKhtxndg4FHiS5l-KwCCEmZgZcYFc0bDJl-WYwoPgtCMOCP5SEOc6UNK_g&amp;_nc_zt=23&amp;_nc_ht=scontent-fra3-1.cdninstagram.com&amp;edm=ANo9K5cEAAAA&amp;_nc_gid=8Zu05cIDHTcVxSWpRlFs_A&amp;_nc_tpa=Q5bMBQEXJEgkP1WCLsI_hbe9p2orJNa5pRGFoBLGf1qAKym1dip_ewpqOGb8qskasWBonmybRQVS1rBtmw&amp;oh=00_Af6nK8Vh7c-cZNR-e5S46gBFksLAbxS3NzMpnoPrOCH4Qw&amp;oe=69FC9F5A&quot;,&quot;320&quot;:&quot;https:\\\/\\\/scontent-fra3-1.cdninstagram.com\\\/v\\\/t51.82787-15\\\/683642591_17925596568297391_8706627123554588644_n.jpg?stp=dst-jpg_e35_tt6&amp;_nc_cat=103&amp;ccb=7-5&amp;_nc_sid=18de74&amp;efg=eyJlZmdfdGFnIjoiQ0xJUFMuYmVzdF9pbWFnZV91cmxnZW4uQzMifQ%3D%3D&amp;_nc_ohc=5yAmM7E4g7cQ7kNvwFlTBX2&amp;_nc_oc=AdqmtGDvzeKhtxndg4FHiS5l-KwCCEmZgZcYFc0bDJl-WYwoPgtCMOCP5SEOc6UNK_g&amp;_nc_zt=23&amp;_nc_ht=scontent-fra3-1.cdninstagram.com&amp;edm=ANo9K5cEAAAA&amp;_nc_gid=8Zu05cIDHTcVxSWpRlFs_A&amp;_nc_tpa=Q5bMBQEXJEgkP1WCLsI_hbe9p2orJNa5pRGFoBLGf1qAKym1dip_ewpqOGb8qskasWBonmybRQVS1rBtmw&amp;oh=00_Af6nK8Vh7c-cZNR-e5S46gBFksLAbxS3NzMpnoPrOCH4Qw&amp;oe=69FC9F5A&quot;,&quot;640&quot;:&quot;https:\\\/\\\/scontent-fra3-1.cdninstagram.com\\\/v\\\/t51.82787-15\\\/683642591_17925596568297391_8706627123554588644_n.jpg?stp=dst-jpg_e35_tt6&amp;_nc_cat=103&amp;ccb=7-5&amp;_nc_sid=18de74&amp;efg=eyJlZmdfdGFnIjoiQ0xJUFMuYmVzdF9pbWFnZV91cmxnZW4uQzMifQ%3D%3D&amp;_nc_ohc=5yAmM7E4g7cQ7kNvwFlTBX2&amp;_nc_oc=AdqmtGDvzeKhtxndg4FHiS5l-KwCCEmZgZcYFc0bDJl-WYwoPgtCMOCP5SEOc6UNK_g&amp;_nc_zt=23&amp;_nc_ht=scontent-fra3-1.cdninstagram.com&amp;edm=ANo9K5cEAAAA&amp;_nc_gid=8Zu05cIDHTcVxSWpRlFs_A&amp;_nc_tpa=Q5bMBQEXJEgkP1WCLsI_hbe9p2orJNa5pRGFoBLGf1qAKym1dip_ewpqOGb8qskasWBonmybRQVS1rBtmw&amp;oh=00_Af6nK8Vh7c-cZNR-e5S46gBFksLAbxS3NzMpnoPrOCH4Qw&amp;oe=69FC9F5A&quot;}\">\n            <span class=\"sbi-screenreader\">@erlpeter2 unser Bezirksvorsitzender der Mittelsta<\/span>\n            \t        <svg style=\"color: rgba(255,255,255,1)\" class=\"svg-inline--fa fa-play fa-w-14 sbi_playbtn\" aria-label=\"Play\" aria-hidden=\"true\" data-fa-processed=\"\" data-prefix=\"fa\" data-icon=\"play\" role=\"presentation\" xmlns=\"http:\/\/www.w3.org\/2000\/svg\" viewBox=\"0 0 448 512\"><path fill=\"currentColor\" d=\"M424.4 214.7L72.4 6.6C43.8-10.3 0 6.1 0 47.9V464c0 37.5 40.7 60.1 72.4 41.3l352-208c31.4-18.5 31.5-64.1 0-82.6z\"><\/path><\/svg>            <img decoding=\"async\" src=\"https:\/\/mu-niederbayern.de\/wp-content\/plugins\/instagram-feed\/img\/placeholder.png\" alt=\"@erlpeter2 unser Bezirksvorsitzender der Mittelstands-Union, macht klar: Der Mittelstand will nicht nur kritisieren, sondern L\u00f6sungen aufzeigen.\n\nStatt neuer Belastungen braucht es echte Anreize \u2013 zum Beispiel steuerfreie \u00dcberstunden. Dann lohnt sich Mehrarbeit wieder, Betriebe bekommen mehr Spielraum und am Ende profitieren Arbeitnehmer und Arbeitgeber gleicherma\u00dfen.\n\n#wirsinddermittelstand #mittelstandsunion #niederbayern #eineunion #klartext\">\n        <\/a>\n    <\/div>\n<\/div><div class=\"sbi_item sbi_type_image sbi_new sbi_transition\" id=\"sbi_17881099536417814\" data-date=\"1777535091\">\n    <div class=\"sbi_photo_wrap\">\n        <a class=\"sbi_photo\" href=\"https:\/\/www.instagram.com\/p\/DXv3FJuCM4r\/\" target=\"_blank\" rel=\"noopener nofollow\" data-full-res=\"https:\/\/scontent-fra3-1.cdninstagram.com\/v\/t51.82787-15\/683830411_17925584883297391_7089799467662214079_n.jpg?stp=dst-jpg_e35_tt6&#038;_nc_cat=103&#038;ccb=7-5&#038;_nc_sid=18de74&#038;efg=eyJlZmdfdGFnIjoiRkVFRC5iZXN0X2ltYWdlX3VybGdlbi5DMyJ9&#038;_nc_ohc=7JI8IRMHEBIQ7kNvwHtPhAn&#038;_nc_oc=AdqfrMCm7E3LQfnF5JtOlAawfWNTzsX7bE_FG0hAweRl1UXXgHhk0NIXsM1g8MCBVEo&#038;_nc_zt=23&#038;_nc_ht=scontent-fra3-1.cdninstagram.com&#038;edm=ANo9K5cEAAAA&#038;_nc_gid=8Zu05cIDHTcVxSWpRlFs_A&#038;_nc_tpa=Q5bMBQGqIYacdNX3_KnhKXcFTh2-teObc8Jm_LWLW1exVCtVCJgyCL5J2Lm6NDWUObF8y9XFlxnEBO7lOg&#038;oh=00_Af6AtzLJldUR1Zvb14CtnGaBFKbgDVgtzA6SDps6EeXA3w&#038;oe=69FCA29F\" data-img-src-set=\"{&quot;d&quot;:&quot;https:\\\/\\\/scontent-fra3-1.cdninstagram.com\\\/v\\\/t51.82787-15\\\/683830411_17925584883297391_7089799467662214079_n.jpg?stp=dst-jpg_e35_tt6&amp;_nc_cat=103&amp;ccb=7-5&amp;_nc_sid=18de74&amp;efg=eyJlZmdfdGFnIjoiRkVFRC5iZXN0X2ltYWdlX3VybGdlbi5DMyJ9&amp;_nc_ohc=7JI8IRMHEBIQ7kNvwHtPhAn&amp;_nc_oc=AdqfrMCm7E3LQfnF5JtOlAawfWNTzsX7bE_FG0hAweRl1UXXgHhk0NIXsM1g8MCBVEo&amp;_nc_zt=23&amp;_nc_ht=scontent-fra3-1.cdninstagram.com&amp;edm=ANo9K5cEAAAA&amp;_nc_gid=8Zu05cIDHTcVxSWpRlFs_A&amp;_nc_tpa=Q5bMBQGqIYacdNX3_KnhKXcFTh2-teObc8Jm_LWLW1exVCtVCJgyCL5J2Lm6NDWUObF8y9XFlxnEBO7lOg&amp;oh=00_Af6AtzLJldUR1Zvb14CtnGaBFKbgDVgtzA6SDps6EeXA3w&amp;oe=69FCA29F&quot;,&quot;150&quot;:&quot;https:\\\/\\\/scontent-fra3-1.cdninstagram.com\\\/v\\\/t51.82787-15\\\/683830411_17925584883297391_7089799467662214079_n.jpg?stp=dst-jpg_e35_tt6&amp;_nc_cat=103&amp;ccb=7-5&amp;_nc_sid=18de74&amp;efg=eyJlZmdfdGFnIjoiRkVFRC5iZXN0X2ltYWdlX3VybGdlbi5DMyJ9&amp;_nc_ohc=7JI8IRMHEBIQ7kNvwHtPhAn&amp;_nc_oc=AdqfrMCm7E3LQfnF5JtOlAawfWNTzsX7bE_FG0hAweRl1UXXgHhk0NIXsM1g8MCBVEo&amp;_nc_zt=23&amp;_nc_ht=scontent-fra3-1.cdninstagram.com&amp;edm=ANo9K5cEAAAA&amp;_nc_gid=8Zu05cIDHTcVxSWpRlFs_A&amp;_nc_tpa=Q5bMBQGqIYacdNX3_KnhKXcFTh2-teObc8Jm_LWLW1exVCtVCJgyCL5J2Lm6NDWUObF8y9XFlxnEBO7lOg&amp;oh=00_Af6AtzLJldUR1Zvb14CtnGaBFKbgDVgtzA6SDps6EeXA3w&amp;oe=69FCA29F&quot;,&quot;320&quot;:&quot;https:\\\/\\\/scontent-fra3-1.cdninstagram.com\\\/v\\\/t51.82787-15\\\/683830411_17925584883297391_7089799467662214079_n.jpg?stp=dst-jpg_e35_tt6&amp;_nc_cat=103&amp;ccb=7-5&amp;_nc_sid=18de74&amp;efg=eyJlZmdfdGFnIjoiRkVFRC5iZXN0X2ltYWdlX3VybGdlbi5DMyJ9&amp;_nc_ohc=7JI8IRMHEBIQ7kNvwHtPhAn&amp;_nc_oc=AdqfrMCm7E3LQfnF5JtOlAawfWNTzsX7bE_FG0hAweRl1UXXgHhk0NIXsM1g8MCBVEo&amp;_nc_zt=23&amp;_nc_ht=scontent-fra3-1.cdninstagram.com&amp;edm=ANo9K5cEAAAA&amp;_nc_gid=8Zu05cIDHTcVxSWpRlFs_A&amp;_nc_tpa=Q5bMBQGqIYacdNX3_KnhKXcFTh2-teObc8Jm_LWLW1exVCtVCJgyCL5J2Lm6NDWUObF8y9XFlxnEBO7lOg&amp;oh=00_Af6AtzLJldUR1Zvb14CtnGaBFKbgDVgtzA6SDps6EeXA3w&amp;oe=69FCA29F&quot;,&quot;640&quot;:&quot;https:\\\/\\\/scontent-fra3-1.cdninstagram.com\\\/v\\\/t51.82787-15\\\/683830411_17925584883297391_7089799467662214079_n.jpg?stp=dst-jpg_e35_tt6&amp;_nc_cat=103&amp;ccb=7-5&amp;_nc_sid=18de74&amp;efg=eyJlZmdfdGFnIjoiRkVFRC5iZXN0X2ltYWdlX3VybGdlbi5DMyJ9&amp;_nc_ohc=7JI8IRMHEBIQ7kNvwHtPhAn&amp;_nc_oc=AdqfrMCm7E3LQfnF5JtOlAawfWNTzsX7bE_FG0hAweRl1UXXgHhk0NIXsM1g8MCBVEo&amp;_nc_zt=23&amp;_nc_ht=scontent-fra3-1.cdninstagram.com&amp;edm=ANo9K5cEAAAA&amp;_nc_gid=8Zu05cIDHTcVxSWpRlFs_A&amp;_nc_tpa=Q5bMBQGqIYacdNX3_KnhKXcFTh2-teObc8Jm_LWLW1exVCtVCJgyCL5J2Lm6NDWUObF8y9XFlxnEBO7lOg&amp;oh=00_Af6AtzLJldUR1Zvb14CtnGaBFKbgDVgtzA6SDps6EeXA3w&amp;oe=69FCA29F&quot;}\">\n            <span class=\"sbi-screenreader\">Sch\u00f6ne Versprechen. Falsche Kasse. \ud83d\udcb0\n\n1.000 Eu<\/span>\n            \t                    <img decoding=\"async\" src=\"https:\/\/mu-niederbayern.de\/wp-content\/plugins\/instagram-feed\/img\/placeholder.png\" alt=\"Sch\u00f6ne Versprechen. Falsche Kasse. \ud83d\udcb0\n\n1.000 Euro Pr\u00e4mie klingen gut \u2013 vor allem, wenn man sie nicht selbst bezahlen muss.\n\nDie Bundesregierung stellt einen Betrag in den Raum, die Rechnung soll aber bei den Betrieben landen. Genau dort, wo Energiekosten, B\u00fcrokratie, Steuern und Sozialabgaben l\u00e4ngst den Spielraum auffressen.\n\nWer Arbeitnehmerinnen und Arbeitnehmer wirklich st\u00e4rken will, muss Unternehmen entlasten \u2013 statt fremde Kassen zu verplanen.\n\n#bundesregierung #mittelstand #wirsinddermittelstand #eineunion\">\n        <\/a>\n    <\/div>\n<\/div><div class=\"sbi_item sbi_type_image sbi_new sbi_transition\" id=\"sbi_18085524080577900\" data-date=\"1777491496\">\n    <div class=\"sbi_photo_wrap\">\n        <a class=\"sbi_photo\" href=\"https:\/\/www.instagram.com\/p\/DXuj8RniIOg\/\" target=\"_blank\" rel=\"noopener nofollow\" data-full-res=\"https:\/\/scontent-fra5-1.cdninstagram.com\/v\/t51.82787-15\/683573315_17925519369297391_3631396453442121423_n.jpg?stp=dst-jpg_e35_tt6&#038;_nc_cat=110&#038;ccb=7-5&#038;_nc_sid=18de74&#038;efg=eyJlZmdfdGFnIjoiRkVFRC5iZXN0X2ltYWdlX3VybGdlbi5DMyJ9&#038;_nc_ohc=k4_2VpEfRV0Q7kNvwEbQWsM&#038;_nc_oc=Adoc9qFgDPaGzcc0hnLzochIXBQicl25SQXdcj5Cacqmd99Z_jw4JDgakjzsz_SjK50&#038;_nc_zt=23&#038;_nc_ht=scontent-fra5-1.cdninstagram.com&#038;edm=ANo9K5cEAAAA&#038;_nc_gid=8Zu05cIDHTcVxSWpRlFs_A&#038;_nc_tpa=Q5bMBQGHuF18nmp_56TkAUzPmoH3L0UKk5J21lqdA1buspaB5hPE_CK9LXulKFfUr4Xp_DCXdElj3KP_hw&#038;oh=00_Af7KC5kg1su9d-uiBZqMK9SVfNLMfbwh4HPJVSsmWqqxKA&#038;oe=69FC9687\" data-img-src-set=\"{&quot;d&quot;:&quot;https:\\\/\\\/scontent-fra5-1.cdninstagram.com\\\/v\\\/t51.82787-15\\\/683573315_17925519369297391_3631396453442121423_n.jpg?stp=dst-jpg_e35_tt6&amp;_nc_cat=110&amp;ccb=7-5&amp;_nc_sid=18de74&amp;efg=eyJlZmdfdGFnIjoiRkVFRC5iZXN0X2ltYWdlX3VybGdlbi5DMyJ9&amp;_nc_ohc=k4_2VpEfRV0Q7kNvwEbQWsM&amp;_nc_oc=Adoc9qFgDPaGzcc0hnLzochIXBQicl25SQXdcj5Cacqmd99Z_jw4JDgakjzsz_SjK50&amp;_nc_zt=23&amp;_nc_ht=scontent-fra5-1.cdninstagram.com&amp;edm=ANo9K5cEAAAA&amp;_nc_gid=8Zu05cIDHTcVxSWpRlFs_A&amp;_nc_tpa=Q5bMBQGHuF18nmp_56TkAUzPmoH3L0UKk5J21lqdA1buspaB5hPE_CK9LXulKFfUr4Xp_DCXdElj3KP_hw&amp;oh=00_Af7KC5kg1su9d-uiBZqMK9SVfNLMfbwh4HPJVSsmWqqxKA&amp;oe=69FC9687&quot;,&quot;150&quot;:&quot;https:\\\/\\\/scontent-fra5-1.cdninstagram.com\\\/v\\\/t51.82787-15\\\/683573315_17925519369297391_3631396453442121423_n.jpg?stp=dst-jpg_e35_tt6&amp;_nc_cat=110&amp;ccb=7-5&amp;_nc_sid=18de74&amp;efg=eyJlZmdfdGFnIjoiRkVFRC5iZXN0X2ltYWdlX3VybGdlbi5DMyJ9&amp;_nc_ohc=k4_2VpEfRV0Q7kNvwEbQWsM&amp;_nc_oc=Adoc9qFgDPaGzcc0hnLzochIXBQicl25SQXdcj5Cacqmd99Z_jw4JDgakjzsz_SjK50&amp;_nc_zt=23&amp;_nc_ht=scontent-fra5-1.cdninstagram.com&amp;edm=ANo9K5cEAAAA&amp;_nc_gid=8Zu05cIDHTcVxSWpRlFs_A&amp;_nc_tpa=Q5bMBQGHuF18nmp_56TkAUzPmoH3L0UKk5J21lqdA1buspaB5hPE_CK9LXulKFfUr4Xp_DCXdElj3KP_hw&amp;oh=00_Af7KC5kg1su9d-uiBZqMK9SVfNLMfbwh4HPJVSsmWqqxKA&amp;oe=69FC9687&quot;,&quot;320&quot;:&quot;https:\\\/\\\/scontent-fra5-1.cdninstagram.com\\\/v\\\/t51.82787-15\\\/683573315_17925519369297391_3631396453442121423_n.jpg?stp=dst-jpg_e35_tt6&amp;_nc_cat=110&amp;ccb=7-5&amp;_nc_sid=18de74&amp;efg=eyJlZmdfdGFnIjoiRkVFRC5iZXN0X2ltYWdlX3VybGdlbi5DMyJ9&amp;_nc_ohc=k4_2VpEfRV0Q7kNvwEbQWsM&amp;_nc_oc=Adoc9qFgDPaGzcc0hnLzochIXBQicl25SQXdcj5Cacqmd99Z_jw4JDgakjzsz_SjK50&amp;_nc_zt=23&amp;_nc_ht=scontent-fra5-1.cdninstagram.com&amp;edm=ANo9K5cEAAAA&amp;_nc_gid=8Zu05cIDHTcVxSWpRlFs_A&amp;_nc_tpa=Q5bMBQGHuF18nmp_56TkAUzPmoH3L0UKk5J21lqdA1buspaB5hPE_CK9LXulKFfUr4Xp_DCXdElj3KP_hw&amp;oh=00_Af7KC5kg1su9d-uiBZqMK9SVfNLMfbwh4HPJVSsmWqqxKA&amp;oe=69FC9687&quot;,&quot;640&quot;:&quot;https:\\\/\\\/scontent-fra5-1.cdninstagram.com\\\/v\\\/t51.82787-15\\\/683573315_17925519369297391_3631396453442121423_n.jpg?stp=dst-jpg_e35_tt6&amp;_nc_cat=110&amp;ccb=7-5&amp;_nc_sid=18de74&amp;efg=eyJlZmdfdGFnIjoiRkVFRC5iZXN0X2ltYWdlX3VybGdlbi5DMyJ9&amp;_nc_ohc=k4_2VpEfRV0Q7kNvwEbQWsM&amp;_nc_oc=Adoc9qFgDPaGzcc0hnLzochIXBQicl25SQXdcj5Cacqmd99Z_jw4JDgakjzsz_SjK50&amp;_nc_zt=23&amp;_nc_ht=scontent-fra5-1.cdninstagram.com&amp;edm=ANo9K5cEAAAA&amp;_nc_gid=8Zu05cIDHTcVxSWpRlFs_A&amp;_nc_tpa=Q5bMBQGHuF18nmp_56TkAUzPmoH3L0UKk5J21lqdA1buspaB5hPE_CK9LXulKFfUr4Xp_DCXdElj3KP_hw&amp;oh=00_Af7KC5kg1su9d-uiBZqMK9SVfNLMfbwh4HPJVSsmWqqxKA&amp;oe=69FC9687&quot;}\">\n            <span class=\"sbi-screenreader\">Freiwillig klingt gut. Bis der Druck kommt.\n\n1.000<\/span>\n            \t                    <img decoding=\"async\" src=\"https:\/\/mu-niederbayern.de\/wp-content\/plugins\/instagram-feed\/img\/placeholder.png\" alt=\"Freiwillig klingt gut. Bis der Druck kommt.\n\n1.000 Euro Pr\u00e4mie klingen auf der Regierungsbank schnell gro\u00dfz\u00fcgig. In der Werkstatt, im Betrieb und im B\u00fcro sieht die Rechnung anders aus.\n\nEnergiekosten, B\u00fcrokratie, Steuern, Sozialabgaben, L\u00f6hne, unsichere Auftr\u00e4ge: Viele Unternehmerinnen und Unternehmer k\u00e4mpfen l\u00e4ngst an mehreren Fronten.\n\nWer den Mittelstand st\u00e4rken will, muss ihn entlasten \u2013 nicht \u00f6ffentlich zur Zahlstelle machen.\n\n#wirsinddermittelstand #n\u00e4herammenschen #eineunion #mittelstand\">\n        <\/a>\n    <\/div>\n<\/div><div class=\"sbi_item sbi_type_image sbi_new sbi_transition\" id=\"sbi_18098042752858846\" data-date=\"1777480543\">\n    <div class=\"sbi_photo_wrap\">\n        <a class=\"sbi_photo\" href=\"https:\/\/www.instagram.com\/p\/DXuPHrcCIzy\/\" target=\"_blank\" rel=\"noopener nofollow\" data-full-res=\"https:\/\/scontent-fra5-2.cdninstagram.com\/v\/t51.82787-15\/681398251_17925497259297391_2682200053105921773_n.jpg?stp=dst-jpg_e35_tt6&#038;_nc_cat=106&#038;ccb=7-5&#038;_nc_sid=18de74&#038;efg=eyJlZmdfdGFnIjoiRkVFRC5iZXN0X2ltYWdlX3VybGdlbi5DMyJ9&#038;_nc_ohc=7pffHeDDoA0Q7kNvwF22KrC&#038;_nc_oc=AdoQFeCCTQ0zH55G5-Snmrsfx3ubVcx1LBKzDSPIAVhIRRl-zbnQToilVOmILfmi5mg&#038;_nc_zt=23&#038;_nc_ht=scontent-fra5-2.cdninstagram.com&#038;edm=ANo9K5cEAAAA&#038;_nc_gid=8Zu05cIDHTcVxSWpRlFs_A&#038;_nc_tpa=Q5bMBQFYSwy2GoygpRHUNRmu6kBH1SMfGQq3JYa7jXp_leeVE2yGYb0uw9biWLzOtk9Kf_b7HF5QZTdQNQ&#038;oh=00_Af7_H8t_LeeAV2VRPl6i0v8XvKh_c-jXaVlsEA_4lAcuVQ&#038;oe=69FC88CD\" data-img-src-set=\"{&quot;d&quot;:&quot;https:\\\/\\\/scontent-fra5-2.cdninstagram.com\\\/v\\\/t51.82787-15\\\/681398251_17925497259297391_2682200053105921773_n.jpg?stp=dst-jpg_e35_tt6&amp;_nc_cat=106&amp;ccb=7-5&amp;_nc_sid=18de74&amp;efg=eyJlZmdfdGFnIjoiRkVFRC5iZXN0X2ltYWdlX3VybGdlbi5DMyJ9&amp;_nc_ohc=7pffHeDDoA0Q7kNvwF22KrC&amp;_nc_oc=AdoQFeCCTQ0zH55G5-Snmrsfx3ubVcx1LBKzDSPIAVhIRRl-zbnQToilVOmILfmi5mg&amp;_nc_zt=23&amp;_nc_ht=scontent-fra5-2.cdninstagram.com&amp;edm=ANo9K5cEAAAA&amp;_nc_gid=8Zu05cIDHTcVxSWpRlFs_A&amp;_nc_tpa=Q5bMBQFYSwy2GoygpRHUNRmu6kBH1SMfGQq3JYa7jXp_leeVE2yGYb0uw9biWLzOtk9Kf_b7HF5QZTdQNQ&amp;oh=00_Af7_H8t_LeeAV2VRPl6i0v8XvKh_c-jXaVlsEA_4lAcuVQ&amp;oe=69FC88CD&quot;,&quot;150&quot;:&quot;https:\\\/\\\/scontent-fra5-2.cdninstagram.com\\\/v\\\/t51.82787-15\\\/681398251_17925497259297391_2682200053105921773_n.jpg?stp=dst-jpg_e35_tt6&amp;_nc_cat=106&amp;ccb=7-5&amp;_nc_sid=18de74&amp;efg=eyJlZmdfdGFnIjoiRkVFRC5iZXN0X2ltYWdlX3VybGdlbi5DMyJ9&amp;_nc_ohc=7pffHeDDoA0Q7kNvwF22KrC&amp;_nc_oc=AdoQFeCCTQ0zH55G5-Snmrsfx3ubVcx1LBKzDSPIAVhIRRl-zbnQToilVOmILfmi5mg&amp;_nc_zt=23&amp;_nc_ht=scontent-fra5-2.cdninstagram.com&amp;edm=ANo9K5cEAAAA&amp;_nc_gid=8Zu05cIDHTcVxSWpRlFs_A&amp;_nc_tpa=Q5bMBQFYSwy2GoygpRHUNRmu6kBH1SMfGQq3JYa7jXp_leeVE2yGYb0uw9biWLzOtk9Kf_b7HF5QZTdQNQ&amp;oh=00_Af7_H8t_LeeAV2VRPl6i0v8XvKh_c-jXaVlsEA_4lAcuVQ&amp;oe=69FC88CD&quot;,&quot;320&quot;:&quot;https:\\\/\\\/scontent-fra5-2.cdninstagram.com\\\/v\\\/t51.82787-15\\\/681398251_17925497259297391_2682200053105921773_n.jpg?stp=dst-jpg_e35_tt6&amp;_nc_cat=106&amp;ccb=7-5&amp;_nc_sid=18de74&amp;efg=eyJlZmdfdGFnIjoiRkVFRC5iZXN0X2ltYWdlX3VybGdlbi5DMyJ9&amp;_nc_ohc=7pffHeDDoA0Q7kNvwF22KrC&amp;_nc_oc=AdoQFeCCTQ0zH55G5-Snmrsfx3ubVcx1LBKzDSPIAVhIRRl-zbnQToilVOmILfmi5mg&amp;_nc_zt=23&amp;_nc_ht=scontent-fra5-2.cdninstagram.com&amp;edm=ANo9K5cEAAAA&amp;_nc_gid=8Zu05cIDHTcVxSWpRlFs_A&amp;_nc_tpa=Q5bMBQFYSwy2GoygpRHUNRmu6kBH1SMfGQq3JYa7jXp_leeVE2yGYb0uw9biWLzOtk9Kf_b7HF5QZTdQNQ&amp;oh=00_Af7_H8t_LeeAV2VRPl6i0v8XvKh_c-jXaVlsEA_4lAcuVQ&amp;oe=69FC88CD&quot;,&quot;640&quot;:&quot;https:\\\/\\\/scontent-fra5-2.cdninstagram.com\\\/v\\\/t51.82787-15\\\/681398251_17925497259297391_2682200053105921773_n.jpg?stp=dst-jpg_e35_tt6&amp;_nc_cat=106&amp;ccb=7-5&amp;_nc_sid=18de74&amp;efg=eyJlZmdfdGFnIjoiRkVFRC5iZXN0X2ltYWdlX3VybGdlbi5DMyJ9&amp;_nc_ohc=7pffHeDDoA0Q7kNvwF22KrC&amp;_nc_oc=AdoQFeCCTQ0zH55G5-Snmrsfx3ubVcx1LBKzDSPIAVhIRRl-zbnQToilVOmILfmi5mg&amp;_nc_zt=23&amp;_nc_ht=scontent-fra5-2.cdninstagram.com&amp;edm=ANo9K5cEAAAA&amp;_nc_gid=8Zu05cIDHTcVxSWpRlFs_A&amp;_nc_tpa=Q5bMBQFYSwy2GoygpRHUNRmu6kBH1SMfGQq3JYa7jXp_leeVE2yGYb0uw9biWLzOtk9Kf_b7HF5QZTdQNQ&amp;oh=00_Af7_H8t_LeeAV2VRPl6i0v8XvKh_c-jXaVlsEA_4lAcuVQ&amp;oe=69FC88CD&quot;}\">\n            <span class=\"sbi-screenreader\">Der Staat bestellt. Der Mittelstand zahlt?\n\nDie Bu<\/span>\n            \t                    <img decoding=\"async\" src=\"https:\/\/mu-niederbayern.de\/wp-content\/plugins\/instagram-feed\/img\/placeholder.png\" alt=\"Der Staat bestellt. Der Mittelstand zahlt?\n\nDie Bundesregierung stellt 1.000 Euro Pr\u00e4mie in den Raum \u2013 zahlen sollen sie aber freiwillig die Betriebe.\n\nKlingt gro\u00dfz\u00fcgig. Ist es aber nur, wenn man nicht selbst die Rechnung bekommt.\n\nUnsere Unternehmerinnen und Unternehmer wollen gute L\u00f6hne zahlen, investieren und Arbeitspl\u00e4tze sichern. Daf\u00fcr brauchen sie Entlastung statt neuer Erwartungshaltungen.\n\nWer bestellt, sollte auch zahlen.\n\n#wirsinddermittelstand #niederbayern #eineunion #n\u00e4herammenschen\">\n        <\/a>\n    <\/div>\n<\/div><div class=\"sbi_item sbi_type_video sbi_new sbi_transition\" id=\"sbi_18119905198621763\" data-date=\"1775102529\">\n    <div class=\"sbi_photo_wrap\">\n        <a class=\"sbi_photo\" href=\"https:\/\/www.instagram.com\/reel\/DWnXjD4jfAm\/\" target=\"_blank\" rel=\"noopener nofollow\" data-full-res=\"https:\/\/scontent-fra3-1.cdninstagram.com\/v\/t51.82787-15\/659389146_17921181957297391_3244443997676604777_n.jpg?stp=dst-jpg_e35_tt6&#038;_nc_cat=105&#038;ccb=7-5&#038;_nc_sid=18de74&#038;efg=eyJlZmdfdGFnIjoiQ0xJUFMuYmVzdF9pbWFnZV91cmxnZW4uQzMifQ%3D%3D&#038;_nc_ohc=rGvxssgna0wQ7kNvwH1M3nB&#038;_nc_oc=Adpf-J1MDNfRr9jyq8_NL_J85Su4c75HzFKapZrSV72fLqu1IFilMXpOAdkC1zJ5L0A&#038;_nc_zt=23&#038;_nc_ht=scontent-fra3-1.cdninstagram.com&#038;edm=ANo9K5cEAAAA&#038;_nc_gid=8Zu05cIDHTcVxSWpRlFs_A&#038;_nc_tpa=Q5bMBQG3IOSaX5sn8ZMJTNNH6djUiEt-NabdXqoaRqvuF4UJRh7kPLmjhcm4u6Edw6aclHo6oyIBORwf7w&#038;oh=00_Af4a5o-UwH0DjIYeI-ZVRAPlaM6bobntVzTPB_ZGgfzMrA&#038;oe=69FC854D\" data-img-src-set=\"{&quot;d&quot;:&quot;https:\\\/\\\/scontent-fra3-1.cdninstagram.com\\\/v\\\/t51.82787-15\\\/659389146_17921181957297391_3244443997676604777_n.jpg?stp=dst-jpg_e35_tt6&amp;_nc_cat=105&amp;ccb=7-5&amp;_nc_sid=18de74&amp;efg=eyJlZmdfdGFnIjoiQ0xJUFMuYmVzdF9pbWFnZV91cmxnZW4uQzMifQ%3D%3D&amp;_nc_ohc=rGvxssgna0wQ7kNvwH1M3nB&amp;_nc_oc=Adpf-J1MDNfRr9jyq8_NL_J85Su4c75HzFKapZrSV72fLqu1IFilMXpOAdkC1zJ5L0A&amp;_nc_zt=23&amp;_nc_ht=scontent-fra3-1.cdninstagram.com&amp;edm=ANo9K5cEAAAA&amp;_nc_gid=8Zu05cIDHTcVxSWpRlFs_A&amp;_nc_tpa=Q5bMBQG3IOSaX5sn8ZMJTNNH6djUiEt-NabdXqoaRqvuF4UJRh7kPLmjhcm4u6Edw6aclHo6oyIBORwf7w&amp;oh=00_Af4a5o-UwH0DjIYeI-ZVRAPlaM6bobntVzTPB_ZGgfzMrA&amp;oe=69FC854D&quot;,&quot;150&quot;:&quot;https:\\\/\\\/scontent-fra3-1.cdninstagram.com\\\/v\\\/t51.82787-15\\\/659389146_17921181957297391_3244443997676604777_n.jpg?stp=dst-jpg_e35_tt6&amp;_nc_cat=105&amp;ccb=7-5&amp;_nc_sid=18de74&amp;efg=eyJlZmdfdGFnIjoiQ0xJUFMuYmVzdF9pbWFnZV91cmxnZW4uQzMifQ%3D%3D&amp;_nc_ohc=rGvxssgna0wQ7kNvwH1M3nB&amp;_nc_oc=Adpf-J1MDNfRr9jyq8_NL_J85Su4c75HzFKapZrSV72fLqu1IFilMXpOAdkC1zJ5L0A&amp;_nc_zt=23&amp;_nc_ht=scontent-fra3-1.cdninstagram.com&amp;edm=ANo9K5cEAAAA&amp;_nc_gid=8Zu05cIDHTcVxSWpRlFs_A&amp;_nc_tpa=Q5bMBQG3IOSaX5sn8ZMJTNNH6djUiEt-NabdXqoaRqvuF4UJRh7kPLmjhcm4u6Edw6aclHo6oyIBORwf7w&amp;oh=00_Af4a5o-UwH0DjIYeI-ZVRAPlaM6bobntVzTPB_ZGgfzMrA&amp;oe=69FC854D&quot;,&quot;320&quot;:&quot;https:\\\/\\\/scontent-fra3-1.cdninstagram.com\\\/v\\\/t51.82787-15\\\/659389146_17921181957297391_3244443997676604777_n.jpg?stp=dst-jpg_e35_tt6&amp;_nc_cat=105&amp;ccb=7-5&amp;_nc_sid=18de74&amp;efg=eyJlZmdfdGFnIjoiQ0xJUFMuYmVzdF9pbWFnZV91cmxnZW4uQzMifQ%3D%3D&amp;_nc_ohc=rGvxssgna0wQ7kNvwH1M3nB&amp;_nc_oc=Adpf-J1MDNfRr9jyq8_NL_J85Su4c75HzFKapZrSV72fLqu1IFilMXpOAdkC1zJ5L0A&amp;_nc_zt=23&amp;_nc_ht=scontent-fra3-1.cdninstagram.com&amp;edm=ANo9K5cEAAAA&amp;_nc_gid=8Zu05cIDHTcVxSWpRlFs_A&amp;_nc_tpa=Q5bMBQG3IOSaX5sn8ZMJTNNH6djUiEt-NabdXqoaRqvuF4UJRh7kPLmjhcm4u6Edw6aclHo6oyIBORwf7w&amp;oh=00_Af4a5o-UwH0DjIYeI-ZVRAPlaM6bobntVzTPB_ZGgfzMrA&amp;oe=69FC854D&quot;,&quot;640&quot;:&quot;https:\\\/\\\/scontent-fra3-1.cdninstagram.com\\\/v\\\/t51.82787-15\\\/659389146_17921181957297391_3244443997676604777_n.jpg?stp=dst-jpg_e35_tt6&amp;_nc_cat=105&amp;ccb=7-5&amp;_nc_sid=18de74&amp;efg=eyJlZmdfdGFnIjoiQ0xJUFMuYmVzdF9pbWFnZV91cmxnZW4uQzMifQ%3D%3D&amp;_nc_ohc=rGvxssgna0wQ7kNvwH1M3nB&amp;_nc_oc=Adpf-J1MDNfRr9jyq8_NL_J85Su4c75HzFKapZrSV72fLqu1IFilMXpOAdkC1zJ5L0A&amp;_nc_zt=23&amp;_nc_ht=scontent-fra3-1.cdninstagram.com&amp;edm=ANo9K5cEAAAA&amp;_nc_gid=8Zu05cIDHTcVxSWpRlFs_A&amp;_nc_tpa=Q5bMBQG3IOSaX5sn8ZMJTNNH6djUiEt-NabdXqoaRqvuF4UJRh7kPLmjhcm4u6Edw6aclHo6oyIBORwf7w&amp;oh=00_Af4a5o-UwH0DjIYeI-ZVRAPlaM6bobntVzTPB_ZGgfzMrA&amp;oe=69FC854D&quot;}\">\n            <span class=\"sbi-screenreader\">Zwischen internationalem Preisdruck und wachsender<\/span>\n            \t        <svg style=\"color: rgba(255,255,255,1)\" class=\"svg-inline--fa fa-play fa-w-14 sbi_playbtn\" aria-label=\"Play\" aria-hidden=\"true\" data-fa-processed=\"\" data-prefix=\"fa\" data-icon=\"play\" role=\"presentation\" xmlns=\"http:\/\/www.w3.org\/2000\/svg\" viewBox=\"0 0 448 512\"><path fill=\"currentColor\" d=\"M424.4 214.7L72.4 6.6C43.8-10.3 0 6.1 0 47.9V464c0 37.5 40.7 60.1 72.4 41.3l352-208c31.4-18.5 31.5-64.1 0-82.6z\"><\/path><\/svg>            <img decoding=\"async\" src=\"https:\/\/mu-niederbayern.de\/wp-content\/plugins\/instagram-feed\/img\/placeholder.png\" alt=\"Zwischen internationalem Preisdruck und wachsender B\u00fcrokratie wird der Spielraum f\u00fcr viele Unternehmen immer kleiner.\nEinhell bringt auf den Punkt, was den Mittelstand belastet: Wenn jeder Cent z\u00e4hlt, d\u00fcrfen Regulierung und politische Tr\u00e4gheit nicht zum Standortnachteil werden.\nViele Probleme sind erkannt. Jetzt braucht es Tempo bei den L\u00f6sungen \u2014 und mehr Stimmen aus der Wirtschaft, die diese Realit\u00e4t klar benennen.\">\n        <\/a>\n    <\/div>\n<\/div><div class=\"sbi_item sbi_type_video sbi_new sbi_transition\" id=\"sbi_18028089965802294\" data-date=\"1774988022\">\n    <div class=\"sbi_photo_wrap\">\n        <a class=\"sbi_photo\" href=\"https:\/\/www.instagram.com\/reel\/DWj8jy6iAuz\/\" target=\"_blank\" rel=\"noopener nofollow\" data-full-res=\"https:\/\/scontent-fra5-1.cdninstagram.com\/v\/t51.82787-15\/656910229_17920975872297391_2075501123498111664_n.jpg?stp=dst-jpg_e35_tt6&#038;_nc_cat=100&#038;ccb=7-5&#038;_nc_sid=18de74&#038;efg=eyJlZmdfdGFnIjoiQ0xJUFMuYmVzdF9pbWFnZV91cmxnZW4uQzMifQ%3D%3D&#038;_nc_ohc=Yy75vT80FAQQ7kNvwEy5nhD&#038;_nc_oc=AdrqoycxajwpN3RSjRRhgtDqhb6F0T8lOMvfA9JDQtRMNY9yaN0381b7ncDWVVCIQRI&#038;_nc_zt=23&#038;_nc_ht=scontent-fra5-1.cdninstagram.com&#038;edm=ANo9K5cEAAAA&#038;_nc_gid=8Zu05cIDHTcVxSWpRlFs_A&#038;_nc_tpa=Q5bMBQFx7j_KmOjzAUC1uU8AjjARLJlJK7QrWaFbfHcN7nKFVTbgNxVVc3tAS064MifWPPydlcTjZy3S2Q&#038;oh=00_Af7739DAq2Eql4Uh8rCEGaEVw0nhMwuniiqJxqrUXxeD9Q&#038;oe=69FC9011\" data-img-src-set=\"{&quot;d&quot;:&quot;https:\\\/\\\/scontent-fra5-1.cdninstagram.com\\\/v\\\/t51.82787-15\\\/656910229_17920975872297391_2075501123498111664_n.jpg?stp=dst-jpg_e35_tt6&amp;_nc_cat=100&amp;ccb=7-5&amp;_nc_sid=18de74&amp;efg=eyJlZmdfdGFnIjoiQ0xJUFMuYmVzdF9pbWFnZV91cmxnZW4uQzMifQ%3D%3D&amp;_nc_ohc=Yy75vT80FAQQ7kNvwEy5nhD&amp;_nc_oc=AdrqoycxajwpN3RSjRRhgtDqhb6F0T8lOMvfA9JDQtRMNY9yaN0381b7ncDWVVCIQRI&amp;_nc_zt=23&amp;_nc_ht=scontent-fra5-1.cdninstagram.com&amp;edm=ANo9K5cEAAAA&amp;_nc_gid=8Zu05cIDHTcVxSWpRlFs_A&amp;_nc_tpa=Q5bMBQFx7j_KmOjzAUC1uU8AjjARLJlJK7QrWaFbfHcN7nKFVTbgNxVVc3tAS064MifWPPydlcTjZy3S2Q&amp;oh=00_Af7739DAq2Eql4Uh8rCEGaEVw0nhMwuniiqJxqrUXxeD9Q&amp;oe=69FC9011&quot;,&quot;150&quot;:&quot;https:\\\/\\\/scontent-fra5-1.cdninstagram.com\\\/v\\\/t51.82787-15\\\/656910229_17920975872297391_2075501123498111664_n.jpg?stp=dst-jpg_e35_tt6&amp;_nc_cat=100&amp;ccb=7-5&amp;_nc_sid=18de74&amp;efg=eyJlZmdfdGFnIjoiQ0xJUFMuYmVzdF9pbWFnZV91cmxnZW4uQzMifQ%3D%3D&amp;_nc_ohc=Yy75vT80FAQQ7kNvwEy5nhD&amp;_nc_oc=AdrqoycxajwpN3RSjRRhgtDqhb6F0T8lOMvfA9JDQtRMNY9yaN0381b7ncDWVVCIQRI&amp;_nc_zt=23&amp;_nc_ht=scontent-fra5-1.cdninstagram.com&amp;edm=ANo9K5cEAAAA&amp;_nc_gid=8Zu05cIDHTcVxSWpRlFs_A&amp;_nc_tpa=Q5bMBQFx7j_KmOjzAUC1uU8AjjARLJlJK7QrWaFbfHcN7nKFVTbgNxVVc3tAS064MifWPPydlcTjZy3S2Q&amp;oh=00_Af7739DAq2Eql4Uh8rCEGaEVw0nhMwuniiqJxqrUXxeD9Q&amp;oe=69FC9011&quot;,&quot;320&quot;:&quot;https:\\\/\\\/scontent-fra5-1.cdninstagram.com\\\/v\\\/t51.82787-15\\\/656910229_17920975872297391_2075501123498111664_n.jpg?stp=dst-jpg_e35_tt6&amp;_nc_cat=100&amp;ccb=7-5&amp;_nc_sid=18de74&amp;efg=eyJlZmdfdGFnIjoiQ0xJUFMuYmVzdF9pbWFnZV91cmxnZW4uQzMifQ%3D%3D&amp;_nc_ohc=Yy75vT80FAQQ7kNvwEy5nhD&amp;_nc_oc=AdrqoycxajwpN3RSjRRhgtDqhb6F0T8lOMvfA9JDQtRMNY9yaN0381b7ncDWVVCIQRI&amp;_nc_zt=23&amp;_nc_ht=scontent-fra5-1.cdninstagram.com&amp;edm=ANo9K5cEAAAA&amp;_nc_gid=8Zu05cIDHTcVxSWpRlFs_A&amp;_nc_tpa=Q5bMBQFx7j_KmOjzAUC1uU8AjjARLJlJK7QrWaFbfHcN7nKFVTbgNxVVc3tAS064MifWPPydlcTjZy3S2Q&amp;oh=00_Af7739DAq2Eql4Uh8rCEGaEVw0nhMwuniiqJxqrUXxeD9Q&amp;oe=69FC9011&quot;,&quot;640&quot;:&quot;https:\\\/\\\/scontent-fra5-1.cdninstagram.com\\\/v\\\/t51.82787-15\\\/656910229_17920975872297391_2075501123498111664_n.jpg?stp=dst-jpg_e35_tt6&amp;_nc_cat=100&amp;ccb=7-5&amp;_nc_sid=18de74&amp;efg=eyJlZmdfdGFnIjoiQ0xJUFMuYmVzdF9pbWFnZV91cmxnZW4uQzMifQ%3D%3D&amp;_nc_ohc=Yy75vT80FAQQ7kNvwEy5nhD&amp;_nc_oc=AdrqoycxajwpN3RSjRRhgtDqhb6F0T8lOMvfA9JDQtRMNY9yaN0381b7ncDWVVCIQRI&amp;_nc_zt=23&amp;_nc_ht=scontent-fra5-1.cdninstagram.com&amp;edm=ANo9K5cEAAAA&amp;_nc_gid=8Zu05cIDHTcVxSWpRlFs_A&amp;_nc_tpa=Q5bMBQFx7j_KmOjzAUC1uU8AjjARLJlJK7QrWaFbfHcN7nKFVTbgNxVVc3tAS064MifWPPydlcTjZy3S2Q&amp;oh=00_Af7739DAq2Eql4Uh8rCEGaEVw0nhMwuniiqJxqrUXxeD9Q&amp;oe=69FC9011&quot;}\">\n            <span class=\"sbi-screenreader\">Wirtschaft versteht man nicht vom Schreibtisch aus<\/span>\n            \t        <svg style=\"color: rgba(255,255,255,1)\" class=\"svg-inline--fa fa-play fa-w-14 sbi_playbtn\" aria-label=\"Play\" aria-hidden=\"true\" data-fa-processed=\"\" data-prefix=\"fa\" data-icon=\"play\" role=\"presentation\" xmlns=\"http:\/\/www.w3.org\/2000\/svg\" viewBox=\"0 0 448 512\"><path fill=\"currentColor\" d=\"M424.4 214.7L72.4 6.6C43.8-10.3 0 6.1 0 47.9V464c0 37.5 40.7 60.1 72.4 41.3l352-208c31.4-18.5 31.5-64.1 0-82.6z\"><\/path><\/svg>            <img decoding=\"async\" src=\"https:\/\/mu-niederbayern.de\/wp-content\/plugins\/instagram-feed\/img\/placeholder.png\" alt=\"Wirtschaft versteht man nicht vom Schreibtisch aus, sondern vor Ort \ud83c\udf54\nGenau deshalb sind Betriebsbesichtigungen so wertvoll: Sie zeigen, wie Betriebe wirklich arbeiten, wo Herausforderungen liegen und was politische Entscheidungen in der Praxis bedeuten.\nUnd manchmal entstehen genau dabei auch die besten Momente: @gittaconnemann an der Eismaschine bei @mcdonalds_landshut mit einem Eis f\u00fcr ihren Bundestagskollegen @florian_ossner \ud83c\udf66\">\n        <\/a>\n    <\/div>\n<\/div><div class=\"sbi_item sbi_type_video sbi_new sbi_transition\" id=\"sbi_17943212009997995\" data-date=\"1774963665\">\n    <div class=\"sbi_photo_wrap\">\n        <a class=\"sbi_photo\" href=\"https:\/\/www.instagram.com\/reel\/DWjOiUZCBGR\/\" target=\"_blank\" rel=\"noopener nofollow\" data-full-res=\"https:\/\/scontent-fra3-2.cdninstagram.com\/v\/t51.82787-15\/661639581_17920923822297391_3873677216241968650_n.jpg?stp=dst-jpg_e35_tt6&#038;_nc_cat=111&#038;ccb=7-5&#038;_nc_sid=18de74&#038;efg=eyJlZmdfdGFnIjoiQ0xJUFMuYmVzdF9pbWFnZV91cmxnZW4uQzMifQ%3D%3D&#038;_nc_ohc=2SHrrgzVejkQ7kNvwG9hvxQ&#038;_nc_oc=AdpWn9_EDht0m586P6G3SVcBt-b66B-xmUWOiCLE6lERH1INfyGnSqHyvwi9S54nnE8&#038;_nc_zt=23&#038;_nc_ht=scontent-fra3-2.cdninstagram.com&#038;edm=ANo9K5cEAAAA&#038;_nc_gid=8Zu05cIDHTcVxSWpRlFs_A&#038;_nc_tpa=Q5bMBQEAqAh9_OkJAjQrlm6d-8vZVX_H8qgRj1x9GauKvgV3PymBDpNiNZAI4cpsDpXowkCanb5PMlHtww&#038;oh=00_Af5EClwgcKH_Gl8E4fjAaOsvbPJGm50tvxDQm0lkUhNPBQ&#038;oe=69FCAB4B\" data-img-src-set=\"{&quot;d&quot;:&quot;https:\\\/\\\/scontent-fra3-2.cdninstagram.com\\\/v\\\/t51.82787-15\\\/661639581_17920923822297391_3873677216241968650_n.jpg?stp=dst-jpg_e35_tt6&amp;_nc_cat=111&amp;ccb=7-5&amp;_nc_sid=18de74&amp;efg=eyJlZmdfdGFnIjoiQ0xJUFMuYmVzdF9pbWFnZV91cmxnZW4uQzMifQ%3D%3D&amp;_nc_ohc=2SHrrgzVejkQ7kNvwG9hvxQ&amp;_nc_oc=AdpWn9_EDht0m586P6G3SVcBt-b66B-xmUWOiCLE6lERH1INfyGnSqHyvwi9S54nnE8&amp;_nc_zt=23&amp;_nc_ht=scontent-fra3-2.cdninstagram.com&amp;edm=ANo9K5cEAAAA&amp;_nc_gid=8Zu05cIDHTcVxSWpRlFs_A&amp;_nc_tpa=Q5bMBQEAqAh9_OkJAjQrlm6d-8vZVX_H8qgRj1x9GauKvgV3PymBDpNiNZAI4cpsDpXowkCanb5PMlHtww&amp;oh=00_Af5EClwgcKH_Gl8E4fjAaOsvbPJGm50tvxDQm0lkUhNPBQ&amp;oe=69FCAB4B&quot;,&quot;150&quot;:&quot;https:\\\/\\\/scontent-fra3-2.cdninstagram.com\\\/v\\\/t51.82787-15\\\/661639581_17920923822297391_3873677216241968650_n.jpg?stp=dst-jpg_e35_tt6&amp;_nc_cat=111&amp;ccb=7-5&amp;_nc_sid=18de74&amp;efg=eyJlZmdfdGFnIjoiQ0xJUFMuYmVzdF9pbWFnZV91cmxnZW4uQzMifQ%3D%3D&amp;_nc_ohc=2SHrrgzVejkQ7kNvwG9hvxQ&amp;_nc_oc=AdpWn9_EDht0m586P6G3SVcBt-b66B-xmUWOiCLE6lERH1INfyGnSqHyvwi9S54nnE8&amp;_nc_zt=23&amp;_nc_ht=scontent-fra3-2.cdninstagram.com&amp;edm=ANo9K5cEAAAA&amp;_nc_gid=8Zu05cIDHTcVxSWpRlFs_A&amp;_nc_tpa=Q5bMBQEAqAh9_OkJAjQrlm6d-8vZVX_H8qgRj1x9GauKvgV3PymBDpNiNZAI4cpsDpXowkCanb5PMlHtww&amp;oh=00_Af5EClwgcKH_Gl8E4fjAaOsvbPJGm50tvxDQm0lkUhNPBQ&amp;oe=69FCAB4B&quot;,&quot;320&quot;:&quot;https:\\\/\\\/scontent-fra3-2.cdninstagram.com\\\/v\\\/t51.82787-15\\\/661639581_17920923822297391_3873677216241968650_n.jpg?stp=dst-jpg_e35_tt6&amp;_nc_cat=111&amp;ccb=7-5&amp;_nc_sid=18de74&amp;efg=eyJlZmdfdGFnIjoiQ0xJUFMuYmVzdF9pbWFnZV91cmxnZW4uQzMifQ%3D%3D&amp;_nc_ohc=2SHrrgzVejkQ7kNvwG9hvxQ&amp;_nc_oc=AdpWn9_EDht0m586P6G3SVcBt-b66B-xmUWOiCLE6lERH1INfyGnSqHyvwi9S54nnE8&amp;_nc_zt=23&amp;_nc_ht=scontent-fra3-2.cdninstagram.com&amp;edm=ANo9K5cEAAAA&amp;_nc_gid=8Zu05cIDHTcVxSWpRlFs_A&amp;_nc_tpa=Q5bMBQEAqAh9_OkJAjQrlm6d-8vZVX_H8qgRj1x9GauKvgV3PymBDpNiNZAI4cpsDpXowkCanb5PMlHtww&amp;oh=00_Af5EClwgcKH_Gl8E4fjAaOsvbPJGm50tvxDQm0lkUhNPBQ&amp;oe=69FCAB4B&quot;,&quot;640&quot;:&quot;https:\\\/\\\/scontent-fra3-2.cdninstagram.com\\\/v\\\/t51.82787-15\\\/661639581_17920923822297391_3873677216241968650_n.jpg?stp=dst-jpg_e35_tt6&amp;_nc_cat=111&amp;ccb=7-5&amp;_nc_sid=18de74&amp;efg=eyJlZmdfdGFnIjoiQ0xJUFMuYmVzdF9pbWFnZV91cmxnZW4uQzMifQ%3D%3D&amp;_nc_ohc=2SHrrgzVejkQ7kNvwG9hvxQ&amp;_nc_oc=AdpWn9_EDht0m586P6G3SVcBt-b66B-xmUWOiCLE6lERH1INfyGnSqHyvwi9S54nnE8&amp;_nc_zt=23&amp;_nc_ht=scontent-fra3-2.cdninstagram.com&amp;edm=ANo9K5cEAAAA&amp;_nc_gid=8Zu05cIDHTcVxSWpRlFs_A&amp;_nc_tpa=Q5bMBQEAqAh9_OkJAjQrlm6d-8vZVX_H8qgRj1x9GauKvgV3PymBDpNiNZAI4cpsDpXowkCanb5PMlHtww&amp;oh=00_Af5EClwgcKH_Gl8E4fjAaOsvbPJGm50tvxDQm0lkUhNPBQ&amp;oe=69FCAB4B&quot;}\">\n            <span class=\"sbi-screenreader\">Ein Tag f\u00fcr den Mittelstand. Ein Tag f\u00fcr die Men<\/span>\n            \t        <svg style=\"color: rgba(255,255,255,1)\" class=\"svg-inline--fa fa-play fa-w-14 sbi_playbtn\" aria-label=\"Play\" aria-hidden=\"true\" data-fa-processed=\"\" data-prefix=\"fa\" data-icon=\"play\" role=\"presentation\" xmlns=\"http:\/\/www.w3.org\/2000\/svg\" viewBox=\"0 0 448 512\"><path fill=\"currentColor\" d=\"M424.4 214.7L72.4 6.6C43.8-10.3 0 6.1 0 47.9V464c0 37.5 40.7 60.1 72.4 41.3l352-208c31.4-18.5 31.5-64.1 0-82.6z\"><\/path><\/svg>            <img decoding=\"async\" src=\"https:\/\/mu-niederbayern.de\/wp-content\/plugins\/instagram-feed\/img\/placeholder.png\" alt=\"Ein Tag f\u00fcr den Mittelstand. Ein Tag f\u00fcr die Menschen, die Verantwortung tragen \u2013 f\u00fcr ihre Heimat, ihre Mitarbeiter und die Zukunft unseres Landes. Am Samstag hat Gitta Connemann in Niederbayern eines klar gemacht: Deutschland braucht seinen Mittelstand. Und der Mittelstand braucht endlich mehr Freiheit, mehr Vertrauen und weniger Belastung.\n\nVielen Dank an\n\ud83d\udc49\ud83c\udffc @mcdonalds_landshut &amp; @astrideisenschinkrampf \n\ud83d\udc49\ud83c\udffc @leipfingerbader\n\ud83d\udc49\ud83c\udffc @einhell_dach \nf\u00fcr den eindrucksvollen Blick hinter die Kulissen ihrer Unternehmen. \n\n#wirsinddermittelstand #mit #mittelstand #niederbayern #eineunion\">\n        <\/a>\n    <\/div>\n<\/div><div class=\"sbi_item sbi_type_carousel sbi_new sbi_transition\" id=\"sbi_18262550704293180\" data-date=\"1774875212\">\n    <div class=\"sbi_photo_wrap\">\n        <a class=\"sbi_photo\" href=\"https:\/\/www.instagram.com\/p\/DWgmDDtiMva\/\" target=\"_blank\" rel=\"noopener nofollow\" data-full-res=\"https:\/\/scontent-fra5-1.cdninstagram.com\/v\/t51.82787-15\/657956432_17920762428297391_2712553327424790268_n.jpg?stp=dst-jpg_e35_tt6&#038;_nc_cat=102&#038;ccb=7-5&#038;_nc_sid=18de74&#038;efg=eyJlZmdfdGFnIjoiQ0FST1VTRUxfSVRFTS5iZXN0X2ltYWdlX3VybGdlbi5DMyJ9&#038;_nc_ohc=6ZeJU4OJ7H0Q7kNvwHJorrp&#038;_nc_oc=AdqqJVEVz3IBAoikANYPg4J0x5K56LAqPFUawcy5nXUh00KCwRXAa9vcFXPYMdGZOIk&#038;_nc_zt=23&#038;_nc_ht=scontent-fra5-1.cdninstagram.com&#038;edm=ANo9K5cEAAAA&#038;_nc_gid=8Zu05cIDHTcVxSWpRlFs_A&#038;_nc_tpa=Q5bMBQG5fxCskZZO5DqGjJXoLMhd9s0kVQlqbbIUeqhBDNe7FKVvXx-udoszSWXhXz-77ZZ8fz06O9c_WQ&#038;oh=00_Af5yjmi2MrALaY45LaAilDV-Jn-eAw8ultshI3TkKBc0mg&#038;oe=69FC93B1\" data-img-src-set=\"{&quot;d&quot;:&quot;https:\\\/\\\/scontent-fra5-1.cdninstagram.com\\\/v\\\/t51.82787-15\\\/657956432_17920762428297391_2712553327424790268_n.jpg?stp=dst-jpg_e35_tt6&amp;_nc_cat=102&amp;ccb=7-5&amp;_nc_sid=18de74&amp;efg=eyJlZmdfdGFnIjoiQ0FST1VTRUxfSVRFTS5iZXN0X2ltYWdlX3VybGdlbi5DMyJ9&amp;_nc_ohc=6ZeJU4OJ7H0Q7kNvwHJorrp&amp;_nc_oc=AdqqJVEVz3IBAoikANYPg4J0x5K56LAqPFUawcy5nXUh00KCwRXAa9vcFXPYMdGZOIk&amp;_nc_zt=23&amp;_nc_ht=scontent-fra5-1.cdninstagram.com&amp;edm=ANo9K5cEAAAA&amp;_nc_gid=8Zu05cIDHTcVxSWpRlFs_A&amp;_nc_tpa=Q5bMBQG5fxCskZZO5DqGjJXoLMhd9s0kVQlqbbIUeqhBDNe7FKVvXx-udoszSWXhXz-77ZZ8fz06O9c_WQ&amp;oh=00_Af5yjmi2MrALaY45LaAilDV-Jn-eAw8ultshI3TkKBc0mg&amp;oe=69FC93B1&quot;,&quot;150&quot;:&quot;https:\\\/\\\/scontent-fra5-1.cdninstagram.com\\\/v\\\/t51.82787-15\\\/657956432_17920762428297391_2712553327424790268_n.jpg?stp=dst-jpg_e35_tt6&amp;_nc_cat=102&amp;ccb=7-5&amp;_nc_sid=18de74&amp;efg=eyJlZmdfdGFnIjoiQ0FST1VTRUxfSVRFTS5iZXN0X2ltYWdlX3VybGdlbi5DMyJ9&amp;_nc_ohc=6ZeJU4OJ7H0Q7kNvwHJorrp&amp;_nc_oc=AdqqJVEVz3IBAoikANYPg4J0x5K56LAqPFUawcy5nXUh00KCwRXAa9vcFXPYMdGZOIk&amp;_nc_zt=23&amp;_nc_ht=scontent-fra5-1.cdninstagram.com&amp;edm=ANo9K5cEAAAA&amp;_nc_gid=8Zu05cIDHTcVxSWpRlFs_A&amp;_nc_tpa=Q5bMBQG5fxCskZZO5DqGjJXoLMhd9s0kVQlqbbIUeqhBDNe7FKVvXx-udoszSWXhXz-77ZZ8fz06O9c_WQ&amp;oh=00_Af5yjmi2MrALaY45LaAilDV-Jn-eAw8ultshI3TkKBc0mg&amp;oe=69FC93B1&quot;,&quot;320&quot;:&quot;https:\\\/\\\/scontent-fra5-1.cdninstagram.com\\\/v\\\/t51.82787-15\\\/657956432_17920762428297391_2712553327424790268_n.jpg?stp=dst-jpg_e35_tt6&amp;_nc_cat=102&amp;ccb=7-5&amp;_nc_sid=18de74&amp;efg=eyJlZmdfdGFnIjoiQ0FST1VTRUxfSVRFTS5iZXN0X2ltYWdlX3VybGdlbi5DMyJ9&amp;_nc_ohc=6ZeJU4OJ7H0Q7kNvwHJorrp&amp;_nc_oc=AdqqJVEVz3IBAoikANYPg4J0x5K56LAqPFUawcy5nXUh00KCwRXAa9vcFXPYMdGZOIk&amp;_nc_zt=23&amp;_nc_ht=scontent-fra5-1.cdninstagram.com&amp;edm=ANo9K5cEAAAA&amp;_nc_gid=8Zu05cIDHTcVxSWpRlFs_A&amp;_nc_tpa=Q5bMBQG5fxCskZZO5DqGjJXoLMhd9s0kVQlqbbIUeqhBDNe7FKVvXx-udoszSWXhXz-77ZZ8fz06O9c_WQ&amp;oh=00_Af5yjmi2MrALaY45LaAilDV-Jn-eAw8ultshI3TkKBc0mg&amp;oe=69FC93B1&quot;,&quot;640&quot;:&quot;https:\\\/\\\/scontent-fra5-1.cdninstagram.com\\\/v\\\/t51.82787-15\\\/657956432_17920762428297391_2712553327424790268_n.jpg?stp=dst-jpg_e35_tt6&amp;_nc_cat=102&amp;ccb=7-5&amp;_nc_sid=18de74&amp;efg=eyJlZmdfdGFnIjoiQ0FST1VTRUxfSVRFTS5iZXN0X2ltYWdlX3VybGdlbi5DMyJ9&amp;_nc_ohc=6ZeJU4OJ7H0Q7kNvwHJorrp&amp;_nc_oc=AdqqJVEVz3IBAoikANYPg4J0x5K56LAqPFUawcy5nXUh00KCwRXAa9vcFXPYMdGZOIk&amp;_nc_zt=23&amp;_nc_ht=scontent-fra5-1.cdninstagram.com&amp;edm=ANo9K5cEAAAA&amp;_nc_gid=8Zu05cIDHTcVxSWpRlFs_A&amp;_nc_tpa=Q5bMBQG5fxCskZZO5DqGjJXoLMhd9s0kVQlqbbIUeqhBDNe7FKVvXx-udoszSWXhXz-77ZZ8fz06O9c_WQ&amp;oh=00_Af5yjmi2MrALaY45LaAilDV-Jn-eAw8ultshI3TkKBc0mg&amp;oe=69FC93B1&quot;}\">\n            <span class=\"sbi-screenreader\">Systemgastronomie ist Mittelstand. Und sie lebt vo<\/span>\n            <svg class=\"svg-inline--fa fa-clone fa-w-16 sbi_lightbox_carousel_icon\" aria-hidden=\"true\" aria-label=\"Clone\" data-fa-pro\u0192cessed=\"\" data-prefix=\"far\" data-icon=\"clone\" role=\"img\" xmlns=\"http:\/\/www.w3.org\/2000\/svg\" viewBox=\"0 0 512 512\">\n\t                <path fill=\"currentColor\" d=\"M464 0H144c-26.51 0-48 21.49-48 48v48H48c-26.51 0-48 21.49-48 48v320c0 26.51 21.49 48 48 48h320c26.51 0 48-21.49 48-48v-48h48c26.51 0 48-21.49 48-48V48c0-26.51-21.49-48-48-48zM362 464H54a6 6 0 0 1-6-6V150a6 6 0 0 1 6-6h42v224c0 26.51 21.49 48 48 48h224v42a6 6 0 0 1-6 6zm96-96H150a6 6 0 0 1-6-6V54a6 6 0 0 1 6-6h308a6 6 0 0 1 6 6v308a6 6 0 0 1-6 6z\"><\/path>\n\t            <\/svg>\t                    <img decoding=\"async\" src=\"https:\/\/mu-niederbayern.de\/wp-content\/plugins\/instagram-feed\/img\/placeholder.png\" alt=\"Systemgastronomie ist Mittelstand. Und sie lebt von Menschen, Verantwortung und Flexibilit\u00e4t \ud83c\udf54\ud83d\ude4c\ud83c\udffc\n\nBei der dritten Station unserer Tour durften wir eines von f\u00fcnf McDonald\u2019s-Restaurants von @astrideisenschinkrampf besichtigen. Schnell wurde deutlich: Hinter einer weltbekannten Marke steht vor Ort keine anonyme Konzernstruktur, sondern eine beeindruckende Unternehmerin, die in zweiter Generation Verantwortung tr\u00e4gt und mit gro\u00dfem Einsatz f\u00fchrt.\n\nDie Zahlen zeigen, welche Leistung hier jeden Tag erbracht wird:\n\ud83d\udc49\ud83c\udffb 5 Restaurants mit rund 350 Mitarbeiterinnen und Mitarbeitern\n\ud83d\udc49\ud83c\udffb rund 800 G\u00e4ste pro Tag, bis zu 1.200 am Wochenende\n\ud83d\udc49\ud83c\udffb rund 40 Prozent des Gesch\u00e4fts \u00fcber den Drive-Bereich\n\ud83d\udc49\ud83c\udffb 48 Prozent Frauen in Vollzeit und 54 Prozent Frauen in Teilzeit\n\ud83d\udc49\ud83c\udffb 60 Prozent Frauen im Management\n\ud83d\udc49\ud83c\udffb rund 50 Prozent der Azubis kommen aus dem Ausland\n\nGerade diese Struktur macht deutlich, worauf es in der Praxis ankommt: flexible Arbeitszeiten, Verl\u00e4sslichkeit und Menschen, die arbeiten wollen. Teilzeit ist hier kein Nebenthema und schon gar kein \u201eLifestyle\u201c, sondern ein zentraler Erfolgsfaktor f\u00fcr den Betrieb.\n\nKlar benannt wurden auch die Herausforderungen:\n\u25aa\ufe0f energieintensive Branche\n\u25aa\ufe0f hoher Personalbedarf\n\u25aa\ufe0f flexible Arbeitszeiten sind unverzichtbar\n\u25aa\ufe0f Leistung muss sich wieder lohnen\n\nUnser herzlicher Dank gilt Astrid Eisenschink-Rampf f\u00fcr die offenen Einblicke, ihre klare Haltung und ihre beeindruckende unternehmerische Leistung. Sie zeigt beispielhaft, wie viel Mittelstand, F\u00fchrungsst\u00e4rke und Verantwortung auch dort steckt, wo viele zuerst nur eine gro\u00dfe Marke sehen.\">\n        <\/a>\n    <\/div>\n<\/div>    <\/div>\n\n\t<div id=\"sbi_load\" >\n\n\t\t\t<a class=\"sbi_load_btn\" href=\"javascript:void(0);\">\n\t\t\t<span class=\"sbi_btn_text\">Mehr laden<\/span>\n\t\t\t<span class=\"sbi_loader sbi_hidden\" style=\"background-color: rgb(255, 255, 255);\" aria-hidden=\"true\"><\/span>\n\t\t<\/a>\n\t\n\t\t\t<span class=\"sbi_follow_btn sbi_custom\">\n        <a href=\"https:\/\/www.instagram.com\/mu_niederbayern\/\" style=\"background: rgb(64,139,209);\" target=\"_blank\" rel=\"nofollow noopener\">\n            <svg class=\"svg-inline--fa fa-instagram fa-w-14\" aria-hidden=\"true\" data-fa-processed=\"\" aria-label=\"Instagram\" data-prefix=\"fab\" data-icon=\"instagram\" role=\"img\" viewBox=\"0 0 448 512\">\n\t                <path fill=\"currentColor\" d=\"M224.1 141c-63.6 0-114.9 51.3-114.9 114.9s51.3 114.9 114.9 114.9S339 319.5 339 255.9 287.7 141 224.1 141zm0 189.6c-41.1 0-74.7-33.5-74.7-74.7s33.5-74.7 74.7-74.7 74.7 33.5 74.7 74.7-33.6 74.7-74.7 74.7zm146.4-194.3c0 14.9-12 26.8-26.8 26.8-14.9 0-26.8-12-26.8-26.8s12-26.8 26.8-26.8 26.8 12 26.8 26.8zm76.1 27.2c-1.7-35.9-9.9-67.7-36.2-93.9-26.2-26.2-58-34.4-93.9-36.2-37-2.1-147.9-2.1-184.9 0-35.8 1.7-67.6 9.9-93.9 36.1s-34.4 58-36.2 93.9c-2.1 37-2.1 147.9 0 184.9 1.7 35.9 9.9 67.7 36.2 93.9s58 34.4 93.9 36.2c37 2.1 147.9 2.1 184.9 0 35.9-1.7 67.7-9.9 93.9-36.2 26.2-26.2 34.4-58 36.2-93.9 2.1-37 2.1-147.8 0-184.8zM398.8 388c-7.8 19.6-22.9 34.7-42.6 42.6-29.5 11.7-99.5 9-132.1 9s-102.7 2.6-132.1-9c-19.6-7.8-34.7-22.9-42.6-42.6-11.7-29.5-9-99.5-9-132.1s-2.6-102.7 9-132.1c7.8-19.6 22.9-34.7 42.6-42.6 29.5-11.7 99.5-9 132.1-9s102.7-2.6 132.1 9c19.6 7.8 34.7 22.9 42.6 42.6 11.7 29.5 9 99.5 9 132.1s2.7 102.7-9 132.1z\"><\/path>\n\t            <\/svg>            <span>Auf Instagram folgen<\/span>\n        <\/a>\n    <\/span>\n\t\n<\/div>\n\n\t    <span class=\"sbi_resized_image_data\" data-feed-id=\"*1\" data-resized=\"{&quot;18262550704293180&quot;:{&quot;id&quot;:&quot;657956432_17920762428297391_2712553327424790268_n&quot;,&quot;ratio&quot;:&quot;0.80&quot;,&quot;sizes&quot;:{&quot;full&quot;:640,&quot;low&quot;:320,&quot;thumb&quot;:150},&quot;extension&quot;:&quot;.webp&quot;},&quot;17943212009997995&quot;:{&quot;id&quot;:&quot;661639581_17920923822297391_3873677216241968650_n&quot;,&quot;ratio&quot;:&quot;0.56&quot;,&quot;sizes&quot;:{&quot;full&quot;:640,&quot;low&quot;:320,&quot;thumb&quot;:150},&quot;extension&quot;:&quot;.webp&quot;},&quot;18028089965802294&quot;:{&quot;id&quot;:&quot;656910229_17920975872297391_2075501123498111664_n&quot;,&quot;ratio&quot;:&quot;0.56&quot;,&quot;sizes&quot;:{&quot;full&quot;:640,&quot;low&quot;:320,&quot;thumb&quot;:150},&quot;extension&quot;:&quot;.webp&quot;},&quot;18119905198621763&quot;:{&quot;id&quot;:&quot;659389146_17921181957297391_3244443997676604777_n&quot;,&quot;ratio&quot;:&quot;0.56&quot;,&quot;sizes&quot;:{&quot;full&quot;:640,&quot;low&quot;:320,&quot;thumb&quot;:150},&quot;extension&quot;:&quot;.webp&quot;},&quot;18085524080577900&quot;:{&quot;id&quot;:&quot;683573315_17925519369297391_3631396453442121423_n&quot;,&quot;ratio&quot;:&quot;0.80&quot;,&quot;sizes&quot;:{&quot;full&quot;:640,&quot;low&quot;:320,&quot;thumb&quot;:150},&quot;extension&quot;:&quot;.webp&quot;},&quot;18098042752858846&quot;:{&quot;id&quot;:&quot;681398251_17925497259297391_2682200053105921773_n&quot;,&quot;ratio&quot;:&quot;0.80&quot;,&quot;sizes&quot;:{&quot;full&quot;:640,&quot;low&quot;:320,&quot;thumb&quot;:150},&quot;extension&quot;:&quot;.webp&quot;},&quot;18104259544767610&quot;:{&quot;id&quot;:&quot;683642591_17925596568297391_8706627123554588644_n&quot;,&quot;ratio&quot;:&quot;0.56&quot;,&quot;sizes&quot;:{&quot;full&quot;:640,&quot;low&quot;:320,&quot;thumb&quot;:150},&quot;extension&quot;:&quot;.webp&quot;},&quot;17881099536417814&quot;:{&quot;id&quot;:&quot;683830411_17925584883297391_7089799467662214079_n&quot;,&quot;ratio&quot;:&quot;0.80&quot;,&quot;sizes&quot;:{&quot;full&quot;:640,&quot;low&quot;:320,&quot;thumb&quot;:150},&quot;extension&quot;:&quot;.webp&quot;}}\">\n\t<\/span>\n\t<\/div>\n\n\t\t\t\t<\/div>\n\t\t\t\t<\/div>\n\t\t\t\t\t<\/div>\n\t\t\t\t<\/div>\n\t\t<div class=\"elementor-element elementor-element-76aac50 e-flex e-con-boxed e-con e-parent\" data-id=\"76aac50\" data-element_type=\"container\">\n\t\t\t\t\t<div class=\"e-con-inner\">\n\t\t\t\t<div class=\"elementor-element elementor-element-5856b3c elementor-widget elementor-widget-spacer\" data-id=\"5856b3c\" data-element_type=\"widget\" data-widget_type=\"spacer.default\">\n\t\t\t\t<div class=\"elementor-widget-container\">\n\t\t\t\t\t\t\t<div class=\"elementor-spacer\">\n\t\t\t<div class=\"elementor-spacer-inner\"><\/div>\n\t\t<\/div>\n\t\t\t\t\t\t<\/div>\n\t\t\t\t<\/div>\n\t\t\t\t\t<\/div>\n\t\t\t\t<\/div>\n\t\t<div class=\"elementor-element elementor-element-56743ead e-flex e-con-boxed e-con e-parent\" data-id=\"56743ead\" data-element_type=\"container\" data-settings=\"{&quot;background_background&quot;:&quot;classic&quot;}\">\n\t\t\t\t\t<div class=\"e-con-inner\">\n\t\t<div class=\"elementor-element elementor-element-a778e24 e-con-full e-flex e-con e-child\" data-id=\"a778e24\" data-element_type=\"container\">\n\t\t\t\t<div class=\"elementor-element elementor-element-3f967542 elementor-widget elementor-widget-image\" data-id=\"3f967542\" data-element_type=\"widget\" data-widget_type=\"image.default\">\n\t\t\t\t<div class=\"elementor-widget-container\">\n\t\t\t\t\t\t\t\t\t\t\t\t\t\t\t<img loading=\"lazy\" decoding=\"async\" width=\"300\" height=\"159\" src=\"https:\/\/mu-niederbayern.de\/wp-content\/uploads\/2024\/11\/csu-logo-1c_neg-web-300x159.png\" class=\"attachment-medium size-medium wp-image-135\" alt=\"\" srcset=\"https:\/\/mu-niederbayern.de\/wp-content\/uploads\/2024\/11\/csu-logo-1c_neg-web-300x159.png 300w, https:\/\/mu-niederbayern.de\/wp-content\/uploads\/2024\/11\/csu-logo-1c_neg-web.png 512w\" sizes=\"(max-width: 300px) 100vw, 300px\" \/>\t\t\t\t\t\t\t\t\t\t\t\t\t\t\t<\/div>\n\t\t\t\t<\/div>\n\t\t\t\t<\/div>\n\t\t<div class=\"elementor-element elementor-element-5fde982 e-con-full e-flex e-con e-child\" data-id=\"5fde982\" data-element_type=\"container\">\n\t\t\t\t<div class=\"elementor-element elementor-element-2206dc1f elementor-widget elementor-widget-text-editor\" data-id=\"2206dc1f\" data-element_type=\"widget\" data-widget_type=\"text-editor.default\">\n\t\t\t\t<div class=\"elementor-widget-container\">\n\t\t\t\t\t\t\t\t\t<p>Bezirksvorsitzender Dipl.-Ing. (FH) Peter Erl<br \/>Bezirksgesch\u00e4ftsstelle Straubing<br \/>M\u00fchlsteingasse 7<br \/>94315 Straubing<br \/>Telefon: 09421-189950<\/p>\t\t\t\t\t\t\t\t<\/div>\n\t\t\t\t<\/div>\n\t\t\t\t<\/div>\n\t\t<div class=\"elementor-element elementor-element-45b1557d e-con-full e-flex e-con e-child\" data-id=\"45b1557d\" data-element_type=\"container\">\n\t\t\t\t<div class=\"elementor-element elementor-element-3d1f178a elementor-shape-circle elementor-grid-2 e-grid-align-center elementor-widget elementor-widget-social-icons\" data-id=\"3d1f178a\" data-element_type=\"widget\" data-widget_type=\"social-icons.default\">\n\t\t\t\t<div class=\"elementor-widget-container\">\n\t\t\t\t\t\t\t<div class=\"elementor-social-icons-wrapper elementor-grid\">\n\t\t\t\t\t\t\t<span class=\"elementor-grid-item\">\n\t\t\t\t\t<a class=\"elementor-icon elementor-social-icon elementor-social-icon-facebook elementor-repeater-item-865b53c\" href=\"https:\/\/www.facebook.com\/mu.niederbayern\" target=\"_blank\">\n\t\t\t\t\t\t<span class=\"elementor-screen-only\">Facebook<\/span>\n\t\t\t\t\t\t<svg class=\"e-font-icon-svg e-fab-facebook\" viewBox=\"0 0 512 512\" xmlns=\"http:\/\/www.w3.org\/2000\/svg\"><path d=\"M504 256C504 119 393 8 256 8S8 119 8 256c0 123.78 90.69 226.38 209.25 245V327.69h-63V256h63v-54.64c0-62.15 37-96.48 93.67-96.48 27.14 0 55.52 4.84 55.52 4.84v61h-31.28c-30.8 0-40.41 19.12-40.41 38.73V256h68.78l-11 71.69h-57.78V501C413.31 482.38 504 379.78 504 256z\"><\/path><\/svg>\t\t\t\t\t<\/a>\n\t\t\t\t<\/span>\n\t\t\t\t\t\t\t<span class=\"elementor-grid-item\">\n\t\t\t\t\t<a class=\"elementor-icon elementor-social-icon elementor-social-icon-instagram elementor-repeater-item-dfe71c9\" href=\"https:\/\/www.instagram.com\/mu_niederbayern\/\" target=\"_blank\">\n\t\t\t\t\t\t<span class=\"elementor-screen-only\">Instagram<\/span>\n\t\t\t\t\t\t<svg class=\"e-font-icon-svg e-fab-instagram\" viewBox=\"0 0 448 512\" xmlns=\"http:\/\/www.w3.org\/2000\/svg\"><path d=\"M224.1 141c-63.6 0-114.9 51.3-114.9 114.9s51.3 114.9 114.9 114.9S339 319.5 339 255.9 287.7 141 224.1 141zm0 189.6c-41.1 0-74.7-33.5-74.7-74.7s33.5-74.7 74.7-74.7 74.7 33.5 74.7 74.7-33.6 74.7-74.7 74.7zm146.4-194.3c0 14.9-12 26.8-26.8 26.8-14.9 0-26.8-12-26.8-26.8s12-26.8 26.8-26.8 26.8 12 26.8 26.8zm76.1 27.2c-1.7-35.9-9.9-67.7-36.2-93.9-26.2-26.2-58-34.4-93.9-36.2-37-2.1-147.9-2.1-184.9 0-35.8 1.7-67.6 9.9-93.9 36.1s-34.4 58-36.2 93.9c-2.1 37-2.1 147.9 0 184.9 1.7 35.9 9.9 67.7 36.2 93.9s58 34.4 93.9 36.2c37 2.1 147.9 2.1 184.9 0 35.9-1.7 67.7-9.9 93.9-36.2 26.2-26.2 34.4-58 36.2-93.9 2.1-37 2.1-147.8 0-184.8zM398.8 388c-7.8 19.6-22.9 34.7-42.6 42.6-29.5 11.7-99.5 9-132.1 9s-102.7 2.6-132.1-9c-19.6-7.8-34.7-22.9-42.6-42.6-11.7-29.5-9-99.5-9-132.1s-2.6-102.7 9-132.1c7.8-19.6 22.9-34.7 42.6-42.6 29.5-11.7 99.5-9 132.1-9s102.7-2.6 132.1 9c19.6 7.8 34.7 22.9 42.6 42.6 11.7 29.5 9 99.5 9 132.1s2.7 102.7-9 132.1z\"><\/path><\/svg>\t\t\t\t\t<\/a>\n\t\t\t\t<\/span>\n\t\t\t\t\t<\/div>\n\t\t\t\t\t\t<\/div>\n\t\t\t\t<\/div>\n\t\t\t\t<div class=\"elementor-element elementor-element-4517bff5 elementor-widget elementor-widget-text-editor\" data-id=\"4517bff5\" data-element_type=\"widget\" data-widget_type=\"text-editor.default\">\n\t\t\t\t<div class=\"elementor-widget-container\">\n\t\t\t\t\t\t\t\t\t<p><a href=\"https:\/\/mu-niederbayern.de\/?page_id=39\">Impressum<\/a><br \/><a href=\"https:\/\/mu-niederbayern.de\/?page_id=82\">Datenschutz<\/a><\/p>\t\t\t\t\t\t\t\t<\/div>\n\t\t\t\t<\/div>\n\t\t\t\t<\/div>\n\t\t\t\t\t<\/div>\n\t\t\t\t<\/div>\n\t\t\t\t<\/div>\n\t\t","protected":false},"excerpt":{"rendered":"<p>Leistung wird sich wieder lohnen! Ihr Bezirksvorsitzender Dipl.-Ing. (FH) Peter Erl Gr\u00fc\u00df Gott bei der Mittelstands-Union Niederbayern, Die Mittelstands-Union Bayern [&hellip;]<\/p>\n","protected":false},"author":1,"featured_media":0,"parent":0,"menu_order":0,"comment_status":"closed","ping_status":"closed","template":"","meta":{"site-sidebar-layout":"no-sidebar","site-content-layout":"","ast-site-content-layout":"full-width-container","site-content-style":"default","site-sidebar-style":"default","ast-global-header-display":"","ast-banner-title-visibility":"","ast-main-header-display":"","ast-hfb-above-header-display":"","ast-hfb-below-header-display":"","ast-hfb-mobile-header-display":"","site-post-title":"disabled","ast-breadcrumbs-content":"","ast-featured-img":"disabled","footer-sml-layout":"","theme-transparent-header-meta":"","adv-header-id-meta":"","stick-header-meta":"","header-above-stick-meta":"","header-main-stick-meta":"","header-below-stick-meta":"","astra-migrate-meta-layouts":"default","ast-page-background-enabled":"default","ast-page-background-meta":{"desktop":{"background-color":"var(--ast-global-color-4)","background-image":"","background-repeat":"repeat","background-position":"center center","background-size":"auto","background-attachment":"scroll","background-type":"","background-media":"","overlay-type":"","overlay-color":"","overlay-opacity":"","overlay-gradient":""},"tablet":{"background-color":"","background-image":"","background-repeat":"repeat","background-position":"center center","background-size":"auto","background-attachment":"scroll","background-type":"","background-media":"","overlay-type":"","overlay-color":"","overlay-opacity":"","overlay-gradient":""},"mobile":{"background-color":"","background-image":"","background-repeat":"repeat","background-position":"center center","background-size":"auto","background-attachment":"scroll","background-type":"","background-media":"","overlay-type":"","overlay-color":"","overlay-opacity":"","overlay-gradient":""}},"ast-content-background-meta":{"desktop":{"background-color":"var(--ast-global-color-5)","background-image":"","background-repeat":"repeat","background-position":"center center","background-size":"auto","background-attachment":"scroll","background-type":"","background-media":"","overlay-type":"","overlay-color":"","overlay-opacity":"","overlay-gradient":""},"tablet":{"background-color":"var(--ast-global-color-5)","background-image":"","background-repeat":"repeat","background-position":"center center","background-size":"auto","background-attachment":"scroll","background-type":"","background-media":"","overlay-type":"","overlay-color":"","overlay-opacity":"","overlay-gradient":""},"mobile":{"background-color":"var(--ast-global-color-5)","background-image":"","background-repeat":"repeat","background-position":"center center","background-size":"auto","background-attachment":"scroll","background-type":"","background-media":"","overlay-type":"","overlay-color":"","overlay-opacity":"","overlay-gradient":""}},"footnotes":""},"class_list":["post-8","page","type-page","status-publish","hentry"],"yoast_head":"<!-- This site is optimized with the Yoast SEO plugin v24.1 - https:\/\/yoast.com\/wordpress\/plugins\/seo\/ -->\n<title>Startseite - Mittelstandsunion Niederbayern<\/title>\n<meta name=\"robots\" content=\"index, follow, max-snippet:-1, max-image-preview:large, max-video-preview:-1\" \/>\n<link rel=\"canonical\" href=\"https:\/\/mu-niederbayern.de\/\" \/>\n<meta property=\"og:locale\" content=\"de_DE\" \/>\n<meta property=\"og:type\" content=\"article\" \/>\n<meta property=\"og:title\" content=\"Startseite - Mittelstandsunion Niederbayern\" \/>\n<meta property=\"og:description\" content=\"Leistung wird sich wieder lohnen! Ihr Bezirksvorsitzender Dipl.-Ing. (FH) Peter Erl Gr\u00fc\u00df Gott bei der Mittelstands-Union Niederbayern, Die Mittelstands-Union Bayern [&hellip;]\" \/>\n<meta property=\"og:url\" content=\"https:\/\/mu-niederbayern.de\/\" \/>\n<meta property=\"og:site_name\" content=\"Mittelstandsunion Niederbayern\" \/>\n<meta property=\"article:publisher\" content=\"https:\/\/www.facebook.com\/mu.niederbayern\" \/>\n<meta property=\"article:modified_time\" content=\"2025-02-18T14:29:38+00:00\" \/>\n<meta property=\"og:image\" content=\"https:\/\/mu-niederbayern.de\/wp-content\/uploads\/2024\/12\/Erl_Peter_4327-300x300.jpg\" \/>\n<meta name=\"twitter:card\" content=\"summary_large_image\" \/>\n<meta name=\"twitter:label1\" content=\"Gesch\u00e4tzte Lesezeit\" \/>\n\t<meta name=\"twitter:data1\" content=\"5\u00a0Minuten\" \/>\n<script type=\"application\/ld+json\" class=\"yoast-schema-graph\">{\"@context\":\"https:\/\/schema.org\",\"@graph\":[{\"@type\":\"WebPage\",\"@id\":\"https:\/\/mu-niederbayern.de\/\",\"url\":\"https:\/\/mu-niederbayern.de\/\",\"name\":\"Startseite - Mittelstandsunion Niederbayern\",\"isPartOf\":{\"@id\":\"https:\/\/mu-niederbayern.de\/#website\"},\"primaryImageOfPage\":{\"@id\":\"https:\/\/mu-niederbayern.de\/#primaryimage\"},\"image\":{\"@id\":\"https:\/\/mu-niederbayern.de\/#primaryimage\"},\"thumbnailUrl\":\"https:\/\/mu-niederbayern.de\/wp-content\/uploads\/2024\/12\/Erl_Peter_4327-300x300.jpg\",\"datePublished\":\"2024-11-17T01:04:25+00:00\",\"dateModified\":\"2025-02-18T14:29:38+00:00\",\"breadcrumb\":{\"@id\":\"https:\/\/mu-niederbayern.de\/#breadcrumb\"},\"inLanguage\":\"de\",\"potentialAction\":[{\"@type\":\"ReadAction\",\"target\":[\"https:\/\/mu-niederbayern.de\/\"]}]},{\"@type\":\"ImageObject\",\"inLanguage\":\"de\",\"@id\":\"https:\/\/mu-niederbayern.de\/#primaryimage\",\"url\":\"https:\/\/mu-niederbayern.de\/wp-content\/uploads\/2024\/12\/Erl_Peter_4327.jpg\",\"contentUrl\":\"https:\/\/mu-niederbayern.de\/wp-content\/uploads\/2024\/12\/Erl_Peter_4327.jpg\",\"width\":1080,\"height\":1080},{\"@type\":\"BreadcrumbList\",\"@id\":\"https:\/\/mu-niederbayern.de\/#breadcrumb\",\"itemListElement\":[{\"@type\":\"ListItem\",\"position\":1,\"name\":\"Startseite\",\"item\":\"https:\/\/mu-niederbayern.de\/\"},{\"@type\":\"ListItem\",\"position\":2,\"name\":\"Startseite\"}]},{\"@type\":\"WebSite\",\"@id\":\"https:\/\/mu-niederbayern.de\/#website\",\"url\":\"https:\/\/mu-niederbayern.de\/\",\"name\":\"Mittelstandsunion Niederbayern\",\"description\":\"Wir sind ein starkes Unternehmer-Netzwerk\",\"publisher\":{\"@id\":\"https:\/\/mu-niederbayern.de\/#organization\"},\"potentialAction\":[{\"@type\":\"SearchAction\",\"target\":{\"@type\":\"EntryPoint\",\"urlTemplate\":\"https:\/\/mu-niederbayern.de\/?s={search_term_string}\"},\"query-input\":{\"@type\":\"PropertyValueSpecification\",\"valueRequired\":true,\"valueName\":\"search_term_string\"}}],\"inLanguage\":\"de\"},{\"@type\":\"Organization\",\"@id\":\"https:\/\/mu-niederbayern.de\/#organization\",\"name\":\"Mittelstandsunion Niederbayern\",\"url\":\"https:\/\/mu-niederbayern.de\/\",\"logo\":{\"@type\":\"ImageObject\",\"inLanguage\":\"de\",\"@id\":\"https:\/\/mu-niederbayern.de\/#\/schema\/logo\/image\/\",\"url\":\"https:\/\/mu-niederbayern.de\/wp-content\/uploads\/2024\/11\/cropped-csu-logo-4c_pos-web.png\",\"contentUrl\":\"https:\/\/mu-niederbayern.de\/wp-content\/uploads\/2024\/11\/cropped-csu-logo-4c_pos-web.png\",\"width\":512,\"height\":271,\"caption\":\"Mittelstandsunion Niederbayern\"},\"image\":{\"@id\":\"https:\/\/mu-niederbayern.de\/#\/schema\/logo\/image\/\"},\"sameAs\":[\"https:\/\/www.facebook.com\/mu.niederbayern\",\"https:\/\/www.instagram.com\/mu_niederbayern\/\"]}]}<\/script>\n<!-- \/ Yoast SEO plugin. -->","yoast_head_json":{"title":"Startseite - Mittelstandsunion Niederbayern","robots":{"index":"index","follow":"follow","max-snippet":"max-snippet:-1","max-image-preview":"max-image-preview:large","max-video-preview":"max-video-preview:-1"},"canonical":"https:\/\/mu-niederbayern.de\/","og_locale":"de_DE","og_type":"article","og_title":"Startseite - Mittelstandsunion Niederbayern","og_description":"Leistung wird sich wieder lohnen! Ihr Bezirksvorsitzender Dipl.-Ing. (FH) Peter Erl Gr\u00fc\u00df Gott bei der Mittelstands-Union Niederbayern, Die Mittelstands-Union Bayern [&hellip;]","og_url":"https:\/\/mu-niederbayern.de\/","og_site_name":"Mittelstandsunion Niederbayern","article_publisher":"https:\/\/www.facebook.com\/mu.niederbayern","article_modified_time":"2025-02-18T14:29:38+00:00","og_image":[{"url":"https:\/\/mu-niederbayern.de\/wp-content\/uploads\/2024\/12\/Erl_Peter_4327-300x300.jpg","type":"","width":"","height":""}],"twitter_card":"summary_large_image","twitter_misc":{"Gesch\u00e4tzte Lesezeit":"5\u00a0Minuten"},"schema":{"@context":"https:\/\/schema.org","@graph":[{"@type":"WebPage","@id":"https:\/\/mu-niederbayern.de\/","url":"https:\/\/mu-niederbayern.de\/","name":"Startseite - Mittelstandsunion Niederbayern","isPartOf":{"@id":"https:\/\/mu-niederbayern.de\/#website"},"primaryImageOfPage":{"@id":"https:\/\/mu-niederbayern.de\/#primaryimage"},"image":{"@id":"https:\/\/mu-niederbayern.de\/#primaryimage"},"thumbnailUrl":"https:\/\/mu-niederbayern.de\/wp-content\/uploads\/2024\/12\/Erl_Peter_4327-300x300.jpg","datePublished":"2024-11-17T01:04:25+00:00","dateModified":"2025-02-18T14:29:38+00:00","breadcrumb":{"@id":"https:\/\/mu-niederbayern.de\/#breadcrumb"},"inLanguage":"de","potentialAction":[{"@type":"ReadAction","target":["https:\/\/mu-niederbayern.de\/"]}]},{"@type":"ImageObject","inLanguage":"de","@id":"https:\/\/mu-niederbayern.de\/#primaryimage","url":"https:\/\/mu-niederbayern.de\/wp-content\/uploads\/2024\/12\/Erl_Peter_4327.jpg","contentUrl":"https:\/\/mu-niederbayern.de\/wp-content\/uploads\/2024\/12\/Erl_Peter_4327.jpg","width":1080,"height":1080},{"@type":"BreadcrumbList","@id":"https:\/\/mu-niederbayern.de\/#breadcrumb","itemListElement":[{"@type":"ListItem","position":1,"name":"Startseite","item":"https:\/\/mu-niederbayern.de\/"},{"@type":"ListItem","position":2,"name":"Startseite"}]},{"@type":"WebSite","@id":"https:\/\/mu-niederbayern.de\/#website","url":"https:\/\/mu-niederbayern.de\/","name":"Mittelstandsunion Niederbayern","description":"Wir sind ein starkes Unternehmer-Netzwerk","publisher":{"@id":"https:\/\/mu-niederbayern.de\/#organization"},"potentialAction":[{"@type":"SearchAction","target":{"@type":"EntryPoint","urlTemplate":"https:\/\/mu-niederbayern.de\/?s={search_term_string}"},"query-input":{"@type":"PropertyValueSpecification","valueRequired":true,"valueName":"search_term_string"}}],"inLanguage":"de"},{"@type":"Organization","@id":"https:\/\/mu-niederbayern.de\/#organization","name":"Mittelstandsunion Niederbayern","url":"https:\/\/mu-niederbayern.de\/","logo":{"@type":"ImageObject","inLanguage":"de","@id":"https:\/\/mu-niederbayern.de\/#\/schema\/logo\/image\/","url":"https:\/\/mu-niederbayern.de\/wp-content\/uploads\/2024\/11\/cropped-csu-logo-4c_pos-web.png","contentUrl":"https:\/\/mu-niederbayern.de\/wp-content\/uploads\/2024\/11\/cropped-csu-logo-4c_pos-web.png","width":512,"height":271,"caption":"Mittelstandsunion Niederbayern"},"image":{"@id":"https:\/\/mu-niederbayern.de\/#\/schema\/logo\/image\/"},"sameAs":["https:\/\/www.facebook.com\/mu.niederbayern","https:\/\/www.instagram.com\/mu_niederbayern\/"]}]}},"_links":{"self":[{"href":"https:\/\/mu-niederbayern.de\/index.php?rest_route=\/wp\/v2\/pages\/8","targetHints":{"allow":["GET"]}}],"collection":[{"href":"https:\/\/mu-niederbayern.de\/index.php?rest_route=\/wp\/v2\/pages"}],"about":[{"href":"https:\/\/mu-niederbayern.de\/index.php?rest_route=\/wp\/v2\/types\/page"}],"author":[{"embeddable":true,"href":"https:\/\/mu-niederbayern.de\/index.php?rest_route=\/wp\/v2\/users\/1"}],"replies":[{"embeddable":true,"href":"https:\/\/mu-niederbayern.de\/index.php?rest_route=%2Fwp%2Fv2%2Fcomments&post=8"}],"version-history":[{"count":103,"href":"https:\/\/mu-niederbayern.de\/index.php?rest_route=\/wp\/v2\/pages\/8\/revisions"}],"predecessor-version":[{"id":328,"href":"https:\/\/mu-niederbayern.de\/index.php?rest_route=\/wp\/v2\/pages\/8\/revisions\/328"}],"wp:attachment":[{"href":"https:\/\/mu-niederbayern.de\/index.php?rest_route=%2Fwp%2Fv2%2Fmedia&parent=8"}],"curies":[{"name":"wp","href":"https:\/\/api.w.org\/{rel}","templated":true}]}}