{"id":38,"date":"2024-11-17T00:59:28","date_gmt":"2024-11-16T23:59:28","guid":{"rendered":"https:\/\/wordpress.mu-niederbayern.de\/?page_id=38"},"modified":"2025-02-18T15:32:10","modified_gmt":"2025-02-18T14:32:10","slug":"kreisverbaende","status":"publish","type":"page","link":"https:\/\/mu-niederbayern.de\/?page_id=38","title":{"rendered":"Kreisverb\u00e4nde"},"content":{"rendered":"\t\t<div data-elementor-type=\"wp-page\" data-elementor-id=\"38\" class=\"elementor elementor-38\" data-elementor-post-type=\"page\">\n\t\t\t\t<div class=\"elementor-element elementor-element-b1a0c56 e-flex e-con-boxed e-con e-parent\" data-id=\"b1a0c56\" data-element_type=\"container\">\n\t\t\t\t\t<div class=\"e-con-inner\">\n\t\t\t\t<div class=\"elementor-element elementor-element-0403643 elementor-widget elementor-widget-spacer\" data-id=\"0403643\" data-element_type=\"widget\" data-widget_type=\"spacer.default\">\n\t\t\t\t<div class=\"elementor-widget-container\">\n\t\t\t\t\t\t\t<div class=\"elementor-spacer\">\n\t\t\t<div class=\"elementor-spacer-inner\"><\/div>\n\t\t<\/div>\n\t\t\t\t\t\t<\/div>\n\t\t\t\t<\/div>\n\t\t\t\t<div class=\"elementor-element elementor-element-5f7498a elementor-widget__width-initial elementor-widget elementor-widget-heading\" data-id=\"5f7498a\" data-element_type=\"widget\" data-widget_type=\"heading.default\">\n\t\t\t\t<div class=\"elementor-widget-container\">\n\t\t\t\t\t<h2 class=\"elementor-heading-title elementor-size-default\">Unsere Kreisverb\u00e4nde im Bezirk Niederbayern<\/h2>\t\t\t\t<\/div>\n\t\t\t\t<\/div>\n\t\t\t\t\t<\/div>\n\t\t\t\t<\/div>\n\t\t<div class=\"elementor-element elementor-element-23c3533 e-flex e-con-boxed e-con e-parent\" data-id=\"23c3533\" data-element_type=\"container\">\n\t\t\t\t\t<div class=\"e-con-inner\">\n\t\t<div class=\"elementor-element elementor-element-a08eb2f e-con-full e-flex e-con e-child\" data-id=\"a08eb2f\" data-element_type=\"container\">\n\t\t\t\t<div class=\"elementor-element elementor-element-e7160cd elementor-widget elementor-widget-image\" data-id=\"e7160cd\" data-element_type=\"widget\" data-widget_type=\"image.default\">\n\t\t\t\t<div class=\"elementor-widget-container\">\n\t\t\t\t\t\t\t\t\t\t\t\t\t\t\t<img fetchpriority=\"high\" decoding=\"async\" width=\"768\" height=\"501\" src=\"https:\/\/mu-niederbayern.de\/wp-content\/uploads\/2024\/11\/Karte-Bezirk-Niederbayernai-768x501.png\" class=\"attachment-medium_large size-medium_large wp-image-125\" alt=\"\" srcset=\"https:\/\/mu-niederbayern.de\/wp-content\/uploads\/2024\/11\/Karte-Bezirk-Niederbayernai-768x501.png 768w, https:\/\/mu-niederbayern.de\/wp-content\/uploads\/2024\/11\/Karte-Bezirk-Niederbayernai-300x196.png 300w, https:\/\/mu-niederbayern.de\/wp-content\/uploads\/2024\/11\/Karte-Bezirk-Niederbayernai-1024x668.png 1024w, https:\/\/mu-niederbayern.de\/wp-content\/uploads\/2024\/11\/Karte-Bezirk-Niederbayernai-1536x1002.png 1536w, https:\/\/mu-niederbayern.de\/wp-content\/uploads\/2024\/11\/Karte-Bezirk-Niederbayernai-2048x1336.png 2048w\" sizes=\"(max-width: 768px) 100vw, 768px\" \/>\t\t\t\t\t\t\t\t\t\t\t\t\t\t\t<\/div>\n\t\t\t\t<\/div>\n\t\t\t\t<\/div>\n\t\t<div class=\"elementor-element elementor-element-e97890d e-con-full e-flex e-con e-child\" data-id=\"e97890d\" data-element_type=\"container\">\n\t\t\t\t<div class=\"elementor-element elementor-element-c8d05f7 elementor-widget elementor-widget-text-editor\" data-id=\"c8d05f7\" data-element_type=\"widget\" data-widget_type=\"text-editor.default\">\n\t\t\t\t<div class=\"elementor-widget-container\">\n\t\t\t\t\t\t\t\t\t<p>Die Kreisverb\u00e4nde der Mittelstands-Union (MU) Niederbayern setzen sich mit Leidenschaft f\u00fcr die Interessen des Mittelstands in der Region ein. Mit lokalen Ansprechpartnern vor Ort sind sie das Bindeglied zwischen Unternehmern, Handwerkern und Politik. Gemeinsam arbeiten sie daran, die wirtschaftlichen Rahmenbedingungen zu verbessern, Innovationen zu f\u00f6rdern und die Wettbewerbsf\u00e4higkeit des Mittelstands nachhaltig zu sichern. Ob Veranstaltungen, Netzwerktreffen oder politische Initiativen \u2013 die Kreisverb\u00e4nde bieten eine starke Plattform f\u00fcr den Austausch und die Unterst\u00fctzung mittelst\u00e4ndischer Unternehmen in ganz Niederbayern.<\/p><p>W\u00e4hlen Sie hier den Kreisverband in Ihrer N\u00e4he aus:<\/p>\t\t\t\t\t\t\t\t<\/div>\n\t\t\t\t<\/div>\n\t\t\t\t<\/div>\n\t\t\t\t\t<\/div>\n\t\t\t\t<\/div>\n\t\t<div class=\"elementor-element elementor-element-4b364a7 e-flex e-con-boxed e-con e-parent\" data-id=\"4b364a7\" data-element_type=\"container\">\n\t\t\t\t\t<div class=\"e-con-inner\">\n\t\t<div class=\"elementor-element elementor-element-4814e27 e-con-full e-flex e-con e-child\" data-id=\"4814e27\" data-element_type=\"container\">\n\t\t\t\t<\/div>\n\t\t<div class=\"elementor-element elementor-element-ae7bb15 e-con-full e-flex e-con e-child\" data-id=\"ae7bb15\" data-element_type=\"container\">\n\t\t\t\t<\/div>\n\t\t<div class=\"elementor-element elementor-element-f619802 e-con-full e-flex e-con e-child\" data-id=\"f619802\" data-element_type=\"container\">\n\t\t\t\t<\/div>\n\t\t<div class=\"elementor-element elementor-element-5cd8080 e-con-full e-flex e-con e-child\" data-id=\"5cd8080\" data-element_type=\"container\">\n\t\t\t\t<\/div>\n\t\t<div class=\"elementor-element elementor-element-979d4b7 e-con-full e-flex e-con e-child\" data-id=\"979d4b7\" data-element_type=\"container\">\n\t\t\t\t<\/div>\n\t\t<div class=\"elementor-element elementor-element-d578a7d e-con-full e-flex e-con e-child\" data-id=\"d578a7d\" data-element_type=\"container\">\n\t\t\t\t<\/div>\n\t\t<div class=\"elementor-element elementor-element-677efa9 e-con-full e-flex e-con e-child\" data-id=\"677efa9\" data-element_type=\"container\">\n\t\t\t\t<\/div>\n\t\t<div class=\"elementor-element elementor-element-f890bea e-con-full e-flex e-con e-child\" data-id=\"f890bea\" data-element_type=\"container\">\n\t\t\t\t<\/div>\n\t\t<div class=\"elementor-element elementor-element-a771e80 e-con-full e-flex e-con e-child\" data-id=\"a771e80\" data-element_type=\"container\">\n\t\t\t\t<\/div>\n\t\t\t\t\t<\/div>\n\t\t\t\t<\/div>\n\t\t<div class=\"elementor-element elementor-element-2768161 e-flex e-con-boxed e-con e-parent\" data-id=\"2768161\" data-element_type=\"container\" data-settings=\"{&quot;background_background&quot;:&quot;classic&quot;}\">\n\t\t\t\t\t<div class=\"e-con-inner\">\n\t\t<div class=\"elementor-element elementor-element-443e3025 e-con-full e-flex e-con e-child\" data-id=\"443e3025\" data-element_type=\"container\">\n\t\t\t\t<div class=\"elementor-element elementor-element-73a892e9 elementor-widget elementor-widget-image\" data-id=\"73a892e9\" data-element_type=\"widget\" data-widget_type=\"image.default\">\n\t\t\t\t<div class=\"elementor-widget-container\">\n\t\t\t\t\t\t\t\t\t\t\t\t\t\t\t<img decoding=\"async\" width=\"512\" height=\"271\" src=\"https:\/\/mu-niederbayern.de\/wp-content\/uploads\/2024\/11\/csu-logo-1c_neg-web.png\" class=\"attachment-large size-large wp-image-135\" alt=\"\" srcset=\"https:\/\/mu-niederbayern.de\/wp-content\/uploads\/2024\/11\/csu-logo-1c_neg-web.png 512w, https:\/\/mu-niederbayern.de\/wp-content\/uploads\/2024\/11\/csu-logo-1c_neg-web-300x159.png 300w\" sizes=\"(max-width: 512px) 100vw, 512px\" \/>\t\t\t\t\t\t\t\t\t\t\t\t\t\t\t<\/div>\n\t\t\t\t<\/div>\n\t\t\t\t<\/div>\n\t\t<div class=\"elementor-element elementor-element-48cbd49 e-con-full e-flex e-con e-child\" data-id=\"48cbd49\" data-element_type=\"container\">\n\t\t\t\t<div class=\"elementor-element elementor-element-28320f29 elementor-widget elementor-widget-text-editor\" data-id=\"28320f29\" data-element_type=\"widget\" data-widget_type=\"text-editor.default\">\n\t\t\t\t<div class=\"elementor-widget-container\">\n\t\t\t\t\t\t\t\t\t<p>Bezirksvorsitzender Dipl.-Ing. (FH) Peter Erl<br \/>Bezirksgesch\u00e4ftsstelle Straubing<br \/>M\u00fchlsteingasse 7<br \/>94315 Straubing<br \/>Telefon: 09421-189950<\/p>\t\t\t\t\t\t\t\t<\/div>\n\t\t\t\t<\/div>\n\t\t\t\t<\/div>\n\t\t<div class=\"elementor-element elementor-element-48aed443 e-con-full e-flex e-con e-child\" data-id=\"48aed443\" data-element_type=\"container\">\n\t\t\t\t<div class=\"elementor-element elementor-element-7c519742 elementor-shape-circle elementor-grid-2 e-grid-align-center elementor-widget elementor-widget-social-icons\" data-id=\"7c519742\" data-element_type=\"widget\" data-widget_type=\"social-icons.default\">\n\t\t\t\t<div class=\"elementor-widget-container\">\n\t\t\t\t\t\t\t<div class=\"elementor-social-icons-wrapper elementor-grid\">\n\t\t\t\t\t\t\t<span class=\"elementor-grid-item\">\n\t\t\t\t\t<a class=\"elementor-icon elementor-social-icon elementor-social-icon-facebook elementor-repeater-item-865b53c\" href=\"https:\/\/www.facebook.com\/mu.niederbayern\" target=\"_blank\">\n\t\t\t\t\t\t<span class=\"elementor-screen-only\">Facebook<\/span>\n\t\t\t\t\t\t<svg class=\"e-font-icon-svg e-fab-facebook\" viewBox=\"0 0 512 512\" xmlns=\"http:\/\/www.w3.org\/2000\/svg\"><path d=\"M504 256C504 119 393 8 256 8S8 119 8 256c0 123.78 90.69 226.38 209.25 245V327.69h-63V256h63v-54.64c0-62.15 37-96.48 93.67-96.48 27.14 0 55.52 4.84 55.52 4.84v61h-31.28c-30.8 0-40.41 19.12-40.41 38.73V256h68.78l-11 71.69h-57.78V501C413.31 482.38 504 379.78 504 256z\"><\/path><\/svg>\t\t\t\t\t<\/a>\n\t\t\t\t<\/span>\n\t\t\t\t\t\t\t<span class=\"elementor-grid-item\">\n\t\t\t\t\t<a class=\"elementor-icon elementor-social-icon elementor-social-icon-instagram elementor-repeater-item-dfe71c9\" href=\"https:\/\/www.instagram.com\/mu_niederbayern\/\" target=\"_blank\">\n\t\t\t\t\t\t<span class=\"elementor-screen-only\">Instagram<\/span>\n\t\t\t\t\t\t<svg class=\"e-font-icon-svg e-fab-instagram\" viewBox=\"0 0 448 512\" xmlns=\"http:\/\/www.w3.org\/2000\/svg\"><path d=\"M224.1 141c-63.6 0-114.9 51.3-114.9 114.9s51.3 114.9 114.9 114.9S339 319.5 339 255.9 287.7 141 224.1 141zm0 189.6c-41.1 0-74.7-33.5-74.7-74.7s33.5-74.7 74.7-74.7 74.7 33.5 74.7 74.7-33.6 74.7-74.7 74.7zm146.4-194.3c0 14.9-12 26.8-26.8 26.8-14.9 0-26.8-12-26.8-26.8s12-26.8 26.8-26.8 26.8 12 26.8 26.8zm76.1 27.2c-1.7-35.9-9.9-67.7-36.2-93.9-26.2-26.2-58-34.4-93.9-36.2-37-2.1-147.9-2.1-184.9 0-35.8 1.7-67.6 9.9-93.9 36.1s-34.4 58-36.2 93.9c-2.1 37-2.1 147.9 0 184.9 1.7 35.9 9.9 67.7 36.2 93.9s58 34.4 93.9 36.2c37 2.1 147.9 2.1 184.9 0 35.9-1.7 67.7-9.9 93.9-36.2 26.2-26.2 34.4-58 36.2-93.9 2.1-37 2.1-147.8 0-184.8zM398.8 388c-7.8 19.6-22.9 34.7-42.6 42.6-29.5 11.7-99.5 9-132.1 9s-102.7 2.6-132.1-9c-19.6-7.8-34.7-22.9-42.6-42.6-11.7-29.5-9-99.5-9-132.1s-2.6-102.7 9-132.1c7.8-19.6 22.9-34.7 42.6-42.6 29.5-11.7 99.5-9 132.1-9s102.7-2.6 132.1 9c19.6 7.8 34.7 22.9 42.6 42.6 11.7 29.5 9 99.5 9 132.1s2.7 102.7-9 132.1z\"><\/path><\/svg>\t\t\t\t\t<\/a>\n\t\t\t\t<\/span>\n\t\t\t\t\t<\/div>\n\t\t\t\t\t\t<\/div>\n\t\t\t\t<\/div>\n\t\t\t\t<div class=\"elementor-element elementor-element-94ca71c elementor-widget elementor-widget-text-editor\" data-id=\"94ca71c\" data-element_type=\"widget\" data-widget_type=\"text-editor.default\">\n\t\t\t\t<div class=\"elementor-widget-container\">\n\t\t\t\t\t\t\t\t\t<p><a href=\"https:\/\/mu-niederbayern.de\/?page_id=39\">Impressum<\/a><br \/><a href=\"https:\/\/mu-niederbayern.de\/?page_id=82\">Datenschutz<\/a><\/p>\t\t\t\t\t\t\t\t<\/div>\n\t\t\t\t<\/div>\n\t\t\t\t<\/div>\n\t\t\t\t\t<\/div>\n\t\t\t\t<\/div>\n\t\t<div class=\"elementor-element elementor-element-6020418 e-flex e-con-boxed e-con e-parent\" data-id=\"6020418\" data-element_type=\"container\">\n\t\t\t\t\t<div class=\"e-con-inner\">\n\t\t\t\t<div class=\"elementor-element elementor-element-cd7d1be elementor-widget elementor-widget-link-in-bio\" data-id=\"cd7d1be\" data-element_type=\"widget\" data-widget_type=\"link-in-bio.default\">\n\t\t\t\t<div class=\"elementor-widget-container\">\n\t\t\t\t\t\t\t<div class=\"e-link-in-bio e-link-in-bio\">\n\t\t\t<div class=\"e-link-in-bio__content\">\n\n\t\t\t\t\t\t<div class=\"e-link-in-bio__identity\">\n\t\t\t\t\t\t\t\t\t<div class=\"e-link-in-bio__identity-image e-link-in-bio__identity-image-profile has-style-circle\">\n\t\t\t\t\t\t\t\t\t\t\t\t\t\t\t<img decoding=\"async\" alt=\"\" class=\"e-link-in-bio__identity-image-element\" src=\"https:\/\/mu-niederbayern.de\/wp-content\/plugins\/elementor\/assets\/images\/placeholder.png\" \/>\n\n\t\t\t\t\t\t\t\t\t\t\t\t\t\t\t\t\t\t\t\t<\/div>\n\t\t\t\t\t\t\t<\/div>\n\t\t\t\t\t<div class=\"e-link-in-bio__bio\">\n\t\t\t\t<h2 class=\"e-link-in-bio__heading\">Sara Parker<\/h2>\t\t\t\t<h3 class=\"e-link-in-bio__title\">Kitchen Chronicles<\/h3>\t\t\t\t\t\t\t\t<p class=\"e-link-in-bio__description\">Join me on my journey to a healthier lifestyle<\/p>\t\t\t<\/div>\n\t\t\t\t\t<div class=\"e-link-in-bio__icons has-size-small\">\n\t\t\t\t\t\t\t<div class=\"e-link-in-bio__icon is-size-small\">\n\t\t\t\t\t<a target=\"_blank\" rel=\"noopener \" aria-label=\"Facebook\" class=\"e-link-in-bio__icon-link\" href=\"\">\n\t\t\t\t\t\t<span class=\"e-link-in-bio__icon-svg\">\n\t\t\t\t\t\t\t<svg aria-hidden=\"true\" class=\"e-font-icon-svg e-fab-facebook\" viewBox=\"0 0 512 512\" xmlns=\"http:\/\/www.w3.org\/2000\/svg\"><path d=\"M504 256C504 119 393 8 256 8S8 119 8 256c0 123.78 90.69 226.38 209.25 245V327.69h-63V256h63v-54.64c0-62.15 37-96.48 93.67-96.48 27.14 0 55.52 4.84 55.52 4.84v61h-31.28c-30.8 0-40.41 19.12-40.41 38.73V256h68.78l-11 71.69h-57.78V501C413.31 482.38 504 379.78 504 256z\"><\/path><\/svg>\t\t\t\t\t\t<\/span>\n\t\t\t\t\t\t\t\t\t\t\t<\/a>\n\t\t\t\t<\/div>\n\t\t\t\t\t\t\t<div class=\"e-link-in-bio__icon is-size-small\">\n\t\t\t\t\t<a target=\"_blank\" rel=\"noopener \" aria-label=\"Instagram\" class=\"e-link-in-bio__icon-link\" href=\"\">\n\t\t\t\t\t\t<span class=\"e-link-in-bio__icon-svg\">\n\t\t\t\t\t\t\t<svg aria-hidden=\"true\" class=\"e-font-icon-svg e-fab-instagram\" viewBox=\"0 0 448 512\" xmlns=\"http:\/\/www.w3.org\/2000\/svg\"><path d=\"M224.1 141c-63.6 0-114.9 51.3-114.9 114.9s51.3 114.9 114.9 114.9S339 319.5 339 255.9 287.7 141 224.1 141zm0 189.6c-41.1 0-74.7-33.5-74.7-74.7s33.5-74.7 74.7-74.7 74.7 33.5 74.7 74.7-33.6 74.7-74.7 74.7zm146.4-194.3c0 14.9-12 26.8-26.8 26.8-14.9 0-26.8-12-26.8-26.8s12-26.8 26.8-26.8 26.8 12 26.8 26.8zm76.1 27.2c-1.7-35.9-9.9-67.7-36.2-93.9-26.2-26.2-58-34.4-93.9-36.2-37-2.1-147.9-2.1-184.9 0-35.8 1.7-67.6 9.9-93.9 36.1s-34.4 58-36.2 93.9c-2.1 37-2.1 147.9 0 184.9 1.7 35.9 9.9 67.7 36.2 93.9s58 34.4 93.9 36.2c37 2.1 147.9 2.1 184.9 0 35.9-1.7 67.7-9.9 93.9-36.2 26.2-26.2 34.4-58 36.2-93.9 2.1-37 2.1-147.8 0-184.8zM398.8 388c-7.8 19.6-22.9 34.7-42.6 42.6-29.5 11.7-99.5 9-132.1 9s-102.7 2.6-132.1-9c-19.6-7.8-34.7-22.9-42.6-42.6-11.7-29.5-9-99.5-9-132.1s-2.6-102.7 9-132.1c7.8-19.6 22.9-34.7 42.6-42.6 29.5-11.7 99.5-9 132.1-9s102.7-2.6 132.1 9c19.6 7.8 34.7 22.9 42.6 42.6 11.7 29.5 9 99.5 9 132.1s2.7 102.7-9 132.1z\"><\/path><\/svg>\t\t\t\t\t\t<\/span>\n\t\t\t\t\t\t\t\t\t\t\t<\/a>\n\t\t\t\t<\/div>\n\t\t\t\t\t\t\t<div class=\"e-link-in-bio__icon is-size-small\">\n\t\t\t\t\t<a target=\"_blank\" rel=\"noopener \" aria-label=\"TikTok\" class=\"e-link-in-bio__icon-link\" href=\"\">\n\t\t\t\t\t\t<span class=\"e-link-in-bio__icon-svg\">\n\t\t\t\t\t\t\t<svg aria-hidden=\"true\" class=\"e-font-icon-svg e-fab-tiktok\" viewBox=\"0 0 448 512\" xmlns=\"http:\/\/www.w3.org\/2000\/svg\"><path d=\"M448,209.91a210.06,210.06,0,0,1-122.77-39.25V349.38A162.55,162.55,0,1,1,185,188.31V278.2a74.62,74.62,0,1,0,52.23,71.18V0l88,0a121.18,121.18,0,0,0,1.86,22.17h0A122.18,122.18,0,0,0,381,102.39a121.43,121.43,0,0,0,67,20.14Z\"><\/path><\/svg>\t\t\t\t\t\t<\/span>\n\t\t\t\t\t\t\t\t\t\t\t<\/a>\n\t\t\t\t<\/div>\n\t\t\t\t\t<\/div>\n\t\t\n\t\t<div class=\"e-link-in-bio__ctas has-type-button\">\n\t\t\t\t\t\t\t<a target=\"_blank\" rel=\"noopener \" class=\"e-link-in-bio__cta is-type-button has-corners-rounded\" href=\"\">\n\t\t\t\t\t\t\t\t\t\t<span class=\"e-link-in-bio__cta-text\">\n\t\t\t\t\t\tGet Healthy\t\t\t\t\t<\/span>\n\t\t\t\t<\/a>\n\t\t\t\t\t\t\t<a target=\"_blank\" rel=\"noopener \" class=\"e-link-in-bio__cta is-type-button has-corners-rounded\" href=\"\">\n\t\t\t\t\t\t\t\t\t\t<span class=\"e-link-in-bio__cta-text\">\n\t\t\t\t\t\tTop 10 Recipes\t\t\t\t\t<\/span>\n\t\t\t\t<\/a>\n\t\t\t\t\t\t\t<a target=\"_blank\" rel=\"noopener \" class=\"e-link-in-bio__cta is-type-button has-corners-rounded\" href=\"\">\n\t\t\t\t\t\t\t\t\t\t<span class=\"e-link-in-bio__cta-text\">\n\t\t\t\t\t\tMeal Prep\t\t\t\t\t<\/span>\n\t\t\t\t<\/a>\n\t\t\t\t\t\t\t<a target=\"_blank\" rel=\"noopener \" class=\"e-link-in-bio__cta is-type-button has-corners-rounded\" href=\"\">\n\t\t\t\t\t\t\t\t\t\t<span class=\"e-link-in-bio__cta-text\">\n\t\t\t\t\t\tHealthy Living Resources\t\t\t\t\t<\/span>\n\t\t\t\t<\/a>\n\t\t\t\t\t<\/div>\n\t\t\n\t\t\t<\/div>\n\t\t\t<div class=\"e-link-in-bio__bg\">\n\t\t\t\t<div class=\"e-link-in-bio__bg-overlay\"><\/div>\n\t\t\t<\/div>\n\t\t<\/div>\n\t\t\t\t\t\t<\/div>\n\t\t\t\t<\/div>\n\t\t\t\t\t<\/div>\n\t\t\t\t<\/div>\n\t\t\t\t<\/div>\n\t\t","protected":false},"excerpt":{"rendered":"<p>Unsere Kreisverb\u00e4nde im Bezirk Niederbayern Die Kreisverb\u00e4nde der Mittelstands-Union (MU) Niederbayern setzen sich mit Leidenschaft f\u00fcr die Interessen des Mittelstands [&hellip;]<\/p>\n","protected":false},"author":1,"featured_media":0,"parent":0,"menu_order":0,"comment_status":"closed","ping_status":"closed","template":"","meta":{"site-sidebar-layout":"no-sidebar","site-content-layout":"","ast-site-content-layout":"full-width-container","site-content-style":"default","site-sidebar-style":"default","ast-global-header-display":"","ast-banner-title-visibility":"","ast-main-header-display":"","ast-hfb-above-header-display":"","ast-hfb-below-header-display":"","ast-hfb-mobile-header-display":"","site-post-title":"disabled","ast-breadcrumbs-content":"","ast-featured-img":"disabled","footer-sml-layout":"","theme-transparent-header-meta":"","adv-header-id-meta":"","stick-header-meta":"","header-above-stick-meta":"","header-main-stick-meta":"","header-below-stick-meta":"","astra-migrate-meta-layouts":"default","ast-page-background-enabled":"default","ast-page-background-meta":{"desktop":{"background-color":"var(--ast-global-color-4)","background-image":"","background-repeat":"repeat","background-position":"center center","background-size":"auto","background-attachment":"scroll","background-type":"","background-media":"","overlay-type":"","overlay-color":"","overlay-opacity":"","overlay-gradient":""},"tablet":{"background-color":"","background-image":"","background-repeat":"repeat","background-position":"center center","background-size":"auto","background-attachment":"scroll","background-type":"","background-media":"","overlay-type":"","overlay-color":"","overlay-opacity":"","overlay-gradient":""},"mobile":{"background-color":"","background-image":"","background-repeat":"repeat","background-position":"center center","background-size":"auto","background-attachment":"scroll","background-type":"","background-media":"","overlay-type":"","overlay-color":"","overlay-opacity":"","overlay-gradient":""}},"ast-content-background-meta":{"desktop":{"background-color":"var(--ast-global-color-5)","background-image":"","background-repeat":"repeat","background-position":"center center","background-size":"auto","background-attachment":"scroll","background-type":"","background-media":"","overlay-type":"","overlay-color":"","overlay-opacity":"","overlay-gradient":""},"tablet":{"background-color":"var(--ast-global-color-5)","background-image":"","background-repeat":"repeat","background-position":"center center","background-size":"auto","background-attachment":"scroll","background-type":"","background-media":"","overlay-type":"","overlay-color":"","overlay-opacity":"","overlay-gradient":""},"mobile":{"background-color":"var(--ast-global-color-5)","background-image":"","background-repeat":"repeat","background-position":"center center","background-size":"auto","background-attachment":"scroll","background-type":"","background-media":"","overlay-type":"","overlay-color":"","overlay-opacity":"","overlay-gradient":""}},"footnotes":""},"class_list":["post-38","page","type-page","status-publish","hentry"],"yoast_head":"<!-- This site is optimized with the Yoast SEO plugin v24.1 - https:\/\/yoast.com\/wordpress\/plugins\/seo\/ -->\n<title>Kreisverb\u00e4nde - Mittelstandsunion Niederbayern<\/title>\n<meta name=\"robots\" content=\"index, follow, max-snippet:-1, max-image-preview:large, max-video-preview:-1\" \/>\n<link rel=\"canonical\" href=\"https:\/\/mu-niederbayern.de\/?page_id=38\" \/>\n<meta property=\"og:locale\" content=\"de_DE\" \/>\n<meta property=\"og:type\" content=\"article\" \/>\n<meta property=\"og:title\" content=\"Kreisverb\u00e4nde - Mittelstandsunion Niederbayern\" \/>\n<meta property=\"og:description\" content=\"Unsere Kreisverb\u00e4nde im Bezirk Niederbayern Die Kreisverb\u00e4nde der Mittelstands-Union (MU) Niederbayern setzen sich mit Leidenschaft f\u00fcr die Interessen des Mittelstands [&hellip;]\" \/>\n<meta property=\"og:url\" content=\"https:\/\/mu-niederbayern.de\/?page_id=38\" \/>\n<meta property=\"og:site_name\" content=\"Mittelstandsunion Niederbayern\" \/>\n<meta property=\"article:publisher\" content=\"https:\/\/www.facebook.com\/mu.niederbayern\" \/>\n<meta property=\"article:modified_time\" content=\"2025-02-18T14:32:10+00:00\" \/>\n<meta property=\"og:image\" content=\"https:\/\/mu-niederbayern.de\/wp-content\/uploads\/2024\/11\/Karte-Bezirk-Niederbayernai-768x501.png\" \/>\n<meta name=\"twitter:card\" content=\"summary_large_image\" \/>\n<meta name=\"twitter:label1\" content=\"Gesch\u00e4tzte Lesezeit\" \/>\n\t<meta name=\"twitter:data1\" content=\"2\u00a0Minuten\" \/>\n<script type=\"application\/ld+json\" class=\"yoast-schema-graph\">{\"@context\":\"https:\/\/schema.org\",\"@graph\":[{\"@type\":\"WebPage\",\"@id\":\"https:\/\/mu-niederbayern.de\/?page_id=38\",\"url\":\"https:\/\/mu-niederbayern.de\/?page_id=38\",\"name\":\"Kreisverb\u00e4nde - Mittelstandsunion Niederbayern\",\"isPartOf\":{\"@id\":\"https:\/\/mu-niederbayern.de\/#website\"},\"primaryImageOfPage\":{\"@id\":\"https:\/\/mu-niederbayern.de\/?page_id=38#primaryimage\"},\"image\":{\"@id\":\"https:\/\/mu-niederbayern.de\/?page_id=38#primaryimage\"},\"thumbnailUrl\":\"https:\/\/mu-niederbayern.de\/wp-content\/uploads\/2024\/11\/Karte-Bezirk-Niederbayernai-768x501.png\",\"datePublished\":\"2024-11-16T23:59:28+00:00\",\"dateModified\":\"2025-02-18T14:32:10+00:00\",\"breadcrumb\":{\"@id\":\"https:\/\/mu-niederbayern.de\/?page_id=38#breadcrumb\"},\"inLanguage\":\"de\",\"potentialAction\":[{\"@type\":\"ReadAction\",\"target\":[\"https:\/\/mu-niederbayern.de\/?page_id=38\"]}]},{\"@type\":\"ImageObject\",\"inLanguage\":\"de\",\"@id\":\"https:\/\/mu-niederbayern.de\/?page_id=38#primaryimage\",\"url\":\"https:\/\/mu-niederbayern.de\/wp-content\/uploads\/2024\/11\/Karte-Bezirk-Niederbayernai.png\",\"contentUrl\":\"https:\/\/mu-niederbayern.de\/wp-content\/uploads\/2024\/11\/Karte-Bezirk-Niederbayernai.png\",\"width\":8518,\"height\":5556},{\"@type\":\"BreadcrumbList\",\"@id\":\"https:\/\/mu-niederbayern.de\/?page_id=38#breadcrumb\",\"itemListElement\":[{\"@type\":\"ListItem\",\"position\":1,\"name\":\"Startseite\",\"item\":\"https:\/\/mu-niederbayern.de\/\"},{\"@type\":\"ListItem\",\"position\":2,\"name\":\"Kreisverb\u00e4nde\"}]},{\"@type\":\"WebSite\",\"@id\":\"https:\/\/mu-niederbayern.de\/#website\",\"url\":\"https:\/\/mu-niederbayern.de\/\",\"name\":\"Mittelstandsunion Niederbayern\",\"description\":\"Wir sind ein starkes Unternehmer-Netzwerk\",\"publisher\":{\"@id\":\"https:\/\/mu-niederbayern.de\/#organization\"},\"potentialAction\":[{\"@type\":\"SearchAction\",\"target\":{\"@type\":\"EntryPoint\",\"urlTemplate\":\"https:\/\/mu-niederbayern.de\/?s={search_term_string}\"},\"query-input\":{\"@type\":\"PropertyValueSpecification\",\"valueRequired\":true,\"valueName\":\"search_term_string\"}}],\"inLanguage\":\"de\"},{\"@type\":\"Organization\",\"@id\":\"https:\/\/mu-niederbayern.de\/#organization\",\"name\":\"Mittelstandsunion Niederbayern\",\"url\":\"https:\/\/mu-niederbayern.de\/\",\"logo\":{\"@type\":\"ImageObject\",\"inLanguage\":\"de\",\"@id\":\"https:\/\/mu-niederbayern.de\/#\/schema\/logo\/image\/\",\"url\":\"https:\/\/mu-niederbayern.de\/wp-content\/uploads\/2024\/11\/cropped-csu-logo-4c_pos-web.png\",\"contentUrl\":\"https:\/\/mu-niederbayern.de\/wp-content\/uploads\/2024\/11\/cropped-csu-logo-4c_pos-web.png\",\"width\":512,\"height\":271,\"caption\":\"Mittelstandsunion Niederbayern\"},\"image\":{\"@id\":\"https:\/\/mu-niederbayern.de\/#\/schema\/logo\/image\/\"},\"sameAs\":[\"https:\/\/www.facebook.com\/mu.niederbayern\",\"https:\/\/www.instagram.com\/mu_niederbayern\/\"]}]}<\/script>\n<!-- \/ Yoast SEO plugin. -->","yoast_head_json":{"title":"Kreisverb\u00e4nde - Mittelstandsunion Niederbayern","robots":{"index":"index","follow":"follow","max-snippet":"max-snippet:-1","max-image-preview":"max-image-preview:large","max-video-preview":"max-video-preview:-1"},"canonical":"https:\/\/mu-niederbayern.de\/?page_id=38","og_locale":"de_DE","og_type":"article","og_title":"Kreisverb\u00e4nde - Mittelstandsunion Niederbayern","og_description":"Unsere Kreisverb\u00e4nde im Bezirk Niederbayern Die Kreisverb\u00e4nde der Mittelstands-Union (MU) Niederbayern setzen sich mit Leidenschaft f\u00fcr die Interessen des Mittelstands [&hellip;]","og_url":"https:\/\/mu-niederbayern.de\/?page_id=38","og_site_name":"Mittelstandsunion Niederbayern","article_publisher":"https:\/\/www.facebook.com\/mu.niederbayern","article_modified_time":"2025-02-18T14:32:10+00:00","og_image":[{"url":"https:\/\/mu-niederbayern.de\/wp-content\/uploads\/2024\/11\/Karte-Bezirk-Niederbayernai-768x501.png","type":"","width":"","height":""}],"twitter_card":"summary_large_image","twitter_misc":{"Gesch\u00e4tzte Lesezeit":"2\u00a0Minuten"},"schema":{"@context":"https:\/\/schema.org","@graph":[{"@type":"WebPage","@id":"https:\/\/mu-niederbayern.de\/?page_id=38","url":"https:\/\/mu-niederbayern.de\/?page_id=38","name":"Kreisverb\u00e4nde - Mittelstandsunion Niederbayern","isPartOf":{"@id":"https:\/\/mu-niederbayern.de\/#website"},"primaryImageOfPage":{"@id":"https:\/\/mu-niederbayern.de\/?page_id=38#primaryimage"},"image":{"@id":"https:\/\/mu-niederbayern.de\/?page_id=38#primaryimage"},"thumbnailUrl":"https:\/\/mu-niederbayern.de\/wp-content\/uploads\/2024\/11\/Karte-Bezirk-Niederbayernai-768x501.png","datePublished":"2024-11-16T23:59:28+00:00","dateModified":"2025-02-18T14:32:10+00:00","breadcrumb":{"@id":"https:\/\/mu-niederbayern.de\/?page_id=38#breadcrumb"},"inLanguage":"de","potentialAction":[{"@type":"ReadAction","target":["https:\/\/mu-niederbayern.de\/?page_id=38"]}]},{"@type":"ImageObject","inLanguage":"de","@id":"https:\/\/mu-niederbayern.de\/?page_id=38#primaryimage","url":"https:\/\/mu-niederbayern.de\/wp-content\/uploads\/2024\/11\/Karte-Bezirk-Niederbayernai.png","contentUrl":"https:\/\/mu-niederbayern.de\/wp-content\/uploads\/2024\/11\/Karte-Bezirk-Niederbayernai.png","width":8518,"height":5556},{"@type":"BreadcrumbList","@id":"https:\/\/mu-niederbayern.de\/?page_id=38#breadcrumb","itemListElement":[{"@type":"ListItem","position":1,"name":"Startseite","item":"https:\/\/mu-niederbayern.de\/"},{"@type":"ListItem","position":2,"name":"Kreisverb\u00e4nde"}]},{"@type":"WebSite","@id":"https:\/\/mu-niederbayern.de\/#website","url":"https:\/\/mu-niederbayern.de\/","name":"Mittelstandsunion Niederbayern","description":"Wir sind ein starkes Unternehmer-Netzwerk","publisher":{"@id":"https:\/\/mu-niederbayern.de\/#organization"},"potentialAction":[{"@type":"SearchAction","target":{"@type":"EntryPoint","urlTemplate":"https:\/\/mu-niederbayern.de\/?s={search_term_string}"},"query-input":{"@type":"PropertyValueSpecification","valueRequired":true,"valueName":"search_term_string"}}],"inLanguage":"de"},{"@type":"Organization","@id":"https:\/\/mu-niederbayern.de\/#organization","name":"Mittelstandsunion Niederbayern","url":"https:\/\/mu-niederbayern.de\/","logo":{"@type":"ImageObject","inLanguage":"de","@id":"https:\/\/mu-niederbayern.de\/#\/schema\/logo\/image\/","url":"https:\/\/mu-niederbayern.de\/wp-content\/uploads\/2024\/11\/cropped-csu-logo-4c_pos-web.png","contentUrl":"https:\/\/mu-niederbayern.de\/wp-content\/uploads\/2024\/11\/cropped-csu-logo-4c_pos-web.png","width":512,"height":271,"caption":"Mittelstandsunion Niederbayern"},"image":{"@id":"https:\/\/mu-niederbayern.de\/#\/schema\/logo\/image\/"},"sameAs":["https:\/\/www.facebook.com\/mu.niederbayern","https:\/\/www.instagram.com\/mu_niederbayern\/"]}]}},"_links":{"self":[{"href":"https:\/\/mu-niederbayern.de\/index.php?rest_route=\/wp\/v2\/pages\/38","targetHints":{"allow":["GET"]}}],"collection":[{"href":"https:\/\/mu-niederbayern.de\/index.php?rest_route=\/wp\/v2\/pages"}],"about":[{"href":"https:\/\/mu-niederbayern.de\/index.php?rest_route=\/wp\/v2\/types\/page"}],"author":[{"embeddable":true,"href":"https:\/\/mu-niederbayern.de\/index.php?rest_route=\/wp\/v2\/users\/1"}],"replies":[{"embeddable":true,"href":"https:\/\/mu-niederbayern.de\/index.php?rest_route=%2Fwp%2Fv2%2Fcomments&post=38"}],"version-history":[{"count":16,"href":"https:\/\/mu-niederbayern.de\/index.php?rest_route=\/wp\/v2\/pages\/38\/revisions"}],"predecessor-version":[{"id":331,"href":"https:\/\/mu-niederbayern.de\/index.php?rest_route=\/wp\/v2\/pages\/38\/revisions\/331"}],"wp:attachment":[{"href":"https:\/\/mu-niederbayern.de\/index.php?rest_route=%2Fwp%2Fv2%2Fmedia&parent=38"}],"curies":[{"name":"wp","href":"https:\/\/api.w.org\/{rel}","templated":true}]}}