{"id":37,"date":"2024-11-17T00:59:28","date_gmt":"2024-11-16T23:59:28","guid":{"rendered":"https:\/\/wordpress.mu-niederbayern.de\/?page_id=37"},"modified":"2025-02-18T15:28:48","modified_gmt":"2025-02-18T14:28:48","slug":"vorstand","status":"publish","type":"page","link":"https:\/\/mu-niederbayern.de\/?page_id=37","title":{"rendered":"Vorstand"},"content":{"rendered":"\t\t<div data-elementor-type=\"wp-page\" data-elementor-id=\"37\" class=\"elementor elementor-37\" data-elementor-post-type=\"page\">\n\t\t\t\t<div class=\"elementor-element elementor-element-c7a9799 e-flex e-con-boxed e-con e-parent\" data-id=\"c7a9799\" data-element_type=\"container\">\n\t\t\t\t\t<div class=\"e-con-inner\">\n\t\t\t\t<div class=\"elementor-element elementor-element-77fbc6a elementor-widget elementor-widget-spacer\" data-id=\"77fbc6a\" data-element_type=\"widget\" data-widget_type=\"spacer.default\">\n\t\t\t\t<div class=\"elementor-widget-container\">\n\t\t\t\t\t\t\t<div class=\"elementor-spacer\">\n\t\t\t<div class=\"elementor-spacer-inner\"><\/div>\n\t\t<\/div>\n\t\t\t\t\t\t<\/div>\n\t\t\t\t<\/div>\n\t\t\t\t<div class=\"elementor-element elementor-element-614b0fa elementor-widget elementor-widget-heading\" data-id=\"614b0fa\" data-element_type=\"widget\" data-widget_type=\"heading.default\">\n\t\t\t\t<div class=\"elementor-widget-container\">\n\t\t\t\t\t<h2 class=\"elementor-heading-title elementor-size-default\">Bezirksvorstand<\/h2>\t\t\t\t<\/div>\n\t\t\t\t<\/div>\n\t\t\t\t<div class=\"elementor-element elementor-element-88285f3 elementor-widget elementor-widget-text-editor\" data-id=\"88285f3\" data-element_type=\"widget\" data-widget_type=\"text-editor.default\">\n\t\t\t\t<div class=\"elementor-widget-container\">\n\t\t\t\t\t\t\t\t\t<p>Die Bezirksvorstandschaft der Mittelstands-Union Niederbayern besteht aus engagierten Unternehmerinnen und Unternehmern, die den Mittelstand in der Region aktiv st\u00e4rken. Mit Expertise aus unterschiedlichsten Branchen \u2013 vom Handwerk \u00fcber Handel bis hin zu Industrie und Dienstleistungen \u2013 verbinden sie wirtschaftliches Know-how mit politischem Gestaltungswillen. Ihre eigenen erfolgreichen Betriebe spiegeln die Vielfalt und Innovationskraft des niederbayerischen Mittelstands wider. Gemeinsam setzen sie sich daf\u00fcr ein, die Interessen der mittelst\u00e4ndischen Wirtschaft zu vertreten, Netzwerke auszubauen und Rahmenbedingungen f\u00fcr nachhaltigen Erfolg zu schaffen.<\/p>\t\t\t\t\t\t\t\t<\/div>\n\t\t\t\t<\/div>\n\t\t\t\t\t<\/div>\n\t\t\t\t<\/div>\n\t\t<div class=\"elementor-element elementor-element-7ec2f3b e-flex e-con-boxed e-con e-parent\" data-id=\"7ec2f3b\" data-element_type=\"container\">\n\t\t\t\t\t<div class=\"e-con-inner\">\n\t\t\t\t<div class=\"elementor-element elementor-element-b108334 elementor-widget elementor-widget-heading\" data-id=\"b108334\" data-element_type=\"widget\" data-widget_type=\"heading.default\">\n\t\t\t\t<div class=\"elementor-widget-container\">\n\t\t\t\t\t<h3 class=\"elementor-heading-title elementor-size-default\">Bezirksvorsitzender | Dipl.-Ing. (FH) Peter Erl<\/h3>\t\t\t\t<\/div>\n\t\t\t\t<\/div>\n\t\t<div class=\"elementor-element elementor-element-4801f39 e-grid e-con-full e-con e-child\" data-id=\"4801f39\" data-element_type=\"container\">\n\t\t\t\t<div class=\"elementor-element elementor-element-228b6b8 elementor-widget elementor-widget-image\" data-id=\"228b6b8\" data-element_type=\"widget\" data-widget_type=\"image.default\">\n\t\t\t\t<div class=\"elementor-widget-container\">\n\t\t\t\t\t\t\t\t\t\t\t\t\t\t\t<img fetchpriority=\"high\" decoding=\"async\" width=\"1080\" height=\"1080\" src=\"https:\/\/mu-niederbayern.de\/wp-content\/uploads\/2024\/12\/Erl_Peter_4327.jpg\" class=\"attachment-full size-full wp-image-268\" alt=\"\" srcset=\"https:\/\/mu-niederbayern.de\/wp-content\/uploads\/2024\/12\/Erl_Peter_4327.jpg 1080w, https:\/\/mu-niederbayern.de\/wp-content\/uploads\/2024\/12\/Erl_Peter_4327-300x300.jpg 300w, https:\/\/mu-niederbayern.de\/wp-content\/uploads\/2024\/12\/Erl_Peter_4327-1024x1024.jpg 1024w, https:\/\/mu-niederbayern.de\/wp-content\/uploads\/2024\/12\/Erl_Peter_4327-150x150.jpg 150w, https:\/\/mu-niederbayern.de\/wp-content\/uploads\/2024\/12\/Erl_Peter_4327-768x768.jpg 768w\" sizes=\"(max-width: 1080px) 100vw, 1080px\" \/>\t\t\t\t\t\t\t\t\t\t\t\t\t\t\t<\/div>\n\t\t\t\t<\/div>\n\t\t\t\t<div class=\"elementor-element elementor-element-d662ace elementor-widget elementor-widget-text-editor\" data-id=\"d662ace\" data-element_type=\"widget\" data-widget_type=\"text-editor.default\">\n\t\t\t\t<div class=\"elementor-widget-container\">\n\t\t\t\t\t\t\t\t\t<p>stellvertretender Landesvorsitzender der Mittelstands Union Bayern, zugew\u00e4hltes Mitglied im MIT Pr\u00e4sidium, Mitglied des CSU Bezirks- und Kreisvorstands<br \/>Kreisrat im Landkreis Deggendorf<br \/>Adresse?<br \/>Telefon\/Mobil?<br \/>E-Mail? (allgemein oder Weiterleitung)<\/p>\t\t\t\t\t\t\t\t<\/div>\n\t\t\t\t<\/div>\n\t\t\t\t<div class=\"elementor-element elementor-element-85f4ac9 elementor-widget elementor-widget-image\" data-id=\"85f4ac9\" data-element_type=\"widget\" data-widget_type=\"image.default\">\n\t\t\t\t<div class=\"elementor-widget-container\">\n\t\t\t\t\t\t\t\t\t\t\t\t\t\t\t<img decoding=\"async\" width=\"313\" height=\"313\" src=\"https:\/\/mu-niederbayern.de\/wp-content\/uploads\/2024\/11\/Logo_Erl_Osterhofen.jpg\" class=\"attachment-full size-full wp-image-169\" alt=\"\" srcset=\"https:\/\/mu-niederbayern.de\/wp-content\/uploads\/2024\/11\/Logo_Erl_Osterhofen.jpg 313w, https:\/\/mu-niederbayern.de\/wp-content\/uploads\/2024\/11\/Logo_Erl_Osterhofen-300x300.jpg 300w, https:\/\/mu-niederbayern.de\/wp-content\/uploads\/2024\/11\/Logo_Erl_Osterhofen-150x150.jpg 150w\" sizes=\"(max-width: 313px) 100vw, 313px\" \/>\t\t\t\t\t\t\t\t\t\t\t\t\t\t\t<\/div>\n\t\t\t\t<\/div>\n\t\t\t\t<\/div>\n\t\t\t\t\t<\/div>\n\t\t\t\t<\/div>\n\t\t<div class=\"elementor-element elementor-element-0a71aa1 e-flex e-con-boxed e-con e-parent\" data-id=\"0a71aa1\" data-element_type=\"container\">\n\t\t\t\t\t<div class=\"e-con-inner\">\n\t\t\t\t<div class=\"elementor-element elementor-element-4c41f64 elementor-widget elementor-widget-spacer\" data-id=\"4c41f64\" data-element_type=\"widget\" data-widget_type=\"spacer.default\">\n\t\t\t\t<div class=\"elementor-widget-container\">\n\t\t\t\t\t\t\t<div class=\"elementor-spacer\">\n\t\t\t<div class=\"elementor-spacer-inner\"><\/div>\n\t\t<\/div>\n\t\t\t\t\t\t<\/div>\n\t\t\t\t<\/div>\n\t\t\t\t\t<\/div>\n\t\t\t\t<\/div>\n\t\t<div class=\"elementor-element elementor-element-245e584 e-flex e-con-boxed e-con e-parent\" data-id=\"245e584\" data-element_type=\"container\">\n\t\t\t\t\t<div class=\"e-con-inner\">\n\t\t\t\t<div class=\"elementor-element elementor-element-8c8fa22 elementor-widget elementor-widget-heading\" data-id=\"8c8fa22\" data-element_type=\"widget\" data-widget_type=\"heading.default\">\n\t\t\t\t<div class=\"elementor-widget-container\">\n\t\t\t\t\t<h3 class=\"elementor-heading-title elementor-size-default\">stellv. Bezirksvorsitzender | Michael Hasenberger<\/h3>\t\t\t\t<\/div>\n\t\t\t\t<\/div>\n\t\t<div class=\"elementor-element elementor-element-c830bec e-grid e-con-full e-con e-child\" data-id=\"c830bec\" data-element_type=\"container\">\n\t\t\t\t<div class=\"elementor-element elementor-element-5178f8d elementor-widget elementor-widget-image\" data-id=\"5178f8d\" data-element_type=\"widget\" data-widget_type=\"image.default\">\n\t\t\t\t<div class=\"elementor-widget-container\">\n\t\t\t\t\t\t\t\t\t\t\t\t\t\t\t<img decoding=\"async\" width=\"1080\" height=\"1080\" src=\"https:\/\/mu-niederbayern.de\/wp-content\/uploads\/2024\/12\/Hasenberger_Michael.jpg\" class=\"attachment-full size-full wp-image-294\" alt=\"\" srcset=\"https:\/\/mu-niederbayern.de\/wp-content\/uploads\/2024\/12\/Hasenberger_Michael.jpg 1080w, https:\/\/mu-niederbayern.de\/wp-content\/uploads\/2024\/12\/Hasenberger_Michael-300x300.jpg 300w, https:\/\/mu-niederbayern.de\/wp-content\/uploads\/2024\/12\/Hasenberger_Michael-1024x1024.jpg 1024w, https:\/\/mu-niederbayern.de\/wp-content\/uploads\/2024\/12\/Hasenberger_Michael-150x150.jpg 150w, https:\/\/mu-niederbayern.de\/wp-content\/uploads\/2024\/12\/Hasenberger_Michael-768x768.jpg 768w\" sizes=\"(max-width: 1080px) 100vw, 1080px\" \/>\t\t\t\t\t\t\t\t\t\t\t\t\t\t\t<\/div>\n\t\t\t\t<\/div>\n\t\t\t\t<\/div>\n\t\t\t\t\t<\/div>\n\t\t\t\t<\/div>\n\t\t<div class=\"elementor-element elementor-element-f64f6e2 e-flex e-con-boxed e-con e-parent\" data-id=\"f64f6e2\" data-element_type=\"container\">\n\t\t\t\t\t<div class=\"e-con-inner\">\n\t\t\t\t<div class=\"elementor-element elementor-element-a5e39eb elementor-widget elementor-widget-spacer\" data-id=\"a5e39eb\" data-element_type=\"widget\" data-widget_type=\"spacer.default\">\n\t\t\t\t<div class=\"elementor-widget-container\">\n\t\t\t\t\t\t\t<div class=\"elementor-spacer\">\n\t\t\t<div class=\"elementor-spacer-inner\"><\/div>\n\t\t<\/div>\n\t\t\t\t\t\t<\/div>\n\t\t\t\t<\/div>\n\t\t\t\t\t<\/div>\n\t\t\t\t<\/div>\n\t\t<div class=\"elementor-element elementor-element-ff047fe e-flex e-con-boxed e-con e-parent\" data-id=\"ff047fe\" data-element_type=\"container\">\n\t\t\t\t\t<div class=\"e-con-inner\">\n\t\t\t\t<div class=\"elementor-element elementor-element-a911f0b elementor-widget elementor-widget-spacer\" data-id=\"a911f0b\" data-element_type=\"widget\" data-widget_type=\"spacer.default\">\n\t\t\t\t<div class=\"elementor-widget-container\">\n\t\t\t\t\t\t\t<div class=\"elementor-spacer\">\n\t\t\t<div class=\"elementor-spacer-inner\"><\/div>\n\t\t<\/div>\n\t\t\t\t\t\t<\/div>\n\t\t\t\t<\/div>\n\t\t\t\t\t<\/div>\n\t\t\t\t<\/div>\n\t\t<div class=\"elementor-element elementor-element-1f4bf017 e-flex e-con-boxed e-con e-parent\" data-id=\"1f4bf017\" data-element_type=\"container\" data-settings=\"{&quot;background_background&quot;:&quot;classic&quot;}\">\n\t\t\t\t\t<div class=\"e-con-inner\">\n\t\t<div class=\"elementor-element elementor-element-12497506 e-con-full e-flex e-con e-child\" data-id=\"12497506\" data-element_type=\"container\">\n\t\t\t\t<div class=\"elementor-element elementor-element-614b8ea5 elementor-widget elementor-widget-image\" data-id=\"614b8ea5\" data-element_type=\"widget\" data-widget_type=\"image.default\">\n\t\t\t\t<div class=\"elementor-widget-container\">\n\t\t\t\t\t\t\t\t\t\t\t\t\t\t\t<img loading=\"lazy\" decoding=\"async\" width=\"512\" height=\"271\" src=\"https:\/\/mu-niederbayern.de\/wp-content\/uploads\/2024\/11\/csu-logo-1c_neg-web.png\" class=\"attachment-large size-large wp-image-135\" alt=\"\" srcset=\"https:\/\/mu-niederbayern.de\/wp-content\/uploads\/2024\/11\/csu-logo-1c_neg-web.png 512w, https:\/\/mu-niederbayern.de\/wp-content\/uploads\/2024\/11\/csu-logo-1c_neg-web-300x159.png 300w\" sizes=\"(max-width: 512px) 100vw, 512px\" \/>\t\t\t\t\t\t\t\t\t\t\t\t\t\t\t<\/div>\n\t\t\t\t<\/div>\n\t\t\t\t<\/div>\n\t\t<div class=\"elementor-element elementor-element-34f9cbf e-con-full e-flex e-con e-child\" data-id=\"34f9cbf\" data-element_type=\"container\">\n\t\t\t\t<div class=\"elementor-element elementor-element-1670ccec elementor-widget elementor-widget-text-editor\" data-id=\"1670ccec\" data-element_type=\"widget\" data-widget_type=\"text-editor.default\">\n\t\t\t\t<div class=\"elementor-widget-container\">\n\t\t\t\t\t\t\t\t\t<p>Bezirksvorsitzender Dipl.-Ing. (FH) Peter Erl<br \/>Bezirksgesch\u00e4ftsstelle Straubing<br \/>M\u00fchlsteingasse 7<br \/>94315 Straubing<br \/>Telefon: 09421-189950<\/p>\t\t\t\t\t\t\t\t<\/div>\n\t\t\t\t<\/div>\n\t\t\t\t<\/div>\n\t\t<div class=\"elementor-element elementor-element-713422c e-con-full e-flex e-con e-child\" data-id=\"713422c\" data-element_type=\"container\">\n\t\t\t\t<div class=\"elementor-element elementor-element-2bcdaf92 elementor-shape-circle elementor-grid-2 e-grid-align-center elementor-widget elementor-widget-social-icons\" data-id=\"2bcdaf92\" data-element_type=\"widget\" data-widget_type=\"social-icons.default\">\n\t\t\t\t<div class=\"elementor-widget-container\">\n\t\t\t\t\t\t\t<div class=\"elementor-social-icons-wrapper elementor-grid\">\n\t\t\t\t\t\t\t<span class=\"elementor-grid-item\">\n\t\t\t\t\t<a class=\"elementor-icon elementor-social-icon elementor-social-icon-facebook elementor-repeater-item-865b53c\" href=\"https:\/\/www.facebook.com\/mu.niederbayern\" target=\"_blank\">\n\t\t\t\t\t\t<span class=\"elementor-screen-only\">Facebook<\/span>\n\t\t\t\t\t\t<svg class=\"e-font-icon-svg e-fab-facebook\" viewBox=\"0 0 512 512\" xmlns=\"http:\/\/www.w3.org\/2000\/svg\"><path d=\"M504 256C504 119 393 8 256 8S8 119 8 256c0 123.78 90.69 226.38 209.25 245V327.69h-63V256h63v-54.64c0-62.15 37-96.48 93.67-96.48 27.14 0 55.52 4.84 55.52 4.84v61h-31.28c-30.8 0-40.41 19.12-40.41 38.73V256h68.78l-11 71.69h-57.78V501C413.31 482.38 504 379.78 504 256z\"><\/path><\/svg>\t\t\t\t\t<\/a>\n\t\t\t\t<\/span>\n\t\t\t\t\t\t\t<span class=\"elementor-grid-item\">\n\t\t\t\t\t<a class=\"elementor-icon elementor-social-icon elementor-social-icon-instagram elementor-repeater-item-dfe71c9\" href=\"https:\/\/www.instagram.com\/mu_niederbayern\/\" target=\"_blank\">\n\t\t\t\t\t\t<span class=\"elementor-screen-only\">Instagram<\/span>\n\t\t\t\t\t\t<svg class=\"e-font-icon-svg e-fab-instagram\" viewBox=\"0 0 448 512\" xmlns=\"http:\/\/www.w3.org\/2000\/svg\"><path d=\"M224.1 141c-63.6 0-114.9 51.3-114.9 114.9s51.3 114.9 114.9 114.9S339 319.5 339 255.9 287.7 141 224.1 141zm0 189.6c-41.1 0-74.7-33.5-74.7-74.7s33.5-74.7 74.7-74.7 74.7 33.5 74.7 74.7-33.6 74.7-74.7 74.7zm146.4-194.3c0 14.9-12 26.8-26.8 26.8-14.9 0-26.8-12-26.8-26.8s12-26.8 26.8-26.8 26.8 12 26.8 26.8zm76.1 27.2c-1.7-35.9-9.9-67.7-36.2-93.9-26.2-26.2-58-34.4-93.9-36.2-37-2.1-147.9-2.1-184.9 0-35.8 1.7-67.6 9.9-93.9 36.1s-34.4 58-36.2 93.9c-2.1 37-2.1 147.9 0 184.9 1.7 35.9 9.9 67.7 36.2 93.9s58 34.4 93.9 36.2c37 2.1 147.9 2.1 184.9 0 35.9-1.7 67.7-9.9 93.9-36.2 26.2-26.2 34.4-58 36.2-93.9 2.1-37 2.1-147.8 0-184.8zM398.8 388c-7.8 19.6-22.9 34.7-42.6 42.6-29.5 11.7-99.5 9-132.1 9s-102.7 2.6-132.1-9c-19.6-7.8-34.7-22.9-42.6-42.6-11.7-29.5-9-99.5-9-132.1s-2.6-102.7 9-132.1c7.8-19.6 22.9-34.7 42.6-42.6 29.5-11.7 99.5-9 132.1-9s102.7-2.6 132.1 9c19.6 7.8 34.7 22.9 42.6 42.6 11.7 29.5 9 99.5 9 132.1s2.7 102.7-9 132.1z\"><\/path><\/svg>\t\t\t\t\t<\/a>\n\t\t\t\t<\/span>\n\t\t\t\t\t<\/div>\n\t\t\t\t\t\t<\/div>\n\t\t\t\t<\/div>\n\t\t\t\t<div class=\"elementor-element elementor-element-28026981 elementor-widget elementor-widget-text-editor\" data-id=\"28026981\" data-element_type=\"widget\" data-widget_type=\"text-editor.default\">\n\t\t\t\t<div class=\"elementor-widget-container\">\n\t\t\t\t\t\t\t\t\t<p><a href=\"https:\/\/mu-niederbayern.de\/?page_id=39\">Impressum<\/a><br \/><a href=\"https:\/\/mu-niederbayern.de\/?page_id=82\">Datenschutz<\/a><\/p>\t\t\t\t\t\t\t\t<\/div>\n\t\t\t\t<\/div>\n\t\t\t\t<\/div>\n\t\t\t\t\t<\/div>\n\t\t\t\t<\/div>\n\t\t\t\t<\/div>\n\t\t","protected":false},"excerpt":{"rendered":"<p>Bezirksvorstand Die Bezirksvorstandschaft der Mittelstands-Union Niederbayern besteht aus engagierten Unternehmerinnen und Unternehmern, die den Mittelstand in der Region aktiv st\u00e4rken. [&hellip;]<\/p>\n","protected":false},"author":1,"featured_media":0,"parent":0,"menu_order":0,"comment_status":"closed","ping_status":"closed","template":"","meta":{"site-sidebar-layout":"no-sidebar","site-content-layout":"","ast-site-content-layout":"full-width-container","site-content-style":"default","site-sidebar-style":"default","ast-global-header-display":"","ast-banner-title-visibility":"","ast-main-header-display":"","ast-hfb-above-header-display":"","ast-hfb-below-header-display":"","ast-hfb-mobile-header-display":"","site-post-title":"disabled","ast-breadcrumbs-content":"","ast-featured-img":"disabled","footer-sml-layout":"","theme-transparent-header-meta":"","adv-header-id-meta":"","stick-header-meta":"","header-above-stick-meta":"","header-main-stick-meta":"","header-below-stick-meta":"","astra-migrate-meta-layouts":"default","ast-page-background-enabled":"default","ast-page-background-meta":{"desktop":{"background-color":"var(--ast-global-color-4)","background-image":"","background-repeat":"repeat","background-position":"center center","background-size":"auto","background-attachment":"scroll","background-type":"","background-media":"","overlay-type":"","overlay-color":"","overlay-opacity":"","overlay-gradient":""},"tablet":{"background-color":"","background-image":"","background-repeat":"repeat","background-position":"center center","background-size":"auto","background-attachment":"scroll","background-type":"","background-media":"","overlay-type":"","overlay-color":"","overlay-opacity":"","overlay-gradient":""},"mobile":{"background-color":"","background-image":"","background-repeat":"repeat","background-position":"center center","background-size":"auto","background-attachment":"scroll","background-type":"","background-media":"","overlay-type":"","overlay-color":"","overlay-opacity":"","overlay-gradient":""}},"ast-content-background-meta":{"desktop":{"background-color":"var(--ast-global-color-5)","background-image":"","background-repeat":"repeat","background-position":"center center","background-size":"auto","background-attachment":"scroll","background-type":"","background-media":"","overlay-type":"","overlay-color":"","overlay-opacity":"","overlay-gradient":""},"tablet":{"background-color":"var(--ast-global-color-5)","background-image":"","background-repeat":"repeat","background-position":"center center","background-size":"auto","background-attachment":"scroll","background-type":"","background-media":"","overlay-type":"","overlay-color":"","overlay-opacity":"","overlay-gradient":""},"mobile":{"background-color":"var(--ast-global-color-5)","background-image":"","background-repeat":"repeat","background-position":"center center","background-size":"auto","background-attachment":"scroll","background-type":"","background-media":"","overlay-type":"","overlay-color":"","overlay-opacity":"","overlay-gradient":""}},"footnotes":""},"class_list":["post-37","page","type-page","status-publish","hentry"],"yoast_head":"<!-- This site is optimized with the Yoast SEO plugin v24.1 - https:\/\/yoast.com\/wordpress\/plugins\/seo\/ -->\n<title>Vorstand - Mittelstandsunion Niederbayern<\/title>\n<meta name=\"robots\" content=\"index, follow, max-snippet:-1, max-image-preview:large, max-video-preview:-1\" \/>\n<link rel=\"canonical\" href=\"https:\/\/mu-niederbayern.de\/?page_id=37\" \/>\n<meta property=\"og:locale\" content=\"de_DE\" \/>\n<meta property=\"og:type\" content=\"article\" \/>\n<meta property=\"og:title\" content=\"Vorstand - Mittelstandsunion Niederbayern\" \/>\n<meta property=\"og:description\" content=\"Bezirksvorstand Die Bezirksvorstandschaft der Mittelstands-Union Niederbayern besteht aus engagierten Unternehmerinnen und Unternehmern, die den Mittelstand in der Region aktiv st\u00e4rken. [&hellip;]\" \/>\n<meta property=\"og:url\" content=\"https:\/\/mu-niederbayern.de\/?page_id=37\" \/>\n<meta property=\"og:site_name\" content=\"Mittelstandsunion Niederbayern\" \/>\n<meta property=\"article:publisher\" content=\"https:\/\/www.facebook.com\/mu.niederbayern\" \/>\n<meta property=\"article:modified_time\" content=\"2025-02-18T14:28:48+00:00\" \/>\n<meta property=\"og:image\" content=\"https:\/\/mu-niederbayern.de\/wp-content\/uploads\/2024\/12\/Erl_Peter_4327.jpg\" \/>\n<meta name=\"twitter:card\" content=\"summary_large_image\" \/>\n<meta name=\"twitter:label1\" content=\"Gesch\u00e4tzte Lesezeit\" \/>\n\t<meta name=\"twitter:data1\" content=\"2\u00a0Minuten\" \/>\n<script type=\"application\/ld+json\" class=\"yoast-schema-graph\">{\"@context\":\"https:\/\/schema.org\",\"@graph\":[{\"@type\":\"WebPage\",\"@id\":\"https:\/\/mu-niederbayern.de\/?page_id=37\",\"url\":\"https:\/\/mu-niederbayern.de\/?page_id=37\",\"name\":\"Vorstand - Mittelstandsunion Niederbayern\",\"isPartOf\":{\"@id\":\"https:\/\/mu-niederbayern.de\/#website\"},\"primaryImageOfPage\":{\"@id\":\"https:\/\/mu-niederbayern.de\/?page_id=37#primaryimage\"},\"image\":{\"@id\":\"https:\/\/mu-niederbayern.de\/?page_id=37#primaryimage\"},\"thumbnailUrl\":\"https:\/\/mu-niederbayern.de\/wp-content\/uploads\/2024\/12\/Erl_Peter_4327.jpg\",\"datePublished\":\"2024-11-16T23:59:28+00:00\",\"dateModified\":\"2025-02-18T14:28:48+00:00\",\"breadcrumb\":{\"@id\":\"https:\/\/mu-niederbayern.de\/?page_id=37#breadcrumb\"},\"inLanguage\":\"de\",\"potentialAction\":[{\"@type\":\"ReadAction\",\"target\":[\"https:\/\/mu-niederbayern.de\/?page_id=37\"]}]},{\"@type\":\"ImageObject\",\"inLanguage\":\"de\",\"@id\":\"https:\/\/mu-niederbayern.de\/?page_id=37#primaryimage\",\"url\":\"https:\/\/mu-niederbayern.de\/wp-content\/uploads\/2024\/12\/Erl_Peter_4327.jpg\",\"contentUrl\":\"https:\/\/mu-niederbayern.de\/wp-content\/uploads\/2024\/12\/Erl_Peter_4327.jpg\",\"width\":1080,\"height\":1080},{\"@type\":\"BreadcrumbList\",\"@id\":\"https:\/\/mu-niederbayern.de\/?page_id=37#breadcrumb\",\"itemListElement\":[{\"@type\":\"ListItem\",\"position\":1,\"name\":\"Startseite\",\"item\":\"https:\/\/mu-niederbayern.de\/\"},{\"@type\":\"ListItem\",\"position\":2,\"name\":\"Vorstand\"}]},{\"@type\":\"WebSite\",\"@id\":\"https:\/\/mu-niederbayern.de\/#website\",\"url\":\"https:\/\/mu-niederbayern.de\/\",\"name\":\"Mittelstandsunion Niederbayern\",\"description\":\"Wir sind ein starkes Unternehmer-Netzwerk\",\"publisher\":{\"@id\":\"https:\/\/mu-niederbayern.de\/#organization\"},\"potentialAction\":[{\"@type\":\"SearchAction\",\"target\":{\"@type\":\"EntryPoint\",\"urlTemplate\":\"https:\/\/mu-niederbayern.de\/?s={search_term_string}\"},\"query-input\":{\"@type\":\"PropertyValueSpecification\",\"valueRequired\":true,\"valueName\":\"search_term_string\"}}],\"inLanguage\":\"de\"},{\"@type\":\"Organization\",\"@id\":\"https:\/\/mu-niederbayern.de\/#organization\",\"name\":\"Mittelstandsunion Niederbayern\",\"url\":\"https:\/\/mu-niederbayern.de\/\",\"logo\":{\"@type\":\"ImageObject\",\"inLanguage\":\"de\",\"@id\":\"https:\/\/mu-niederbayern.de\/#\/schema\/logo\/image\/\",\"url\":\"https:\/\/mu-niederbayern.de\/wp-content\/uploads\/2024\/11\/cropped-csu-logo-4c_pos-web.png\",\"contentUrl\":\"https:\/\/mu-niederbayern.de\/wp-content\/uploads\/2024\/11\/cropped-csu-logo-4c_pos-web.png\",\"width\":512,\"height\":271,\"caption\":\"Mittelstandsunion Niederbayern\"},\"image\":{\"@id\":\"https:\/\/mu-niederbayern.de\/#\/schema\/logo\/image\/\"},\"sameAs\":[\"https:\/\/www.facebook.com\/mu.niederbayern\",\"https:\/\/www.instagram.com\/mu_niederbayern\/\"]}]}<\/script>\n<!-- \/ Yoast SEO plugin. -->","yoast_head_json":{"title":"Vorstand - Mittelstandsunion Niederbayern","robots":{"index":"index","follow":"follow","max-snippet":"max-snippet:-1","max-image-preview":"max-image-preview:large","max-video-preview":"max-video-preview:-1"},"canonical":"https:\/\/mu-niederbayern.de\/?page_id=37","og_locale":"de_DE","og_type":"article","og_title":"Vorstand - Mittelstandsunion Niederbayern","og_description":"Bezirksvorstand Die Bezirksvorstandschaft der Mittelstands-Union Niederbayern besteht aus engagierten Unternehmerinnen und Unternehmern, die den Mittelstand in der Region aktiv st\u00e4rken. [&hellip;]","og_url":"https:\/\/mu-niederbayern.de\/?page_id=37","og_site_name":"Mittelstandsunion Niederbayern","article_publisher":"https:\/\/www.facebook.com\/mu.niederbayern","article_modified_time":"2025-02-18T14:28:48+00:00","og_image":[{"url":"https:\/\/mu-niederbayern.de\/wp-content\/uploads\/2024\/12\/Erl_Peter_4327.jpg","type":"","width":"","height":""}],"twitter_card":"summary_large_image","twitter_misc":{"Gesch\u00e4tzte Lesezeit":"2\u00a0Minuten"},"schema":{"@context":"https:\/\/schema.org","@graph":[{"@type":"WebPage","@id":"https:\/\/mu-niederbayern.de\/?page_id=37","url":"https:\/\/mu-niederbayern.de\/?page_id=37","name":"Vorstand - Mittelstandsunion Niederbayern","isPartOf":{"@id":"https:\/\/mu-niederbayern.de\/#website"},"primaryImageOfPage":{"@id":"https:\/\/mu-niederbayern.de\/?page_id=37#primaryimage"},"image":{"@id":"https:\/\/mu-niederbayern.de\/?page_id=37#primaryimage"},"thumbnailUrl":"https:\/\/mu-niederbayern.de\/wp-content\/uploads\/2024\/12\/Erl_Peter_4327.jpg","datePublished":"2024-11-16T23:59:28+00:00","dateModified":"2025-02-18T14:28:48+00:00","breadcrumb":{"@id":"https:\/\/mu-niederbayern.de\/?page_id=37#breadcrumb"},"inLanguage":"de","potentialAction":[{"@type":"ReadAction","target":["https:\/\/mu-niederbayern.de\/?page_id=37"]}]},{"@type":"ImageObject","inLanguage":"de","@id":"https:\/\/mu-niederbayern.de\/?page_id=37#primaryimage","url":"https:\/\/mu-niederbayern.de\/wp-content\/uploads\/2024\/12\/Erl_Peter_4327.jpg","contentUrl":"https:\/\/mu-niederbayern.de\/wp-content\/uploads\/2024\/12\/Erl_Peter_4327.jpg","width":1080,"height":1080},{"@type":"BreadcrumbList","@id":"https:\/\/mu-niederbayern.de\/?page_id=37#breadcrumb","itemListElement":[{"@type":"ListItem","position":1,"name":"Startseite","item":"https:\/\/mu-niederbayern.de\/"},{"@type":"ListItem","position":2,"name":"Vorstand"}]},{"@type":"WebSite","@id":"https:\/\/mu-niederbayern.de\/#website","url":"https:\/\/mu-niederbayern.de\/","name":"Mittelstandsunion Niederbayern","description":"Wir sind ein starkes Unternehmer-Netzwerk","publisher":{"@id":"https:\/\/mu-niederbayern.de\/#organization"},"potentialAction":[{"@type":"SearchAction","target":{"@type":"EntryPoint","urlTemplate":"https:\/\/mu-niederbayern.de\/?s={search_term_string}"},"query-input":{"@type":"PropertyValueSpecification","valueRequired":true,"valueName":"search_term_string"}}],"inLanguage":"de"},{"@type":"Organization","@id":"https:\/\/mu-niederbayern.de\/#organization","name":"Mittelstandsunion Niederbayern","url":"https:\/\/mu-niederbayern.de\/","logo":{"@type":"ImageObject","inLanguage":"de","@id":"https:\/\/mu-niederbayern.de\/#\/schema\/logo\/image\/","url":"https:\/\/mu-niederbayern.de\/wp-content\/uploads\/2024\/11\/cropped-csu-logo-4c_pos-web.png","contentUrl":"https:\/\/mu-niederbayern.de\/wp-content\/uploads\/2024\/11\/cropped-csu-logo-4c_pos-web.png","width":512,"height":271,"caption":"Mittelstandsunion Niederbayern"},"image":{"@id":"https:\/\/mu-niederbayern.de\/#\/schema\/logo\/image\/"},"sameAs":["https:\/\/www.facebook.com\/mu.niederbayern","https:\/\/www.instagram.com\/mu_niederbayern\/"]}]}},"_links":{"self":[{"href":"https:\/\/mu-niederbayern.de\/index.php?rest_route=\/wp\/v2\/pages\/37","targetHints":{"allow":["GET"]}}],"collection":[{"href":"https:\/\/mu-niederbayern.de\/index.php?rest_route=\/wp\/v2\/pages"}],"about":[{"href":"https:\/\/mu-niederbayern.de\/index.php?rest_route=\/wp\/v2\/types\/page"}],"author":[{"embeddable":true,"href":"https:\/\/mu-niederbayern.de\/index.php?rest_route=\/wp\/v2\/users\/1"}],"replies":[{"embeddable":true,"href":"https:\/\/mu-niederbayern.de\/index.php?rest_route=%2Fwp%2Fv2%2Fcomments&post=37"}],"version-history":[{"count":26,"href":"https:\/\/mu-niederbayern.de\/index.php?rest_route=\/wp\/v2\/pages\/37\/revisions"}],"predecessor-version":[{"id":325,"href":"https:\/\/mu-niederbayern.de\/index.php?rest_route=\/wp\/v2\/pages\/37\/revisions\/325"}],"wp:attachment":[{"href":"https:\/\/mu-niederbayern.de\/index.php?rest_route=%2Fwp%2Fv2%2Fmedia&parent=37"}],"curies":[{"name":"wp","href":"https:\/\/api.w.org\/{rel}","templated":true}]}}